{"id":1924,"date":"2019-02-22T19:24:21","date_gmt":"2019-02-22T19:24:21","guid":{"rendered":"https:\/\/agencelusofrancaiseimmobilier.com\/?page_id=1924"},"modified":"2024-01-31T11:49:06","modified_gmt":"2024-01-31T11:49:06","slug":"viver-em-aveiro-imobiliario","status":"publish","type":"page","link":"https:\/\/agencelusofrancaiseimmobilier.com\/pt\/vivre-a-aveiro-immobilier\/","title":{"rendered":"VIVER NO AVEIRO"},"content":{"rendered":"<div data-elementor-type=\"wp-post\" data-elementor-id=\"1924\" class=\"elementor elementor-1924\" data-elementor-post-type=\"page\">\n\t\t\t\t\t\t<section class=\"elementor-section elementor-top-section elementor-element elementor-element-7c4df728 elementor-section-stretched elementor-section-boxed elementor-section-height-default elementor-section-height-default\" data-id=\"7c4df728\" data-element_type=\"section\" data-e-type=\"section\" data-settings=\"{&quot;background_background&quot;:&quot;classic&quot;,&quot;stretch_section&quot;:&quot;section-stretched&quot;}\">\n\t\t\t\t\t\t<div class=\"elementor-container elementor-column-gap-no\">\n\t\t\t\t\t<div class=\"elementor-column elementor-col-100 elementor-top-column elementor-element elementor-element-69e0d5be\" data-id=\"69e0d5be\" data-element_type=\"column\" data-e-type=\"column\">\n\t\t\t<div class=\"elementor-widget-wrap elementor-element-populated\">\n\t\t\t\t\t\t<div class=\"elementor-element elementor-element-2ffe34b0 animated-fast elementor-invisible elementor-widget elementor-widget-heading\" data-id=\"2ffe34b0\" data-element_type=\"widget\" data-e-type=\"widget\" data-settings=\"{&quot;_animation&quot;:&quot;fadeInUp&quot;,&quot;_animation_delay&quot;:50}\" data-widget_type=\"heading.default\">\n\t\t\t\t<div class=\"elementor-widget-container\">\n\t\t\t\t\t<h1 class=\"elementor-heading-title elementor-size-default\">Comprar e viver no Aveiro<\/h1>\t\t\t\t<\/div>\n\t\t\t\t<\/div>\n\t\t\t\t<div class=\"elementor-element elementor-element-7b2d8087 elementor-widget elementor-widget-spacer\" data-id=\"7b2d8087\" data-element_type=\"widget\" data-e-type=\"widget\" data-widget_type=\"spacer.default\">\n\t\t\t\t<div class=\"elementor-widget-container\">\n\t\t\t\t\t\t\t<div class=\"elementor-spacer\">\n\t\t\t<div class=\"elementor-spacer-inner\"><\/div>\n\t\t<\/div>\n\t\t\t\t\t\t<\/div>\n\t\t\t\t<\/div>\n\t\t\t\t\t<\/div>\n\t\t<\/div>\n\t\t\t\t\t<\/div>\n\t\t<\/section>\n\t\t\t\t<section class=\"elementor-section elementor-top-section elementor-element elementor-element-c7ff367 elementor-section-boxed elementor-section-height-default elementor-section-height-default\" data-id=\"c7ff367\" data-element_type=\"section\" data-e-type=\"section\">\n\t\t\t\t\t\t<div class=\"elementor-container elementor-column-gap-no\">\n\t\t\t\t\t<div class=\"elementor-column elementor-col-33 elementor-top-column elementor-element elementor-element-63f03959\" data-id=\"63f03959\" data-element_type=\"column\" data-e-type=\"column\">\n\t\t\t<div class=\"elementor-widget-wrap elementor-element-populated\">\n\t\t\t\t\t\t<div class=\"elementor-element elementor-element-245b7c2b elementor-widget elementor-widget-text-editor\" data-id=\"245b7c2b\" data-element_type=\"widget\" data-e-type=\"widget\" data-widget_type=\"text-editor.default\">\n\t\t\t\t<div class=\"elementor-widget-container\">\n\t\t\t\t\t\t\t\t\t<p>Bem-vindo \u00e0 magn\u00edfica regi\u00e3o de Aveiro em Portugal, um destino de sonho para <span style=\"color: #808080;\"><a style=\"color: #808080;\" href=\"https:\/\/vivreauportugalconsulting.com\" target=\"_blank\" rel=\"noopener\">viver uma vida pac\u00edfica<\/a><\/span> e solarenga. Se est\u00e1 a pensar em mudar-se para c\u00e1, a Agence Luso-Fran\u00e7aise d'Immobilier \u00e9 o parceiro ideal para o ajudar a fazer a transi\u00e7\u00e3o, permanente ou ocasional, para esta regi\u00e3o pitoresca.<\/p><p>A nossa ag\u00eancia \u00e9 especializada em pesquisas imobili\u00e1rias e residenciais, proporcionando-lhe uma equipa dedicada a satisfazer as suas aspira\u00e7\u00f5es de habita\u00e7\u00e3o. Quer pretenda comprar ou arrendar, estamos aqui para o orientar em todas as etapas do processo.<\/p><p>A procura de um im\u00f3vel pode ser uma experi\u00eancia complexa, mas connosco est\u00e1 em boas m\u00e3os. A nossa equipa experiente ajud\u00e1-lo-\u00e1 a encontrar a casa perfeita para as suas necessidades e estilo de vida. Compreendemos a import\u00e2ncia de encontrar um lugar que seja perfeito para si, quer seja uma casa para a sua fam\u00edlia, um apartamento para a sua reforma ou um investimento.<\/p><p>Al\u00e9m disso, orgulhamo-nos de partilhar a nossa experi\u00eancia no mercado local. Mant\u00ea-lo-emos informado sobre as tend\u00eancias actuais, fornecendo-lhe informa\u00e7\u00f5es cruciais para tomar decis\u00f5es informadas sobre o seu investimento. Connosco, pode ter a certeza de que a propriedade que compra ou arrenda cumpre todos os requisitos fiscais e legais.<\/p>\t\t\t\t\t\t\t\t<\/div>\n\t\t\t\t<\/div>\n\t\t\t\t\t<\/div>\n\t\t<\/div>\n\t\t\t\t<div class=\"elementor-column elementor-col-33 elementor-top-column elementor-element elementor-element-1baa0b8\" data-id=\"1baa0b8\" data-element_type=\"column\" data-e-type=\"column\">\n\t\t\t<div class=\"elementor-widget-wrap elementor-element-populated\">\n\t\t\t\t\t\t<div class=\"elementor-element elementor-element-1cf12a3 elementor-widget__width-initial elementor-widget elementor-widget-text-editor\" data-id=\"1cf12a3\" data-element_type=\"widget\" data-e-type=\"widget\" data-widget_type=\"text-editor.default\">\n\t\t\t\t<div class=\"elementor-widget-container\">\n\t\t\t\t\t\t\t\t\t<p>Como agente e ag\u00eancia, o nosso compromisso n\u00e3o se limita a encontrar im\u00f3veis. Acompanhamo-lo em todas as fases do processo, desde a pesquisa inicial at\u00e9 \u00e0 assinatura da escritura definitiva. Asseguramos que o processo decorre sem problemas, reduzindo ao m\u00ednimo o seu stress e as suas preocupa\u00e7\u00f5es. Al\u00e9m disso, tratamos dos v\u00e1rios contratos necess\u00e1rios para a instala\u00e7\u00e3o da sua casa, tais como os contratos de \u00e1gua e eletricidade.<\/p><p>A equipa da Agence Luso-Fran\u00e7aise \u00e9 o seu recurso de confian\u00e7a. Compreendemos as necessidades e as preocupa\u00e7\u00f5es dos expatriados franc\u00f3fonos e estamos aqui para lhe oferecer um servi\u00e7o personalizado que corresponda \u00e0s suas expectativas.<\/p><p>\u00c9 uma regi\u00e3o rica em cultura, hist\u00f3ria e beleza natural. \u00c9 o local ideal para quem procura uma qualidade de vida excecional num ambiente encantador. Estamos preparados para o ajudar a realizar o seu sonho de viver em Aveiro com toda a tranquilidade.<\/p><p>Contacte-nos hoje para saber mais sobre os nossos servi\u00e7os personalizados. Estamos ansiosos por o ajudar a encontrar a sua futura casa, onde poder\u00e1 desfrutar da vida que sempre desejou.<\/p>\t\t\t\t\t\t\t\t<\/div>\n\t\t\t\t<\/div>\n\t\t\t\t\t<\/div>\n\t\t<\/div>\n\t\t\t\t<div class=\"elementor-column elementor-col-33 elementor-top-column elementor-element elementor-element-58233e0d\" data-id=\"58233e0d\" data-element_type=\"column\" data-e-type=\"column\">\n\t\t\t<div class=\"elementor-widget-wrap elementor-element-populated\">\n\t\t\t\t\t\t<div class=\"elementor-element elementor-element-71ef6589 animated-fast elementor-invisible elementor-widget elementor-widget-heading\" data-id=\"71ef6589\" data-element_type=\"widget\" data-e-type=\"widget\" data-settings=\"{&quot;_animation&quot;:&quot;fadeIn&quot;}\" data-widget_type=\"heading.default\">\n\t\t\t\t<div class=\"elementor-widget-container\">\n\t\t\t\t\t<h6 class=\"elementor-heading-title elementor-size-default\">Regi\u00e3o<\/h6>\t\t\t\t<\/div>\n\t\t\t\t<\/div>\n\t\t\t\t<div class=\"elementor-element elementor-element-586c8167 animated-fast elementor-invisible elementor-widget elementor-widget-heading\" data-id=\"586c8167\" data-element_type=\"widget\" data-e-type=\"widget\" data-settings=\"{&quot;_animation&quot;:&quot;fadeInUp&quot;,&quot;_animation_delay&quot;:50}\" data-widget_type=\"heading.default\">\n\t\t\t\t<div class=\"elementor-widget-container\">\n\t\t\t\t\t<h2 class=\"elementor-heading-title elementor-size-default\">COMPRAR UM IM\u00d3VEL E VIVER NO AVEIRO<\/h2>\t\t\t\t<\/div>\n\t\t\t\t<\/div>\n\t\t\t\t\t<\/div>\n\t\t<\/div>\n\t\t\t\t\t<\/div>\n\t\t<\/section>\n\t\t\t\t<section class=\"elementor-section elementor-top-section elementor-element elementor-element-a05d911 elementor-section-stretched elementor-section-boxed elementor-section-height-default elementor-section-height-default\" data-id=\"a05d911\" data-element_type=\"section\" data-e-type=\"section\" data-settings=\"{&quot;stretch_section&quot;:&quot;section-stretched&quot;,&quot;background_background&quot;:&quot;classic&quot;}\">\n\t\t\t\t\t\t<div class=\"elementor-container elementor-column-gap-default\">\n\t\t\t\t\t<div class=\"elementor-column elementor-col-100 elementor-top-column elementor-element elementor-element-05efd75\" data-id=\"05efd75\" data-element_type=\"column\" data-e-type=\"column\">\n\t\t\t<div class=\"elementor-widget-wrap elementor-element-populated\">\n\t\t\t\t\t\t<div class=\"elementor-element elementor-element-8425a41 elementor-widget elementor-widget-heading\" data-id=\"8425a41\" data-element_type=\"widget\" data-e-type=\"widget\" data-widget_type=\"heading.default\">\n\t\t\t\t<div class=\"elementor-widget-container\">\n\t\t\t\t\t<h3 class=\"elementor-heading-title elementor-size-default\">A NOSSA SELEC\u00c7\u00c3O<\/h3>\t\t\t\t<\/div>\n\t\t\t\t<\/div>\n\t\t\t\t<div class=\"elementor-element elementor-element-7585f8c elementor-widget elementor-widget-rhea-properties-widget-3\" data-id=\"7585f8c\" data-element_type=\"widget\" data-e-type=\"widget\" data-widget_type=\"rhea-properties-widget-3.default\">\n\t\t\t\t<div class=\"elementor-widget-container\">\n\t\t\t\t\t        <section id=\"rh-7585f8c\" class=\"rh_elementor_widget rhea_ele_property_ajax_target rhea_latest_properties_ajax rhea_has_tooltip\">\n\n\t\t\t                <div class=\"home-properties-section-inner-target\">\n                    <div class=\"rh_properties_pagination_append rhea_latest_properties_2\">\n\t\t\t\t\t\t                            <div class=\"rhea_property_card_ele_stylish\">\n                                <div class=\"rhea_property_card_ele_stylish_inner\">\n                                    <div class=\"rhea_thumbnail_wrapper\">\n                                        <div class=\"rhea_top_tags_box\">\n\t\t\t\t\t\t\t\t\t\t\t\n<div class=\"rhea_media_count\">\n\t        <div class=\"rhea_media rhea_media_image\"\n             data-fancybox-trigger=\"gallery-7585f8c-5203\"\n             data-this-id=\"5203\">\n\t\t\t<svg xmlns=\"http:\/\/www.w3.org\/2000\/svg\" viewbox=\"0 0 18 18\">\r\n\t<style type=\"text\/css\">\r\n\r\n\t\t.st0{fill-rule:evenodd;clip-rule:evenodd;}\r\n\r\n\t<\/style>\r\n\t<path class=\"st0\" d=\"M3 5h12c1.1 0 2 0.9 2 2v8c0 1.1-0.9 2-2 2H3c-1.1 0-2-0.9-2-2V7C1 5.9 1.9 5 3 5zM7.7 1h2.8c0.8-0.2 1.7 0.4 1.8 1.2 0 0 0 0.1 0 0.1L13 5H5l0.7-2.7C5.9 1.4 6.8 0.8 7.7 1zM9 7.4c2.2 0 4 1.8 4 4s-1.8 4-4 4 -4-1.8-4-4S6.8 7.4 9 7.4zM9 9c1.3 0 2.4 1.1 2.4 2.4s-1.1 2.4-2.4 2.4 -2.4-1.1-2.4-2.4S7.7 9 9 9L9 9zM8.2 2.6h1.6c0.4 0 0.8 0.4 0.7 0.9 0 0.4-0.3 0.7-0.7 0.7H8.2c-0.4 0-0.8-0.3-0.9-0.7 0-0.4 0.3-0.8 0.7-0.9C8.1 2.6 8.2 2.6 8.2 2.6z\"\/>\r\n<\/svg>            <span>\n\t\t\t\t\t\t\t\t\t\t\t23                                                <\/span>\n        <\/div>\n\t\t<\/div>\n<div class=\"rhea_property_images_load\" style=\"display: none\">\n\t                <span style=\"display: none;\"\n                      data-fancybox=\"gallery-7585f8c-5203\"\n                      data-src=\"https:\/\/agencelusofrancaiseimmobilier.com\/wp-content\/uploads\/2021\/07\/vue2-scaled.jpeg\"\n                      data-thumb=\"https:\/\/agencelusofrancaiseimmobilier.com\/wp-content\/uploads\/2021\/07\/vue2-scaled.jpeg\"><\/span>\n\t\t\t\t                <span style=\"display: none;\"\n                      data-fancybox=\"gallery-7585f8c-5203\"\n                      data-src=\"https:\/\/agencelusofrancaiseimmobilier.com\/wp-content\/uploads\/2021\/07\/vue-scaled.jpeg\"\n                      data-thumb=\"https:\/\/agencelusofrancaiseimmobilier.com\/wp-content\/uploads\/2021\/07\/vue-scaled.jpeg\"><\/span>\n\t\t\t\t                <span style=\"display: none;\"\n                      data-fancybox=\"gallery-7585f8c-5203\"\n                      data-src=\"https:\/\/agencelusofrancaiseimmobilier.com\/wp-content\/uploads\/2021\/07\/sejour3-scaled.jpeg\"\n                      data-thumb=\"https:\/\/agencelusofrancaiseimmobilier.com\/wp-content\/uploads\/2021\/07\/sejour3-scaled.jpeg\"><\/span>\n\t\t\t\t                <span style=\"display: none;\"\n                      data-fancybox=\"gallery-7585f8c-5203\"\n                      data-src=\"https:\/\/agencelusofrancaiseimmobilier.com\/wp-content\/uploads\/2021\/07\/sejour1-scaled.jpeg\"\n                      data-thumb=\"https:\/\/agencelusofrancaiseimmobilier.com\/wp-content\/uploads\/2021\/07\/sejour1-scaled.jpeg\"><\/span>\n\t\t\t\t                <span style=\"display: none;\"\n                      data-fancybox=\"gallery-7585f8c-5203\"\n                      data-src=\"https:\/\/agencelusofrancaiseimmobilier.com\/wp-content\/uploads\/2021\/07\/salle-de-bain-5-scaled.jpeg\"\n                      data-thumb=\"https:\/\/agencelusofrancaiseimmobilier.com\/wp-content\/uploads\/2021\/07\/salle-de-bain-5-scaled.jpeg\"><\/span>\n\t\t\t\t                <span style=\"display: none;\"\n                      data-fancybox=\"gallery-7585f8c-5203\"\n                      data-src=\"https:\/\/agencelusofrancaiseimmobilier.com\/wp-content\/uploads\/2021\/07\/salle-de-bain-4-scaled.jpeg\"\n                      data-thumb=\"https:\/\/agencelusofrancaiseimmobilier.com\/wp-content\/uploads\/2021\/07\/salle-de-bain-4-scaled.jpeg\"><\/span>\n\t\t\t\t                <span style=\"display: none;\"\n                      data-fancybox=\"gallery-7585f8c-5203\"\n                      data-src=\"https:\/\/agencelusofrancaiseimmobilier.com\/wp-content\/uploads\/2021\/07\/Salle-de-bain-2-scaled.jpeg\"\n                      data-thumb=\"https:\/\/agencelusofrancaiseimmobilier.com\/wp-content\/uploads\/2021\/07\/Salle-de-bain-2-scaled.jpeg\"><\/span>\n\t\t\t\t                <span style=\"display: none;\"\n                      data-fancybox=\"gallery-7585f8c-5203\"\n                      data-src=\"https:\/\/agencelusofrancaiseimmobilier.com\/wp-content\/uploads\/2021\/07\/salle-de-bain-3-scaled.jpeg\"\n                      data-thumb=\"https:\/\/agencelusofrancaiseimmobilier.com\/wp-content\/uploads\/2021\/07\/salle-de-bain-3-scaled.jpeg\"><\/span>\n\t\t\t\t                <span style=\"display: none;\"\n                      data-fancybox=\"gallery-7585f8c-5203\"\n                      data-src=\"https:\/\/agencelusofrancaiseimmobilier.com\/wp-content\/uploads\/2021\/07\/salle-de-bain-1-scaled.jpeg\"\n                      data-thumb=\"https:\/\/agencelusofrancaiseimmobilier.com\/wp-content\/uploads\/2021\/07\/salle-de-bain-1-scaled.jpeg\"><\/span>\n\t\t\t\t                <span style=\"display: none;\"\n                      data-fancybox=\"gallery-7585f8c-5203\"\n                      data-src=\"https:\/\/agencelusofrancaiseimmobilier.com\/wp-content\/uploads\/2021\/07\/S2JOUR2-scaled.jpeg\"\n                      data-thumb=\"https:\/\/agencelusofrancaiseimmobilier.com\/wp-content\/uploads\/2021\/07\/S2JOUR2-scaled.jpeg\"><\/span>\n\t\t\t\t                <span style=\"display: none;\"\n                      data-fancybox=\"gallery-7585f8c-5203\"\n                      data-src=\"https:\/\/agencelusofrancaiseimmobilier.com\/wp-content\/uploads\/2021\/07\/rangement-couloir-scaled.jpeg\"\n                      data-thumb=\"https:\/\/agencelusofrancaiseimmobilier.com\/wp-content\/uploads\/2021\/07\/rangement-couloir-scaled.jpeg\"><\/span>\n\t\t\t\t                <span style=\"display: none;\"\n                      data-fancybox=\"gallery-7585f8c-5203\"\n                      data-src=\"https:\/\/agencelusofrancaiseimmobilier.com\/wp-content\/uploads\/2021\/07\/hall-scaled.jpeg\"\n                      data-thumb=\"https:\/\/agencelusofrancaiseimmobilier.com\/wp-content\/uploads\/2021\/07\/hall-scaled.jpeg\"><\/span>\n\t\t\t\t                <span style=\"display: none;\"\n                      data-fancybox=\"gallery-7585f8c-5203\"\n                      data-src=\"https:\/\/agencelusofrancaiseimmobilier.com\/wp-content\/uploads\/2021\/07\/cuisine-scaled.jpeg\"\n                      data-thumb=\"https:\/\/agencelusofrancaiseimmobilier.com\/wp-content\/uploads\/2021\/07\/cuisine-scaled.jpeg\"><\/span>\n\t\t\t\t                <span style=\"display: none;\"\n                      data-fancybox=\"gallery-7585f8c-5203\"\n                      data-src=\"https:\/\/agencelusofrancaiseimmobilier.com\/wp-content\/uploads\/2021\/07\/couloir-scaled.jpeg\"\n                      data-thumb=\"https:\/\/agencelusofrancaiseimmobilier.com\/wp-content\/uploads\/2021\/07\/couloir-scaled.jpeg\"><\/span>\n\t\t\t\t                <span style=\"display: none;\"\n                      data-fancybox=\"gallery-7585f8c-5203\"\n                      data-src=\"https:\/\/agencelusofrancaiseimmobilier.com\/wp-content\/uploads\/2021\/07\/chambre2-scaled.jpeg\"\n                      data-thumb=\"https:\/\/agencelusofrancaiseimmobilier.com\/wp-content\/uploads\/2021\/07\/chambre2-scaled.jpeg\"><\/span>\n\t\t\t\t                <span style=\"display: none;\"\n                      data-fancybox=\"gallery-7585f8c-5203\"\n                      data-src=\"https:\/\/agencelusofrancaiseimmobilier.com\/wp-content\/uploads\/2021\/07\/chambre2-1-scaled.jpeg\"\n                      data-thumb=\"https:\/\/agencelusofrancaiseimmobilier.com\/wp-content\/uploads\/2021\/07\/chambre2-1-scaled.jpeg\"><\/span>\n\t\t\t\t                <span style=\"display: none;\"\n                      data-fancybox=\"gallery-7585f8c-5203\"\n                      data-src=\"https:\/\/agencelusofrancaiseimmobilier.com\/wp-content\/uploads\/2021\/07\/chambre1-3-scaled.jpeg\"\n                      data-thumb=\"https:\/\/agencelusofrancaiseimmobilier.com\/wp-content\/uploads\/2021\/07\/chambre1-3-scaled.jpeg\"><\/span>\n\t\t\t\t                <span style=\"display: none;\"\n                      data-fancybox=\"gallery-7585f8c-5203\"\n                      data-src=\"https:\/\/agencelusofrancaiseimmobilier.com\/wp-content\/uploads\/2021\/07\/chambre1-2-scaled.jpeg\"\n                      data-thumb=\"https:\/\/agencelusofrancaiseimmobilier.com\/wp-content\/uploads\/2021\/07\/chambre1-2-scaled.jpeg\"><\/span>\n\t\t\t\t                <span style=\"display: none;\"\n                      data-fancybox=\"gallery-7585f8c-5203\"\n                      data-src=\"https:\/\/agencelusofrancaiseimmobilier.com\/wp-content\/uploads\/2021\/07\/cahmbre-1-scaled.jpeg\"\n                      data-thumb=\"https:\/\/agencelusofrancaiseimmobilier.com\/wp-content\/uploads\/2021\/07\/cahmbre-1-scaled.jpeg\"><\/span>\n\t\t\t\t                <span style=\"display: none;\"\n                      data-fancybox=\"gallery-7585f8c-5203\"\n                      data-src=\"https:\/\/agencelusofrancaiseimmobilier.com\/wp-content\/uploads\/2021\/07\/entree-centre-commercial-scaled.jpeg\"\n                      data-thumb=\"https:\/\/agencelusofrancaiseimmobilier.com\/wp-content\/uploads\/2021\/07\/entree-centre-commercial-scaled.jpeg\"><\/span>\n\t\t\t\t                <span style=\"display: none;\"\n                      data-fancybox=\"gallery-7585f8c-5203\"\n                      data-src=\"https:\/\/agencelusofrancaiseimmobilier.com\/wp-content\/uploads\/2021\/07\/IMG_1649-scaled.jpeg\"\n                      data-thumb=\"https:\/\/agencelusofrancaiseimmobilier.com\/wp-content\/uploads\/2021\/07\/IMG_1649-scaled.jpeg\"><\/span>\n\t\t\t\t                <span style=\"display: none;\"\n                      data-fancybox=\"gallery-7585f8c-5203\"\n                      data-src=\"https:\/\/agencelusofrancaiseimmobilier.com\/wp-content\/uploads\/2021\/07\/entree-scaled.jpeg\"\n                      data-thumb=\"https:\/\/agencelusofrancaiseimmobilier.com\/wp-content\/uploads\/2021\/07\/entree-scaled.jpeg\"><\/span>\n\t\t\t\t                <span style=\"display: none;\"\n                      data-fancybox=\"gallery-7585f8c-5203\"\n                      data-src=\"https:\/\/agencelusofrancaiseimmobilier.com\/wp-content\/uploads\/2021\/07\/facade-scaled.jpeg\"\n                      data-thumb=\"https:\/\/agencelusofrancaiseimmobilier.com\/wp-content\/uploads\/2021\/07\/facade-scaled.jpeg\"><\/span>\n\t\t\t\t<\/div>\n\n\n\n    <div class=\"rhea_tags_wrapper\">\n\t\t    <\/div>\n\t                                        <\/div>\n                                        <div class=\"rhea_bottom_tags_box\">\n\t\t\t\t\t\t\t\t\t\t\t                                                        <span class=\"rhea_property_types\">\n                                                            <small>Apartamento<\/small>                                                        <\/span>\n\t\t\t\t\t\t\t\t\t\t\t\t\t\t    <div class=\"rhea_soi_prop_status_sty\">\n\t\t        <span class=\"rhea_prop_status_sty property-status-vendu\" >\n            Vendido        <\/span>\n    <\/div>\n\t                                        <\/div>\n\n\t\t\t\t\t\t\t\t\t\t<a class=\"rhea_permalink rhea_scale_animation\" href=\"https:\/\/agencelusofrancaiseimmobilier.com\/pt\/property\/appartement-t2-esmoriz-2\/\">\n\t<img fetchpriority=\"high\" decoding=\"async\" width=\"435\" height=\"326\" src=\"https:\/\/agencelusofrancaiseimmobilier.com\/wp-content\/uploads\/2021\/07\/sejour3-scaled.jpeg\" class=\"attachment-property-thumb-image size-property-thumb-image wp-post-image\" alt=\"Apartamento T2 esmoriz\" srcset=\"https:\/\/agencelusofrancaiseimmobilier.com\/wp-content\/uploads\/2021\/07\/sejour3-scaled.jpeg 2560w, https:\/\/agencelusofrancaiseimmobilier.com\/wp-content\/uploads\/2021\/07\/sejour3-300x225.jpeg 300w, https:\/\/agencelusofrancaiseimmobilier.com\/wp-content\/uploads\/2021\/07\/sejour3-1024x768.jpeg 1024w, https:\/\/agencelusofrancaiseimmobilier.com\/wp-content\/uploads\/2021\/07\/sejour3-768x576.jpeg 768w, https:\/\/agencelusofrancaiseimmobilier.com\/wp-content\/uploads\/2021\/07\/sejour3-1536x1152.jpeg 1536w, https:\/\/agencelusofrancaiseimmobilier.com\/wp-content\/uploads\/2021\/07\/sejour3-2048x1536.jpeg 2048w\" sizes=\"(max-width: 435px) 100vw, 435px\" title=\"\"><\/a>                                    <\/div>\n                                    <div class=\"rhea_detail_wrapper rh_detail_wrapper_3\">\n\n\n\t\t\t\t\t\t\t\t\t\t<h3 class=\"rhea_heading_stylish\"><a href=\"https:\/\/agencelusofrancaiseimmobilier.com\/pt\/property\/appartement-t2-esmoriz-2\/\">Apartamento T2, Esmoriz<\/a><\/h3>        <div class=\"rhea_address_sty\">\n            <a class=\"rhea_trigger_map rhea_facnybox_trigger-7585f8c\" data-rhea-map-source=\"rhea-map-source-7585f8c\" data-rhea-map-location=\"40.962983885826,-8.6286032317377,16\" data-rhea-map-title=\"Appartement T2, Esmoriz\" data-rhea-map-price=\" 122,000\u20ac Vendu\" data-rhea-map-thumb=\"https:\/\/agencelusofrancaiseimmobilier.com\/wp-content\/uploads\/2021\/07\/sejour3-scaled.jpeg\" href=\"https:\/\/agencelusofrancaiseimmobilier.com\/pt\/property\/appartement-t2-esmoriz-2\/\">\n                <span class=\"rhea_address_pin\"><svg xmlns=\"http:\/\/www.w3.org\/2000\/svg\" viewbox=\"0 0 18 18\">\r\n\t<style type=\"text\/css\">\r\n\r\n\t\t.st0{fill-rule:evenodd;clip-rule:evenodd;}\r\n\r\n\t<\/style>\r\n\t<path class=\"st0\" d=\"M9 1c3.3 0 6 2.7 6 6S9 17 9 17 3 10.3 3 7 5.7 1 9 1zM9 5c1.1 0 2 0.9 2 2s-0.9 2-2 2S7 8.1 7 7 7.9 5 9 5z\"\/>\r\n<\/svg><\/span>\n\t\t\t\tEsmoriz, Ovar, Aveiro, Portugal\n            <\/a>\n        <\/div>\n\t\t                                            <div class=\"rhea_rvr_ratings_wrapper_stylish rvr_rating_left\">\n\t\t\t\t\t\t\t\t\t\t\t\t                                            <\/div>\n\t\t\t\t\t\t\t\t\t\t\t<div class=\"rhea_added_sty\">\n\t        <span>Adi\u00e7\u00e3o:<\/span>\n\t\tfevereiro 23, 2022 <\/div>    <div class=\"rh_prop_card_meta_wrap_stylish\">\n\t\t        <div class=\"rh_prop_card__meta\" style=\"order: 1\">\n\t\t\t\t\t\t\t<span class=\"rhea_meta_titles\">Quartos<\/span>                <div class=\"rhea_meta_icon_wrapper\">\n\t\t\t\t\t<svg class=\"rh_svg\" xmlns=\"http:\/\/www.w3.org\/2000\/svg\" width=\"24\" height=\"24\" viewbox=\"0 0 24 24\">\n <defs>\n  <\/defs>\n  <path d=\"M1111.91,600.993h16.17a2.635,2.635,0,0,1,2.68,1.773l1.21,11.358a2.456,2.456,0,0,1-2.61,2.875h-18.73a2.46,2.46,0,0,1-2.61-2.875l1.21-11.358A2.635,2.635,0,0,1,1111.91,600.993Zm0.66-7.994h3.86c1.09,0,2.57.135,2.57,1l0.01,3.463c0.14,0.838-1.72,1.539-2.93,1.539h-4.17c-1.21,0-2.07-.7-1.92-1.539l0.37-3.139A2.146,2.146,0,0,1,1112.57,593Zm11,0h3.86a2.123,2.123,0,0,1,2.2,1.325l0.38,3.139c0.14,0.838-.72,1.539-1.93,1.539h-5.17c-1.21,0-2.07-.7-1.92-1.539L1121,594C1121,593.1,1122.48,593,1123.57,593Z\" transform=\"translate(-1108 -593)\"\/>\n<\/svg>\n\t\t\t\t\t<span class=\"figure\">2<\/span>\t\t\t\t\t                <\/div>\n\t\t\t        <\/div>\n\t\t        <div class=\"rh_prop_card__meta\" style=\"order: 2\">\n\t\t\t\t\t\t\t<span class=\"rhea_meta_titles\">Casa de banho<\/span>                <div class=\"rhea_meta_icon_wrapper\">\n\t\t\t\t\t<svg class=\"rh_svg\" xmlns=\"http:\/\/www.w3.org\/2000\/svg\" width=\"23.69\" height=\"24\" viewbox=\"0 0 23.69 24\">\n  <path d=\"M1204,601a8,8,0,0,1,16,0v16h-2V601a6,6,0,0,0-12,0v1h-2v-1Zm7,6a6,6,0,0,0-12,0h12Zm-6,2a1,1,0,0,1,1,1v1a1,1,0,0,1-2,0v-1A1,1,0,0,1,1205,609Zm0,5a1,1,0,0,1,1,1v1a1,1,0,0,1-2,0v-1A1,1,0,0,1,1205,614Zm4.94-5.343a1,1,0,0,1,1.28.6l0.69,0.878a1,1,0,0,1-1.88.685l-0.69-.879A1,1,0,0,1,1209.94,608.657Zm2.05,4.638a1,1,0,0,1,1.28.6l0.35,0.94a1.008,1.008,0,0,1-.6,1.282,1,1,0,0,1-1.28-.6l-0.35-.939A1.008,1.008,0,0,1,1211.99,613.295Zm-11.93-4.638a1,1,0,0,1,.6,1.282l-0.69.879a1,1,0,1,1-1.87-.682l0.68-.88A1,1,0,0,1,1200.06,608.657Zm-2.05,4.639a1,1,0,0,1,.6,1.281l-0.34.941a1,1,0,0,1-1.88-.683l0.34-.94A1,1,0,0,1,1198.01,613.3Z\" transform=\"translate(-1196.31 -593)\"\/>\n<\/svg>\n\t\t\t\t\t<span class=\"figure\">1<\/span>\t\t\t\t\t                <\/div>\n\t\t\t        <\/div>\n\t\t        <div class=\"rh_prop_card__meta\" style=\"order: 3\">\n\t\t\t\t\t\t\t<span class=\"rhea_meta_titles\">Superf\u00edcie<\/span>                <div class=\"rhea_meta_icon_wrapper\">\n\t\t\t\t\t<svg class=\"rh_svg\" version=\"1.1\" xmlns=\"http:\/\/www.w3.org\/2000\/svg\" xmlns:xlink=\"http:\/\/www.w3.org\/1999\/xlink\" x=\"0px\" y=\"0px\"\n\t width=\"24px\" height=\"24px\" viewbox=\"0 0 24 24\" enable-background=\"new 0 0 24 24\" xml:space=\"preserve\">\n<g>\n\t<circle cx=\"2\" cy=\"2\" r=\"2\"\/>\n<\/g>\n<g>\n\t<circle cx=\"2\" cy=\"22\" r=\"2\"\/>\n<\/g>\n<g>\n\t<circle cx=\"22\" cy=\"2\" r=\"2\"\/>\n<\/g>\n<rect x=\"1\" y=\"1\" width=\"2\" height=\"22\"\/>\n<rect x=\"1\" y=\"1\" width=\"22\" height=\"2\"\/>\n<path opacity=\"0.5\" d=\"M23,20.277V1h-2v19.277C20.7,20.452,20.452,20.7,20.277,21H1v2h19.277c0.347,0.596,0.984,1,1.723,1\tc1.104,0,2-0.896,2-2C24,21.262,23.596,20.624,23,20.277z\"\/>\n<\/svg>\n\t\t\t\t\t<span class=\"figure\">80<\/span>\t\t\t\t\t<span class=\"label\">m\u00b2<\/span>                <\/div>\n\t\t\t        <\/div>\n\t\t    <\/div>\n\t                                        <div class=\"rhea_price_fav_box\">\n                                            <div class=\"rhea_price_box\">\n\t\t\t\t\t\t\t\t\t\t\t\t<div class=\"rh_prop_card__priceLabel_sty\">\n    <span class=\"rh_prop_card__status_sty\">\n              <\/span>\n    <p class=\"rh_prop_card__price_sty\">\n\t\t 122,000\u20ac Vendido    <\/p>\n<\/div>                                            <\/div>\n                                            <div class=\"rhea_fav_icon_box rhea_parent_fav_button\">\n\t\t                                                            <span class=\"favorite-btn-wrap favorite-btn-5203\">\n\t\t\t\t\t\t\t<span class=\"favorite-placeholder highlight__red hide user_not_logged_in\" data-propertyid=\"5203\"  data-tooltip=\"Grille des propri\u00e9t\u00e9s : Ajout\u00e9 au favori\" >\n\t\t\t\t\t\t\t\t\t\t\t\t\t\t\t<\/span>\n\t\t\t\t\t\t\t<a href=\"#\" class=\"favorite add-to-favorite user_not_logged_in\" data-propertyid=\"5203\"  data-tooltip=\"Ajouter au favori\" >\n\t\t\t\t\t\t\t\t\t\t\t\t\t\t\t<\/a>\n\t\t\t\t\t\t<\/span>\n\t\t\t\t\t\t\t<span class=\"add-to-compare-span rhea_compare_icons rhea_svg_fav_icons compare-btn-5203\"\n\t\t\t\tdata-property-id=\"5203\"\n\t\t\t\tdata-property-title=\"Appartement T2, Esmoriz\"\n\t\t\t\tdata-property-url=\"https:\/\/agencelusofrancaiseimmobilier.com\/pt\/property\/appartement-t2-esmoriz-2\/\"\n\t\t\t\tdata-property-image=\"https:\/\/agencelusofrancaiseimmobilier.com\/wp-content\/uploads\/2021\/07\/sejour3-scaled.jpeg\"\n\n\t\t>\n\t\t\t<span class=\"compare-placeholder highlight hide\"\n\t\t\t\tdata-tooltip=\"Ajout\u00e9 Pour Comparer\">\n\t\t\t\t<svg xmlns=\"http:\/\/www.w3.org\/2000\/svg\" width=\"24\" height=\"24\" viewbox=\"0 0 24 24\">\n  <path d=\"M1144,1942l-8,1v3l-7-5,7-5v3l8,1A1,1,0,0,1,1144,1942Zm-22-14,8,1v3l7-5-7-5v3l-8,1A1,1,0,0,0,1122,1928Z\" transform=\"translate(-1121 -1922)\"\/>\n<\/svg>\n\t\t\t<\/span>\n\t\t\t<a class=\"rh_trigger_compare rhea_add_to_compare\" data-tooltip=\"Ajouter pour la comparaison\" href=\"https:\/\/agencelusofrancaiseimmobilier.com\/pt\/property\/appartement-t2-esmoriz-2\/\">\n\t\t\t\t<svg xmlns=\"http:\/\/www.w3.org\/2000\/svg\" width=\"24\" height=\"24\" viewbox=\"0 0 24 24\">\n  <path d=\"M1144,1942l-8,1v3l-7-5,7-5v3l8,1A1,1,0,0,1,1144,1942Zm-22-14,8,1v3l7-5-7-5v3l-8,1A1,1,0,0,0,1122,1928Z\" transform=\"translate(-1121 -1922)\"\/>\n<\/svg>\n\t\t\t<\/a>\n\t\t<\/span>\n\t\t                                            <\/div>\n                                        <\/div>\n\n                                    <\/div>\n                                    <div class=\"rhea_wrapper_bottom_agent\">\n\t\t\t\t\t\t\t\t\t\t                                    <\/div>\n                                <\/div>\n                            <\/div>\n\t\t\t\t\t\t\t                            <div class=\"rhea_property_card_ele_stylish\">\n                                <div class=\"rhea_property_card_ele_stylish_inner\">\n                                    <div class=\"rhea_thumbnail_wrapper\">\n                                        <div class=\"rhea_top_tags_box\">\n\t\t\t\t\t\t\t\t\t\t\t\n<div class=\"rhea_media_count\">\n\t        <div class=\"rhea_media rhea_media_image\"\n             data-fancybox-trigger=\"gallery-7585f8c-7726\"\n             data-this-id=\"7726\">\n\t\t\t<svg xmlns=\"http:\/\/www.w3.org\/2000\/svg\" viewbox=\"0 0 18 18\">\r\n\t<style type=\"text\/css\">\r\n\r\n\t\t.st0{fill-rule:evenodd;clip-rule:evenodd;}\r\n\r\n\t<\/style>\r\n\t<path class=\"st0\" d=\"M3 5h12c1.1 0 2 0.9 2 2v8c0 1.1-0.9 2-2 2H3c-1.1 0-2-0.9-2-2V7C1 5.9 1.9 5 3 5zM7.7 1h2.8c0.8-0.2 1.7 0.4 1.8 1.2 0 0 0 0.1 0 0.1L13 5H5l0.7-2.7C5.9 1.4 6.8 0.8 7.7 1zM9 7.4c2.2 0 4 1.8 4 4s-1.8 4-4 4 -4-1.8-4-4S6.8 7.4 9 7.4zM9 9c1.3 0 2.4 1.1 2.4 2.4s-1.1 2.4-2.4 2.4 -2.4-1.1-2.4-2.4S7.7 9 9 9L9 9zM8.2 2.6h1.6c0.4 0 0.8 0.4 0.7 0.9 0 0.4-0.3 0.7-0.7 0.7H8.2c-0.4 0-0.8-0.3-0.9-0.7 0-0.4 0.3-0.8 0.7-0.9C8.1 2.6 8.2 2.6 8.2 2.6z\"\/>\r\n<\/svg>            <span>\n\t\t\t\t\t\t\t\t\t\t\t7                                                <\/span>\n        <\/div>\n\t\t<\/div>\n<div class=\"rhea_property_images_load\" style=\"display: none\">\n\t                <span style=\"display: none;\"\n                      data-fancybox=\"gallery-7585f8c-7726\"\n                      data-src=\"https:\/\/agencelusofrancaiseimmobilier.com\/wp-content\/uploads\/2018\/07\/IMG_555022819.jpeg\"\n                      data-thumb=\"https:\/\/agencelusofrancaiseimmobilier.com\/wp-content\/uploads\/2018\/07\/IMG_555022819.jpeg\"><\/span>\n\t\t\t\t                <span style=\"display: none;\"\n                      data-fancybox=\"gallery-7585f8c-7726\"\n                      data-src=\"https:\/\/agencelusofrancaiseimmobilier.com\/wp-content\/uploads\/2018\/07\/IMG_0613.jpeg\"\n                      data-thumb=\"https:\/\/agencelusofrancaiseimmobilier.com\/wp-content\/uploads\/2018\/07\/IMG_0613.jpeg\"><\/span>\n\t\t\t\t                <span style=\"display: none;\"\n                      data-fancybox=\"gallery-7585f8c-7726\"\n                      data-src=\"https:\/\/agencelusofrancaiseimmobilier.com\/wp-content\/uploads\/2018\/07\/IMG_0613.jpeg\"\n                      data-thumb=\"https:\/\/agencelusofrancaiseimmobilier.com\/wp-content\/uploads\/2018\/07\/IMG_0613.jpeg\"><\/span>\n\t\t\t\t                <span style=\"display: none;\"\n                      data-fancybox=\"gallery-7585f8c-7726\"\n                      data-src=\"https:\/\/agencelusofrancaiseimmobilier.com\/wp-content\/uploads\/2018\/07\/IMG_555022819.jpeg\"\n                      data-thumb=\"https:\/\/agencelusofrancaiseimmobilier.com\/wp-content\/uploads\/2018\/07\/IMG_555022819.jpeg\"><\/span>\n\t\t\t\t                <span style=\"display: none;\"\n                      data-fancybox=\"gallery-7585f8c-7726\"\n                      data-src=\"https:\/\/agencelusofrancaiseimmobilier.com\/wp-content\/uploads\/2018\/07\/IMG_0658.jpeg\"\n                      data-thumb=\"https:\/\/agencelusofrancaiseimmobilier.com\/wp-content\/uploads\/2018\/07\/IMG_0658.jpeg\"><\/span>\n\t\t\t\t                <span style=\"display: none;\"\n                      data-fancybox=\"gallery-7585f8c-7726\"\n                      data-src=\"https:\/\/agencelusofrancaiseimmobilier.com\/wp-content\/uploads\/2018\/07\/IMG_0657.jpeg\"\n                      data-thumb=\"https:\/\/agencelusofrancaiseimmobilier.com\/wp-content\/uploads\/2018\/07\/IMG_0657.jpeg\"><\/span>\n\t\t\t\t                <span style=\"display: none;\"\n                      data-fancybox=\"gallery-7585f8c-7726\"\n                      data-src=\"https:\/\/agencelusofrancaiseimmobilier.com\/wp-content\/uploads\/2018\/07\/IMG_0660.jpeg\"\n                      data-thumb=\"https:\/\/agencelusofrancaiseimmobilier.com\/wp-content\/uploads\/2018\/07\/IMG_0660.jpeg\"><\/span>\n\t\t\t\t<\/div>\n\n\n\n    <div class=\"rhea_tags_wrapper\">\n\t\t    <\/div>\n\t                                        <\/div>\n                                        <div class=\"rhea_bottom_tags_box\">\n\t\t\t\t\t\t\t\t\t\t\t                                                        <span class=\"rhea_property_types\">\n                                                            <small>Casa<\/small>                                                        <\/span>\n\t\t\t\t\t\t\t\t\t\t\t\t\t\t    <div class=\"rhea_soi_prop_status_sty\">\n\t\t        <span class=\"rhea_prop_status_sty property-status-a-vendre\" >\n            para venda        <\/span>\n    <\/div>\n\t                                        <\/div>\n\n\t\t\t\t\t\t\t\t\t\t<a class=\"rhea_permalink rhea_scale_animation\" href=\"https:\/\/agencelusofrancaiseimmobilier.com\/pt\/property\/maison-t4-esmoriz-3\/\">\n\t<img decoding=\"async\" width=\"435\" height=\"326\" src=\"https:\/\/agencelusofrancaiseimmobilier.com\/wp-content\/uploads\/2018\/07\/IMG_0658.jpeg\" class=\"attachment-property-thumb-image size-property-thumb-image wp-post-image\" alt=\"casa t4 esmoriz\" srcset=\"https:\/\/agencelusofrancaiseimmobilier.com\/wp-content\/uploads\/2018\/07\/IMG_0658.jpeg 4032w, https:\/\/agencelusofrancaiseimmobilier.com\/wp-content\/uploads\/2018\/07\/IMG_0658-300x225.jpeg 300w, https:\/\/agencelusofrancaiseimmobilier.com\/wp-content\/uploads\/2018\/07\/IMG_0658-768x576.jpeg 768w, https:\/\/agencelusofrancaiseimmobilier.com\/wp-content\/uploads\/2018\/07\/IMG_0658-1024x768.jpeg 1024w\" sizes=\"(max-width: 435px) 100vw, 435px\" title=\"\"><\/a>                                    <\/div>\n                                    <div class=\"rhea_detail_wrapper rh_detail_wrapper_3\">\n\n\n\t\t\t\t\t\t\t\t\t\t<h3 class=\"rhea_heading_stylish\"><a href=\"https:\/\/agencelusofrancaiseimmobilier.com\/pt\/property\/maison-t4-esmoriz-3\/\">Casa T4, Esmoriz<\/a><\/h3>        <div class=\"rhea_address_sty\">\n            <a class=\"rhea_trigger_map rhea_facnybox_trigger-7585f8c\" data-rhea-map-source=\"rhea-map-source-7585f8c\" data-rhea-map-location=\"40.957668955928,-8.6514815367458,14\" data-rhea-map-title=\"Maison T4, Esmoriz\" data-rhea-map-price=\" 590,000\u20ac RESERVER\" data-rhea-map-thumb=\"https:\/\/agencelusofrancaiseimmobilier.com\/wp-content\/uploads\/2018\/07\/IMG_0658.jpeg\" href=\"https:\/\/agencelusofrancaiseimmobilier.com\/pt\/property\/maison-t4-esmoriz-3\/\">\n                <span class=\"rhea_address_pin\"><svg xmlns=\"http:\/\/www.w3.org\/2000\/svg\" viewbox=\"0 0 18 18\">\r\n\t<style type=\"text\/css\">\r\n\r\n\t\t.st0{fill-rule:evenodd;clip-rule:evenodd;}\r\n\r\n\t<\/style>\r\n\t<path class=\"st0\" d=\"M9 1c3.3 0 6 2.7 6 6S9 17 9 17 3 10.3 3 7 5.7 1 9 1zM9 5c1.1 0 2 0.9 2 2s-0.9 2-2 2S7 8.1 7 7 7.9 5 9 5z\"\/>\r\n<\/svg><\/span>\n\t\t\t\tEsmoriz, Ovar, Aveiro, Portugal\n            <\/a>\n        <\/div>\n\t\t                                            <div class=\"rhea_rvr_ratings_wrapper_stylish rvr_rating_left\">\n\t\t\t\t\t\t\t\t\t\t\t\t                                            <\/div>\n\t\t\t\t\t\t\t\t\t\t\t<div class=\"rhea_added_sty\">\n\t        <span>Adi\u00e7\u00e3o:<\/span>\n\t\tfevereiro 23, 2022 <\/div>    <div class=\"rh_prop_card_meta_wrap_stylish\">\n\t\t        <div class=\"rh_prop_card__meta\" style=\"order: 1\">\n\t\t\t\t\t\t\t<span class=\"rhea_meta_titles\">Quartos<\/span>                <div class=\"rhea_meta_icon_wrapper\">\n\t\t\t\t\t<svg class=\"rh_svg\" xmlns=\"http:\/\/www.w3.org\/2000\/svg\" width=\"24\" height=\"24\" viewbox=\"0 0 24 24\">\n <defs>\n  <\/defs>\n  <path d=\"M1111.91,600.993h16.17a2.635,2.635,0,0,1,2.68,1.773l1.21,11.358a2.456,2.456,0,0,1-2.61,2.875h-18.73a2.46,2.46,0,0,1-2.61-2.875l1.21-11.358A2.635,2.635,0,0,1,1111.91,600.993Zm0.66-7.994h3.86c1.09,0,2.57.135,2.57,1l0.01,3.463c0.14,0.838-1.72,1.539-2.93,1.539h-4.17c-1.21,0-2.07-.7-1.92-1.539l0.37-3.139A2.146,2.146,0,0,1,1112.57,593Zm11,0h3.86a2.123,2.123,0,0,1,2.2,1.325l0.38,3.139c0.14,0.838-.72,1.539-1.93,1.539h-5.17c-1.21,0-2.07-.7-1.92-1.539L1121,594C1121,593.1,1122.48,593,1123.57,593Z\" transform=\"translate(-1108 -593)\"\/>\n<\/svg>\n\t\t\t\t\t<span class=\"figure\">4<\/span>\t\t\t\t\t                <\/div>\n\t\t\t        <\/div>\n\t\t        <div class=\"rh_prop_card__meta\" style=\"order: 2\">\n\t\t\t\t\t\t\t<span class=\"rhea_meta_titles\">Casa de banho<\/span>                <div class=\"rhea_meta_icon_wrapper\">\n\t\t\t\t\t<svg class=\"rh_svg\" xmlns=\"http:\/\/www.w3.org\/2000\/svg\" width=\"23.69\" height=\"24\" viewbox=\"0 0 23.69 24\">\n  <path d=\"M1204,601a8,8,0,0,1,16,0v16h-2V601a6,6,0,0,0-12,0v1h-2v-1Zm7,6a6,6,0,0,0-12,0h12Zm-6,2a1,1,0,0,1,1,1v1a1,1,0,0,1-2,0v-1A1,1,0,0,1,1205,609Zm0,5a1,1,0,0,1,1,1v1a1,1,0,0,1-2,0v-1A1,1,0,0,1,1205,614Zm4.94-5.343a1,1,0,0,1,1.28.6l0.69,0.878a1,1,0,0,1-1.88.685l-0.69-.879A1,1,0,0,1,1209.94,608.657Zm2.05,4.638a1,1,0,0,1,1.28.6l0.35,0.94a1.008,1.008,0,0,1-.6,1.282,1,1,0,0,1-1.28-.6l-0.35-.939A1.008,1.008,0,0,1,1211.99,613.295Zm-11.93-4.638a1,1,0,0,1,.6,1.282l-0.69.879a1,1,0,1,1-1.87-.682l0.68-.88A1,1,0,0,1,1200.06,608.657Zm-2.05,4.639a1,1,0,0,1,.6,1.281l-0.34.941a1,1,0,0,1-1.88-.683l0.34-.94A1,1,0,0,1,1198.01,613.3Z\" transform=\"translate(-1196.31 -593)\"\/>\n<\/svg>\n\t\t\t\t\t<span class=\"figure\">3<\/span>\t\t\t\t\t                <\/div>\n\t\t\t        <\/div>\n\t\t        <div class=\"rh_prop_card__meta\" style=\"order: 3\">\n\t\t\t\t\t\t\t<span class=\"rhea_meta_titles\">Superf\u00edcie<\/span>                <div class=\"rhea_meta_icon_wrapper\">\n\t\t\t\t\t<svg class=\"rh_svg\" version=\"1.1\" xmlns=\"http:\/\/www.w3.org\/2000\/svg\" xmlns:xlink=\"http:\/\/www.w3.org\/1999\/xlink\" x=\"0px\" y=\"0px\"\n\t width=\"24px\" height=\"24px\" viewbox=\"0 0 24 24\" enable-background=\"new 0 0 24 24\" xml:space=\"preserve\">\n<g>\n\t<circle cx=\"2\" cy=\"2\" r=\"2\"\/>\n<\/g>\n<g>\n\t<circle cx=\"2\" cy=\"22\" r=\"2\"\/>\n<\/g>\n<g>\n\t<circle cx=\"22\" cy=\"2\" r=\"2\"\/>\n<\/g>\n<rect x=\"1\" y=\"1\" width=\"2\" height=\"22\"\/>\n<rect x=\"1\" y=\"1\" width=\"22\" height=\"2\"\/>\n<path opacity=\"0.5\" d=\"M23,20.277V1h-2v19.277C20.7,20.452,20.452,20.7,20.277,21H1v2h19.277c0.347,0.596,0.984,1,1.723,1\tc1.104,0,2-0.896,2-2C24,21.262,23.596,20.624,23,20.277z\"\/>\n<\/svg>\n\t\t\t\t\t<span class=\"figure\">220<\/span>\t\t\t\t\t<span class=\"label\">m\u00b2<\/span>                <\/div>\n\t\t\t        <\/div>\n\t\t    <\/div>\n\t                                        <div class=\"rhea_price_fav_box\">\n                                            <div class=\"rhea_price_box\">\n\t\t\t\t\t\t\t\t\t\t\t\t<div class=\"rh_prop_card__priceLabel_sty\">\n    <span class=\"rh_prop_card__status_sty\">\n              <\/span>\n    <p class=\"rh_prop_card__price_sty\">\n\t\t RESERVA DE 590.000 EUROS    <\/p>\n<\/div>                                            <\/div>\n                                            <div class=\"rhea_fav_icon_box rhea_parent_fav_button\">\n\t\t                                                            <span class=\"favorite-btn-wrap favorite-btn-7726\">\n\t\t\t\t\t\t\t<span class=\"favorite-placeholder highlight__red hide user_not_logged_in\" data-propertyid=\"7726\"  data-tooltip=\"Grille des propri\u00e9t\u00e9s : Ajout\u00e9 au favori\" >\n\t\t\t\t\t\t\t\t\t\t\t\t\t\t\t<\/span>\n\t\t\t\t\t\t\t<a href=\"#\" class=\"favorite add-to-favorite user_not_logged_in\" data-propertyid=\"7726\"  data-tooltip=\"Ajouter au favori\" >\n\t\t\t\t\t\t\t\t\t\t\t\t\t\t\t<\/a>\n\t\t\t\t\t\t<\/span>\n\t\t\t\t\t\t\t<span class=\"add-to-compare-span rhea_compare_icons rhea_svg_fav_icons compare-btn-7726\"\n\t\t\t\tdata-property-id=\"7726\"\n\t\t\t\tdata-property-title=\"Maison T4, Esmoriz\"\n\t\t\t\tdata-property-url=\"https:\/\/agencelusofrancaiseimmobilier.com\/pt\/property\/maison-t4-esmoriz-3\/\"\n\t\t\t\tdata-property-image=\"https:\/\/agencelusofrancaiseimmobilier.com\/wp-content\/uploads\/2018\/07\/IMG_0658.jpeg\"\n\n\t\t>\n\t\t\t<span class=\"compare-placeholder highlight hide\"\n\t\t\t\tdata-tooltip=\"Ajout\u00e9 Pour Comparer\">\n\t\t\t\t<svg xmlns=\"http:\/\/www.w3.org\/2000\/svg\" width=\"24\" height=\"24\" viewbox=\"0 0 24 24\">\n  <path d=\"M1144,1942l-8,1v3l-7-5,7-5v3l8,1A1,1,0,0,1,1144,1942Zm-22-14,8,1v3l7-5-7-5v3l-8,1A1,1,0,0,0,1122,1928Z\" transform=\"translate(-1121 -1922)\"\/>\n<\/svg>\n\t\t\t<\/span>\n\t\t\t<a class=\"rh_trigger_compare rhea_add_to_compare\" data-tooltip=\"Ajouter pour la comparaison\" href=\"https:\/\/agencelusofrancaiseimmobilier.com\/pt\/property\/maison-t4-esmoriz-3\/\">\n\t\t\t\t<svg xmlns=\"http:\/\/www.w3.org\/2000\/svg\" width=\"24\" height=\"24\" viewbox=\"0 0 24 24\">\n  <path d=\"M1144,1942l-8,1v3l-7-5,7-5v3l8,1A1,1,0,0,1,1144,1942Zm-22-14,8,1v3l7-5-7-5v3l-8,1A1,1,0,0,0,1122,1928Z\" transform=\"translate(-1121 -1922)\"\/>\n<\/svg>\n\t\t\t<\/a>\n\t\t<\/span>\n\t\t                                            <\/div>\n                                        <\/div>\n\n                                    <\/div>\n                                    <div class=\"rhea_wrapper_bottom_agent\">\n\t\t\t\t\t\t\t\t\t\t            <div class=\"rhea_agent_expand_wrapper\">\n\t\t\t\t        <div class=\"rhea_agent_list\">\n\t\t\t                    <a class=\"agent-thumb agent-image\" href=\"https:\/\/agencelusofrancaiseimmobilier.com\/pt\/agent\/adelaide\/\">\n\t\t\t\t\t\t<img decoding=\"async\" width=\"210\" height=\"210\" src=\"https:\/\/agencelusofrancaiseimmobilier.com\/wp-content\/uploads\/2019\/09\/LOGO-ALF-2022-SF-210x210.png\" class=\"attachment-agent-image size-agent-image wp-post-image\" alt=\"ag\u00eancia imobili\u00e1ria luso-francesa\" srcset=\"https:\/\/agencelusofrancaiseimmobilier.com\/wp-content\/uploads\/2019\/09\/LOGO-ALF-2022-SF-210x210.png 210w, https:\/\/agencelusofrancaiseimmobilier.com\/wp-content\/uploads\/2019\/09\/LOGO-ALF-2022-SF-300x300.png 300w, https:\/\/agencelusofrancaiseimmobilier.com\/wp-content\/uploads\/2019\/09\/LOGO-ALF-2022-SF-150x150.png 150w, https:\/\/agencelusofrancaiseimmobilier.com\/wp-content\/uploads\/2019\/09\/LOGO-ALF-2022-SF-768x768.png 768w, https:\/\/agencelusofrancaiseimmobilier.com\/wp-content\/uploads\/2019\/09\/LOGO-ALF-2022-SF-12x12.png 12w, https:\/\/agencelusofrancaiseimmobilier.com\/wp-content\/uploads\/2019\/09\/LOGO-ALF-2022-SF.png 1000w\" sizes=\"(max-width: 210px) 100vw, 210px\" title=\"\">                    <\/a>\n\t\t\t\t\t                <div class=\"rhea_agent_agency\">\n\t\t\t\t\t                            <a class=\"rh_property_agent__title\" href=\"https:\/\/agencelusofrancaiseimmobilier.com\/pt\/agent\/adelaide\/\">\n\t\t\t\t\t\t\t\tAdelaide                            <\/a>\n\t\t\t\t\t\t\t                    <a class=\"rh_property_agent__agency\" href=\"https:\/\/agencelusofrancaiseimmobilier.com\/pt\/agency\/agence-luso-francaise-dimmobilier\/\">\n\t\t\t\t\t\tAg\u00eancia imobili\u00e1ria luso-francesa                    <\/a>\n\t\t\t\t\t                <\/div>\n\t\t\t\t        <\/div>\n\t\t            <\/div>\n\t\t\t                                    <\/div>\n                                <\/div>\n                            <\/div>\n\t\t\t\t\t\t\t                    <\/div>\n\t\t\t\t\t\n                        <div class=\"rhea_svg_loader\">\n\t\t\t\t\t\t\t<svg xmlns=\"http:\/\/www.w3.org\/2000\/svg\" viewbox=\"0 0 32 32\" width=\"32\" height=\"32\" fill=\"#dedede\">\n  <path transform=\"translate(2)\" d=\"M0 12 V20 H4 V12z\"> \n    <animate attributename=\"d\" values=\"M0 12 V20 H4 V12z; M0 4 V28 H4 V4z; M0 12 V20 H4 V12z; M0 12 V20 H4 V12z\" dur=\"1.2s\" repeatcount=\"indefinite\" begin=\"0\" keytimes=\"0;.2;.5;1\" keysplines=\"0.2 0.2 0.4 0.8;0.2 0.6 0.4 0.8;0.2 0.8 0.4 0.8\" calcmode=\"spline\"  \/>\n  <\/path>\n  <path transform=\"translate(8)\" d=\"M0 12 V20 H4 V12z\">\n    <animate attributename=\"d\" values=\"M0 12 V20 H4 V12z; M0 4 V28 H4 V4z; M0 12 V20 H4 V12z; M0 12 V20 H4 V12z\" dur=\"1.2s\" repeatcount=\"indefinite\" begin=\"0.2\" keytimes=\"0;.2;.5;1\" keysplines=\"0.2 0.2 0.4 0.8;0.2 0.6 0.4 0.8;0.2 0.8 0.4 0.8\" calcmode=\"spline\"  \/>\n  <\/path>\n  <path transform=\"translate(14)\" d=\"M0 12 V20 H4 V12z\">\n    <animate attributename=\"d\" values=\"M0 12 V20 H4 V12z; M0 4 V28 H4 V4z; M0 12 V20 H4 V12z; M0 12 V20 H4 V12z\" dur=\"1.2s\" repeatcount=\"indefinite\" begin=\"0.4\" keytimes=\"0;.2;.5;1\" keysplines=\"0.2 0.2 0.4 0.8;0.2 0.6 0.4 0.8;0.2 0.8 0.4 0.8\" calcmode=\"spline\" \/>\n  <\/path>\n  <path transform=\"translate(20)\" d=\"M0 12 V20 H4 V12z\">\n    <animate attributename=\"d\" values=\"M0 12 V20 H4 V12z; M0 4 V28 H4 V4z; M0 12 V20 H4 V12z; M0 12 V20 H4 V12z\" dur=\"1.2s\" repeatcount=\"indefinite\" begin=\"0.6\" keytimes=\"0;.2;.5;1\" keysplines=\"0.2 0.2 0.4 0.8;0.2 0.6 0.4 0.8;0.2 0.8 0.4 0.8\" calcmode=\"spline\" \/>\n  <\/path>\n  <path transform=\"translate(26)\" d=\"M0 12 V20 H4 V12z\">\n    <animate attributename=\"d\" values=\"M0 12 V20 H4 V12z; M0 4 V28 H4 V4z; M0 12 V20 H4 V12z; M0 12 V20 H4 V12z\" dur=\"1.2s\" repeatcount=\"indefinite\" begin=\"0.8\" keytimes=\"0;.2;.5;1\" keysplines=\"0.2 0.2 0.4 0.8;0.2 0.6 0.4 0.8;0.2 0.8 0.4 0.8\" calcmode=\"spline\" \/>\n  <\/path>\n<\/svg>\n                        <\/div>\n\t\t\t\t\t\t                <\/div>\n\t\t\t\t        <\/section>\n\t\t\t\t\t\t<\/div>\n\t\t\t\t<\/div>\n\t\t\t\t\t<\/div>\n\t\t<\/div>\n\t\t\t\t\t<\/div>\n\t\t<\/section>\n\t\t\t\t<\/div>","protected":false},"excerpt":{"rendered":"<p>Comprar e viver em Aveiro Bem-vindo \u00e0 magn\u00edfica regi\u00e3o de Aveiro em Portugal, um destino de sonho para viver uma vida tranquila e solarenga. Se pretende mudar-se para c\u00e1, a Agence Luso-Fran\u00e7aise d'Immobilier \u00e9 o parceiro ideal para o ajudar a fazer a transi\u00e7\u00e3o, permanente ou ocasional, para esta regi\u00e3o pitoresca. A nossa ag\u00eancia \u00e9...<\/p>","protected":false},"author":1,"featured_media":2800,"parent":0,"menu_order":0,"comment_status":"closed","ping_status":"closed","template":"elementor_header_footer","meta":{"footnotes":""},"class_list":["post-1924","page","type-page","status-publish","has-post-thumbnail","hentry"],"_links":{"self":[{"href":"https:\/\/agencelusofrancaiseimmobilier.com\/pt\/wp-json\/wp\/v2\/pages\/1924","targetHints":{"allow":["GET"]}}],"collection":[{"href":"https:\/\/agencelusofrancaiseimmobilier.com\/pt\/wp-json\/wp\/v2\/pages"}],"about":[{"href":"https:\/\/agencelusofrancaiseimmobilier.com\/pt\/wp-json\/wp\/v2\/types\/page"}],"author":[{"embeddable":true,"href":"https:\/\/agencelusofrancaiseimmobilier.com\/pt\/wp-json\/wp\/v2\/users\/1"}],"replies":[{"embeddable":true,"href":"https:\/\/agencelusofrancaiseimmobilier.com\/pt\/wp-json\/wp\/v2\/comments?post=1924"}],"version-history":[{"count":0,"href":"https:\/\/agencelusofrancaiseimmobilier.com\/pt\/wp-json\/wp\/v2\/pages\/1924\/revisions"}],"wp:featuredmedia":[{"embeddable":true,"href":"https:\/\/agencelusofrancaiseimmobilier.com\/pt\/wp-json\/wp\/v2\/media\/2800"}],"wp:attachment":[{"href":"https:\/\/agencelusofrancaiseimmobilier.com\/pt\/wp-json\/wp\/v2\/media?parent=1924"}],"curies":[{"name":"wp","href":"https:\/\/api.w.org\/{rel}","templated":true}]}}