{"id":5200,"date":"2022-02-23T17:27:50","date_gmt":"2022-02-23T17:27:50","guid":{"rendered":"https:\/\/agencelusofrancaiseimmobilier.com\/?post_type=property&#038;p=5200"},"modified":"2022-12-09T08:49:05","modified_gmt":"2022-12-09T08:49:05","slug":"casa-t3-valenca","status":"publish","type":"property","link":"https:\/\/agencelusofrancaiseimmobilier.com\/pt\/property\/maison-t3-valenca\/","title":{"rendered":"Casa T3 Valen\u00e7a"},"content":{"rendered":"<h2 class=\"wp-block-heading\" id=\"h-maison-t3-valenca\">Casa T3 Valen\u00e7a<\/h2>\n\n\n\n<p>Casa encantadora com 3 quartos em Valen\u00e7a, localizada a poucos quil\u00f3metros do&nbsp;<a href=\"https:\/\/portobeautiful.com\/la-forteresse-de-valanca\/\" target=\"_blank\" rel=\"noreferrer noopener\">Fronteira espanhola<\/a>.  Esta casa isolada tem um belo terreno arborizado com duas oficinas e um anexo para converter. Esta casa est\u00e1 localizada numa zona residencial tranquila. Esta casa foi recentemente renovada, mantendo o seu antigo encanto regional. Tem um terreno fechado de 1232 M2 com acesso de carro atrav\u00e9s de um port\u00e3o el\u00e9trico. Este terreno oferece um anexo para ser completamente convertido com \u00e1gua e eletricidade. Uma cozinha exterior com terra\u00e7o coberto por uma vinha. Tem tamb\u00e9m um grande lavadouro de \u00e9poca e dois lugares de estacionamento cobertos.<\/p>\n\n\n\n<p>O jardim tem muito pouca inclina\u00e7\u00e3o e \u00e9 o lar de uma horta.\u00a0A casa tem uma estrutura de pedra que pode ser vista no r\u00e9s-do-ch\u00e3o que est\u00e1 inacabada e precisa de ser convertida, o r\u00e9s-do-ch\u00e3o era anteriormente utilizado como uma adega de vinho.<\/p>\n\n\n\n<p>Esta casa com 3 quartos em Valen\u00e7a tem 3 entradas, uma das quais tem uma escada motorizada, permitindo o acesso \u00e0 casa a pessoas com mobilidade reduzida.<\/p>\n\n\n\n<p>O acesso principal \u00e0 casa \u00e9 feito pela frente da casa, que d\u00e1 acesso a uma agrad\u00e1vel e luminosa \u00e1rea de estar em plano aberto. A casa tem uma cozinha equipada. Uma casa de banho com janela, completamente renovada e moderna. Um quarto de vestir com janela e dois quartos bonitos e luminosos, bem como um escrit\u00f3rio (ou 3\u00ba quarto).  Um belo terra\u00e7o para aproveitar a vista panor\u00e2mica.<\/p>\n\n\n\n<p>A casa est\u00e1 totalmente equipada com vidros duplos e ar condicionado revers\u00edvel, foi aplicado um revestimento exterior para melhor isolamento.\u00a0O telhado foi isolado com l\u00e3 de vidro e uma lona isolante.\u00a0Se ama a natureza e quer viver em Portugal, esta casa \u00e9 ideal para uma fam\u00edlia. Oferece ainda um grande potencial gra\u00e7as ao seu anexo que ainda precisa de ser renovado e \u00e0s suas duas oficinas, bem como \u00e0 cave que est\u00e1 actualmente inacabada, mas que pode ser convertida.<\/p>\n\n\n\n<h2 class=\"wp-block-heading\" id=\"h-la-maison-se-situe\">A casa est\u00e1 localizada:<\/h2>\n\n\n\n<p>-1,3KM da praia fluvial de Friestas<\/p>\n\n\n\n<p>-10km de Espanha (Tui)<\/p>\n\n\n\n<p>-7,6km de Valen\u00e7a<\/p>\n\n\n\n<p>-10 km de Mon\u00e7\u00e3o<\/p>\n\n\n\n<p>-47km de vila praia d'\u00e2ncora<\/p>\n\n\n\n<h3 class=\"wp-block-heading\" id=\"h-vous-souhaitez-visiter-cet-appartement-contactez-nous\">Deseja visitar esta casa,&nbsp;<a href=\"https:\/\/agencelusofrancaiseimmobilier.com\/pt\/contact-agence-luso-francaise-immobilier-porto\/\">contacte-nos<\/a>!<\/h3>","protected":false},"excerpt":{"rendered":"<p>Moradia T3 Valen\u00e7a Charmosa moradia T3 em Valen\u00e7a situada a poucos quil\u00f3metros da fronteira espanhola. Esta casa isolada tem um belo terreno arborizado com duas oficinas e um anexo para converter. Esta casa est\u00e1 localizada numa zona residencial tranquila. Esta casa foi recentemente renovada, mantendo o seu antigo encanto de...<\/p>","protected":false},"author":1,"featured_media":5062,"parent":0,"menu_order":0,"comment_status":"closed","ping_status":"closed","template":"","property-features":[1324,1408,1412,1416,1415,1413],"property-types":[479,1517],"property-cities":[1343],"property-statuses":[1519],"class_list":["post-5200","property","type-property","status-publish","has-post-thumbnail","hentry","property-feature-balcon","property-feature-cave","property-feature-double-vitrage","property-feature-grenier","property-feature-isolation-thermique","property-feature-terrasse","property-type-maison","property-type-maison-de-caractere","property-city-valenca","property-status-vendu"],"property_meta":{"REAL_HOMES_property_price":"130000","REAL_HOMES_property_old_price":"","REAL_HOMES_property_price_prefix":"","REAL_HOMES_property_price_postfix":"VENDU","REAL_HOMES_property_size":"104","REAL_HOMES_property_size_postfix":"m\u00b2","REAL_HOMES_property_lot_size":"1232","REAL_HOMES_property_lot_size_postfix":"m\u00b2","REAL_HOMES_property_bedrooms":"3","REAL_HOMES_property_bathrooms":"1","REAL_HOMES_property_garage":"1","REAL_HOMES_property_id":"VAL1","REAL_HOMES_property_year_built":"","rvr_property_owner":"","REAL_HOMES_featured":"0","REAL_HOMES_additional_details_list":[],"REAL_HOMES_property_location":{"latitude":"42.0270455","longitude":"-8.6428831","zoom":"10"},"REAL_HOMES_property_address":"Valen\u00e7a, Viana do Castelo, 4930-014, Portugal","REAL_HOMES_property_map":"0","REAL_HOMES_property_images":[{"width":150,"height":150,"file":"2021\/10\/IMG_1922-scaled.jpeg","sizes":{"medium":{"file":"IMG_1922-300x225.jpeg","width":300,"height":225,"mime-type":"image\/jpeg","url":"https:\/\/agencelusofrancaiseimmobilier.com\/wp-content\/uploads\/2021\/10\/IMG_1922-300x225.jpeg"},"large":{"file":"IMG_1922-1024x768.jpeg","width":1024,"height":768,"mime-type":"image\/jpeg","url":"https:\/\/agencelusofrancaiseimmobilier.com\/wp-content\/uploads\/2021\/10\/IMG_1922-1024x768.jpeg"},"thumbnail":{"file":"IMG_1922-150x150.jpeg","width":150,"height":150,"mime-type":"image\/jpeg","url":"https:\/\/agencelusofrancaiseimmobilier.com\/wp-content\/uploads\/2021\/10\/IMG_1922-150x150.jpeg"},"medium_large":{"file":"IMG_1922-768x576.jpeg","width":768,"height":576,"mime-type":"image\/jpeg","url":"https:\/\/agencelusofrancaiseimmobilier.com\/wp-content\/uploads\/2021\/10\/IMG_1922-768x576.jpeg"},"1536x1536":{"file":"IMG_1922-1536x1152.jpeg","width":1536,"height":1152,"mime-type":"image\/jpeg","url":"https:\/\/agencelusofrancaiseimmobilier.com\/wp-content\/uploads\/2021\/10\/IMG_1922-1536x1152.jpeg"},"2048x2048":{"file":"IMG_1922-2048x1536.jpeg","width":2048,"height":1536,"mime-type":"image\/jpeg","url":"https:\/\/agencelusofrancaiseimmobilier.com\/wp-content\/uploads\/2021\/10\/IMG_1922-2048x1536.jpeg"},"layers-square-large":{"file":"IMG_1922-1000x1000.jpeg","width":1000,"height":1000,"mime-type":"image\/jpeg","url":"https:\/\/agencelusofrancaiseimmobilier.com\/wp-content\/uploads\/2021\/10\/IMG_1922-1000x1000.jpeg"},"layers-portrait-large":{"file":"IMG_1922-720x1000.jpeg","width":720,"height":1000,"mime-type":"image\/jpeg","url":"https:\/\/agencelusofrancaiseimmobilier.com\/wp-content\/uploads\/2021\/10\/IMG_1922-720x1000.jpeg"},"layers-landscape-large":{"file":"IMG_1922-1000x720.jpeg","width":1000,"height":720,"mime-type":"image\/jpeg","url":"https:\/\/agencelusofrancaiseimmobilier.com\/wp-content\/uploads\/2021\/10\/IMG_1922-1000x720.jpeg"},"layers-square-medium":{"file":"IMG_1922-480x480.jpeg","width":480,"height":480,"mime-type":"image\/jpeg","url":"https:\/\/agencelusofrancaiseimmobilier.com\/wp-content\/uploads\/2021\/10\/IMG_1922-480x480.jpeg"},"layers-portrait-medium":{"file":"IMG_1922-340x480.jpeg","width":340,"height":480,"mime-type":"image\/jpeg","url":"https:\/\/agencelusofrancaiseimmobilier.com\/wp-content\/uploads\/2021\/10\/IMG_1922-340x480.jpeg"},"layers-landscape-medium":{"file":"IMG_1922-480x340.jpeg","width":480,"height":340,"mime-type":"image\/jpeg","url":"https:\/\/agencelusofrancaiseimmobilier.com\/wp-content\/uploads\/2021\/10\/IMG_1922-480x340.jpeg"}},"image_meta":{"aperture":"1.8","credit":"","camera":"iPhone SE (2nd generation)","caption":"","created_timestamp":"1627320545","copyright":"","focal_length":"3.99","iso":"20","shutter_speed":"0.00087489063867017","title":"","orientation":"1","keywords":[]},"original_image":"IMG_1922.jpeg","ID":"4992","name":"IMG_1922-scaled.jpeg","path":"\/home\/agenceluhr\/www\/wp-content\/uploads\/2021\/10\/IMG_1922-scaled.jpeg","url":"https:\/\/agencelusofrancaiseimmobilier.com\/wp-content\/uploads\/2021\/10\/IMG_1922-150x150.jpeg","full_url":"https:\/\/agencelusofrancaiseimmobilier.com\/wp-content\/uploads\/2021\/10\/IMG_1922-scaled.jpeg","title":"fachada principal","caption":"","description":"","alt":"maison T3 Valen\u00e7a","srcset":"https:\/\/agencelusofrancaiseimmobilier.com\/wp-content\/uploads\/2021\/10\/IMG_1922-150x150.jpeg 150w, https:\/\/agencelusofrancaiseimmobilier.com\/wp-content\/uploads\/2021\/10\/IMG_1922-1000x1000.jpeg 1000w, https:\/\/agencelusofrancaiseimmobilier.com\/wp-content\/uploads\/2021\/10\/IMG_1922-480x480.jpeg 480w"},{"width":150,"height":150,"file":"2021\/10\/IMG_1919-scaled.jpeg","sizes":{"medium":{"file":"IMG_1919-300x225.jpeg","width":300,"height":225,"mime-type":"image\/jpeg","url":"https:\/\/agencelusofrancaiseimmobilier.com\/wp-content\/uploads\/2021\/10\/IMG_1919-300x225.jpeg"},"large":{"file":"IMG_1919-1024x768.jpeg","width":1024,"height":768,"mime-type":"image\/jpeg","url":"https:\/\/agencelusofrancaiseimmobilier.com\/wp-content\/uploads\/2021\/10\/IMG_1919-1024x768.jpeg"},"thumbnail":{"file":"IMG_1919-150x150.jpeg","width":150,"height":150,"mime-type":"image\/jpeg","url":"https:\/\/agencelusofrancaiseimmobilier.com\/wp-content\/uploads\/2021\/10\/IMG_1919-150x150.jpeg"},"medium_large":{"file":"IMG_1919-768x576.jpeg","width":768,"height":576,"mime-type":"image\/jpeg","url":"https:\/\/agencelusofrancaiseimmobilier.com\/wp-content\/uploads\/2021\/10\/IMG_1919-768x576.jpeg"},"1536x1536":{"file":"IMG_1919-1536x1152.jpeg","width":1536,"height":1152,"mime-type":"image\/jpeg","url":"https:\/\/agencelusofrancaiseimmobilier.com\/wp-content\/uploads\/2021\/10\/IMG_1919-1536x1152.jpeg"},"2048x2048":{"file":"IMG_1919-2048x1536.jpeg","width":2048,"height":1536,"mime-type":"image\/jpeg","url":"https:\/\/agencelusofrancaiseimmobilier.com\/wp-content\/uploads\/2021\/10\/IMG_1919-2048x1536.jpeg"},"layers-square-large":{"file":"IMG_1919-1000x1000.jpeg","width":1000,"height":1000,"mime-type":"image\/jpeg","url":"https:\/\/agencelusofrancaiseimmobilier.com\/wp-content\/uploads\/2021\/10\/IMG_1919-1000x1000.jpeg"},"layers-portrait-large":{"file":"IMG_1919-720x1000.jpeg","width":720,"height":1000,"mime-type":"image\/jpeg","url":"https:\/\/agencelusofrancaiseimmobilier.com\/wp-content\/uploads\/2021\/10\/IMG_1919-720x1000.jpeg"},"layers-landscape-large":{"file":"IMG_1919-1000x720.jpeg","width":1000,"height":720,"mime-type":"image\/jpeg","url":"https:\/\/agencelusofrancaiseimmobilier.com\/wp-content\/uploads\/2021\/10\/IMG_1919-1000x720.jpeg"},"layers-square-medium":{"file":"IMG_1919-480x480.jpeg","width":480,"height":480,"mime-type":"image\/jpeg","url":"https:\/\/agencelusofrancaiseimmobilier.com\/wp-content\/uploads\/2021\/10\/IMG_1919-480x480.jpeg"},"layers-portrait-medium":{"file":"IMG_1919-340x480.jpeg","width":340,"height":480,"mime-type":"image\/jpeg","url":"https:\/\/agencelusofrancaiseimmobilier.com\/wp-content\/uploads\/2021\/10\/IMG_1919-340x480.jpeg"},"layers-landscape-medium":{"file":"IMG_1919-480x340.jpeg","width":480,"height":340,"mime-type":"image\/jpeg","url":"https:\/\/agencelusofrancaiseimmobilier.com\/wp-content\/uploads\/2021\/10\/IMG_1919-480x340.jpeg"}},"image_meta":{"aperture":"1.8","credit":"","camera":"iPhone SE (2nd generation)","caption":"","created_timestamp":"1627320481","copyright":"","focal_length":"3.99","iso":"25","shutter_speed":"0.00014499057561259","title":"","orientation":"1","keywords":[]},"original_image":"IMG_1919.jpeg","ID":"4991","name":"IMG_1919-scaled.jpeg","path":"\/home\/agenceluhr\/www\/wp-content\/uploads\/2021\/10\/IMG_1919-scaled.jpeg","url":"https:\/\/agencelusofrancaiseimmobilier.com\/wp-content\/uploads\/2021\/10\/IMG_1919-150x150.jpeg","full_url":"https:\/\/agencelusofrancaiseimmobilier.com\/wp-content\/uploads\/2021\/10\/IMG_1919-scaled.jpeg","title":"fachada do quarto","caption":"","description":"","alt":"maison T3 Valen\u00e7a","srcset":"https:\/\/agencelusofrancaiseimmobilier.com\/wp-content\/uploads\/2021\/10\/IMG_1919-150x150.jpeg 150w, https:\/\/agencelusofrancaiseimmobilier.com\/wp-content\/uploads\/2021\/10\/IMG_1919-1000x1000.jpeg 1000w, https:\/\/agencelusofrancaiseimmobilier.com\/wp-content\/uploads\/2021\/10\/IMG_1919-480x480.jpeg 480w"},{"width":150,"height":150,"file":"2021\/10\/IMG_1914-scaled.jpeg","sizes":{"medium":{"file":"IMG_1914-300x225.jpeg","width":300,"height":225,"mime-type":"image\/jpeg","url":"https:\/\/agencelusofrancaiseimmobilier.com\/wp-content\/uploads\/2021\/10\/IMG_1914-300x225.jpeg"},"large":{"file":"IMG_1914-1024x768.jpeg","width":1024,"height":768,"mime-type":"image\/jpeg","url":"https:\/\/agencelusofrancaiseimmobilier.com\/wp-content\/uploads\/2021\/10\/IMG_1914-1024x768.jpeg"},"thumbnail":{"file":"IMG_1914-150x150.jpeg","width":150,"height":150,"mime-type":"image\/jpeg","url":"https:\/\/agencelusofrancaiseimmobilier.com\/wp-content\/uploads\/2021\/10\/IMG_1914-150x150.jpeg"},"medium_large":{"file":"IMG_1914-768x576.jpeg","width":768,"height":576,"mime-type":"image\/jpeg","url":"https:\/\/agencelusofrancaiseimmobilier.com\/wp-content\/uploads\/2021\/10\/IMG_1914-768x576.jpeg"},"1536x1536":{"file":"IMG_1914-1536x1152.jpeg","width":1536,"height":1152,"mime-type":"image\/jpeg","url":"https:\/\/agencelusofrancaiseimmobilier.com\/wp-content\/uploads\/2021\/10\/IMG_1914-1536x1152.jpeg"},"2048x2048":{"file":"IMG_1914-2048x1536.jpeg","width":2048,"height":1536,"mime-type":"image\/jpeg","url":"https:\/\/agencelusofrancaiseimmobilier.com\/wp-content\/uploads\/2021\/10\/IMG_1914-2048x1536.jpeg"},"layers-square-large":{"file":"IMG_1914-1000x1000.jpeg","width":1000,"height":1000,"mime-type":"image\/jpeg","url":"https:\/\/agencelusofrancaiseimmobilier.com\/wp-content\/uploads\/2021\/10\/IMG_1914-1000x1000.jpeg"},"layers-portrait-large":{"file":"IMG_1914-720x1000.jpeg","width":720,"height":1000,"mime-type":"image\/jpeg","url":"https:\/\/agencelusofrancaiseimmobilier.com\/wp-content\/uploads\/2021\/10\/IMG_1914-720x1000.jpeg"},"layers-landscape-large":{"file":"IMG_1914-1000x720.jpeg","width":1000,"height":720,"mime-type":"image\/jpeg","url":"https:\/\/agencelusofrancaiseimmobilier.com\/wp-content\/uploads\/2021\/10\/IMG_1914-1000x720.jpeg"},"layers-square-medium":{"file":"IMG_1914-480x480.jpeg","width":480,"height":480,"mime-type":"image\/jpeg","url":"https:\/\/agencelusofrancaiseimmobilier.com\/wp-content\/uploads\/2021\/10\/IMG_1914-480x480.jpeg"},"layers-portrait-medium":{"file":"IMG_1914-340x480.jpeg","width":340,"height":480,"mime-type":"image\/jpeg","url":"https:\/\/agencelusofrancaiseimmobilier.com\/wp-content\/uploads\/2021\/10\/IMG_1914-340x480.jpeg"},"layers-landscape-medium":{"file":"IMG_1914-480x340.jpeg","width":480,"height":340,"mime-type":"image\/jpeg","url":"https:\/\/agencelusofrancaiseimmobilier.com\/wp-content\/uploads\/2021\/10\/IMG_1914-480x340.jpeg"}},"image_meta":{"aperture":"1.8","credit":"","camera":"iPhone SE (2nd generation)","caption":"","created_timestamp":"1627320387","copyright":"","focal_length":"3.99","iso":"320","shutter_speed":"0.04","title":"","orientation":"1","keywords":[]},"original_image":"IMG_1914.jpeg","ID":"4990","name":"IMG_1914-scaled.jpeg","path":"\/home\/agenceluhr\/www\/wp-content\/uploads\/2021\/10\/IMG_1914-scaled.jpeg","url":"https:\/\/agencelusofrancaiseimmobilier.com\/wp-content\/uploads\/2021\/10\/IMG_1914-150x150.jpeg","full_url":"https:\/\/agencelusofrancaiseimmobilier.com\/wp-content\/uploads\/2021\/10\/IMG_1914-scaled.jpeg","title":"cave","caption":"","description":"","alt":"maison T3 Valen\u00e7a","srcset":"https:\/\/agencelusofrancaiseimmobilier.com\/wp-content\/uploads\/2021\/10\/IMG_1914-150x150.jpeg 150w, https:\/\/agencelusofrancaiseimmobilier.com\/wp-content\/uploads\/2021\/10\/IMG_1914-1000x1000.jpeg 1000w, https:\/\/agencelusofrancaiseimmobilier.com\/wp-content\/uploads\/2021\/10\/IMG_1914-480x480.jpeg 480w"},{"width":150,"height":150,"file":"2021\/10\/IMG_1903-scaled.jpeg","sizes":{"medium":{"file":"IMG_1903-300x225.jpeg","width":300,"height":225,"mime-type":"image\/jpeg","url":"https:\/\/agencelusofrancaiseimmobilier.com\/wp-content\/uploads\/2021\/10\/IMG_1903-300x225.jpeg"},"large":{"file":"IMG_1903-1024x768.jpeg","width":1024,"height":768,"mime-type":"image\/jpeg","url":"https:\/\/agencelusofrancaiseimmobilier.com\/wp-content\/uploads\/2021\/10\/IMG_1903-1024x768.jpeg"},"thumbnail":{"file":"IMG_1903-150x150.jpeg","width":150,"height":150,"mime-type":"image\/jpeg","url":"https:\/\/agencelusofrancaiseimmobilier.com\/wp-content\/uploads\/2021\/10\/IMG_1903-150x150.jpeg"},"medium_large":{"file":"IMG_1903-768x576.jpeg","width":768,"height":576,"mime-type":"image\/jpeg","url":"https:\/\/agencelusofrancaiseimmobilier.com\/wp-content\/uploads\/2021\/10\/IMG_1903-768x576.jpeg"},"1536x1536":{"file":"IMG_1903-1536x1152.jpeg","width":1536,"height":1152,"mime-type":"image\/jpeg","url":"https:\/\/agencelusofrancaiseimmobilier.com\/wp-content\/uploads\/2021\/10\/IMG_1903-1536x1152.jpeg"},"2048x2048":{"file":"IMG_1903-2048x1536.jpeg","width":2048,"height":1536,"mime-type":"image\/jpeg","url":"https:\/\/agencelusofrancaiseimmobilier.com\/wp-content\/uploads\/2021\/10\/IMG_1903-2048x1536.jpeg"},"layers-square-large":{"file":"IMG_1903-1000x1000.jpeg","width":1000,"height":1000,"mime-type":"image\/jpeg","url":"https:\/\/agencelusofrancaiseimmobilier.com\/wp-content\/uploads\/2021\/10\/IMG_1903-1000x1000.jpeg"},"layers-portrait-large":{"file":"IMG_1903-720x1000.jpeg","width":720,"height":1000,"mime-type":"image\/jpeg","url":"https:\/\/agencelusofrancaiseimmobilier.com\/wp-content\/uploads\/2021\/10\/IMG_1903-720x1000.jpeg"},"layers-landscape-large":{"file":"IMG_1903-1000x720.jpeg","width":1000,"height":720,"mime-type":"image\/jpeg","url":"https:\/\/agencelusofrancaiseimmobilier.com\/wp-content\/uploads\/2021\/10\/IMG_1903-1000x720.jpeg"},"layers-square-medium":{"file":"IMG_1903-480x480.jpeg","width":480,"height":480,"mime-type":"image\/jpeg","url":"https:\/\/agencelusofrancaiseimmobilier.com\/wp-content\/uploads\/2021\/10\/IMG_1903-480x480.jpeg"},"layers-portrait-medium":{"file":"IMG_1903-340x480.jpeg","width":340,"height":480,"mime-type":"image\/jpeg","url":"https:\/\/agencelusofrancaiseimmobilier.com\/wp-content\/uploads\/2021\/10\/IMG_1903-340x480.jpeg"},"layers-landscape-medium":{"file":"IMG_1903-480x340.jpeg","width":480,"height":340,"mime-type":"image\/jpeg","url":"https:\/\/agencelusofrancaiseimmobilier.com\/wp-content\/uploads\/2021\/10\/IMG_1903-480x340.jpeg"}},"image_meta":{"aperture":"1.8","credit":"","camera":"iPhone SE (2nd generation)","caption":"","created_timestamp":"1627320108","copyright":"","focal_length":"3.99","iso":"20","shutter_speed":"0.0007710100231303","title":"","orientation":"1","keywords":[]},"original_image":"IMG_1903.jpeg","ID":"4989","name":"IMG_1903-scaled.jpeg","path":"\/home\/agenceluhr\/www\/wp-content\/uploads\/2021\/10\/IMG_1903-scaled.jpeg","url":"https:\/\/agencelusofrancaiseimmobilier.com\/wp-content\/uploads\/2021\/10\/IMG_1903-150x150.jpeg","full_url":"https:\/\/agencelusofrancaiseimmobilier.com\/wp-content\/uploads\/2021\/10\/IMG_1903-scaled.jpeg","title":"jardim","caption":"","description":"","alt":"maison T3 Valen\u00e7a","srcset":"https:\/\/agencelusofrancaiseimmobilier.com\/wp-content\/uploads\/2021\/10\/IMG_1903-150x150.jpeg 150w, https:\/\/agencelusofrancaiseimmobilier.com\/wp-content\/uploads\/2021\/10\/IMG_1903-1000x1000.jpeg 1000w, https:\/\/agencelusofrancaiseimmobilier.com\/wp-content\/uploads\/2021\/10\/IMG_1903-480x480.jpeg 480w"},{"width":150,"height":150,"file":"2021\/10\/IMG_1898-scaled.jpeg","sizes":{"medium":{"file":"IMG_1898-300x225.jpeg","width":300,"height":225,"mime-type":"image\/jpeg","url":"https:\/\/agencelusofrancaiseimmobilier.com\/wp-content\/uploads\/2021\/10\/IMG_1898-300x225.jpeg"},"large":{"file":"IMG_1898-1024x768.jpeg","width":1024,"height":768,"mime-type":"image\/jpeg","url":"https:\/\/agencelusofrancaiseimmobilier.com\/wp-content\/uploads\/2021\/10\/IMG_1898-1024x768.jpeg"},"thumbnail":{"file":"IMG_1898-150x150.jpeg","width":150,"height":150,"mime-type":"image\/jpeg","url":"https:\/\/agencelusofrancaiseimmobilier.com\/wp-content\/uploads\/2021\/10\/IMG_1898-150x150.jpeg"},"medium_large":{"file":"IMG_1898-768x576.jpeg","width":768,"height":576,"mime-type":"image\/jpeg","url":"https:\/\/agencelusofrancaiseimmobilier.com\/wp-content\/uploads\/2021\/10\/IMG_1898-768x576.jpeg"},"1536x1536":{"file":"IMG_1898-1536x1152.jpeg","width":1536,"height":1152,"mime-type":"image\/jpeg","url":"https:\/\/agencelusofrancaiseimmobilier.com\/wp-content\/uploads\/2021\/10\/IMG_1898-1536x1152.jpeg"},"2048x2048":{"file":"IMG_1898-2048x1536.jpeg","width":2048,"height":1536,"mime-type":"image\/jpeg","url":"https:\/\/agencelusofrancaiseimmobilier.com\/wp-content\/uploads\/2021\/10\/IMG_1898-2048x1536.jpeg"},"layers-square-large":{"file":"IMG_1898-1000x1000.jpeg","width":1000,"height":1000,"mime-type":"image\/jpeg","url":"https:\/\/agencelusofrancaiseimmobilier.com\/wp-content\/uploads\/2021\/10\/IMG_1898-1000x1000.jpeg"},"layers-portrait-large":{"file":"IMG_1898-720x1000.jpeg","width":720,"height":1000,"mime-type":"image\/jpeg","url":"https:\/\/agencelusofrancaiseimmobilier.com\/wp-content\/uploads\/2021\/10\/IMG_1898-720x1000.jpeg"},"layers-landscape-large":{"file":"IMG_1898-1000x720.jpeg","width":1000,"height":720,"mime-type":"image\/jpeg","url":"https:\/\/agencelusofrancaiseimmobilier.com\/wp-content\/uploads\/2021\/10\/IMG_1898-1000x720.jpeg"},"layers-square-medium":{"file":"IMG_1898-480x480.jpeg","width":480,"height":480,"mime-type":"image\/jpeg","url":"https:\/\/agencelusofrancaiseimmobilier.com\/wp-content\/uploads\/2021\/10\/IMG_1898-480x480.jpeg"},"layers-portrait-medium":{"file":"IMG_1898-340x480.jpeg","width":340,"height":480,"mime-type":"image\/jpeg","url":"https:\/\/agencelusofrancaiseimmobilier.com\/wp-content\/uploads\/2021\/10\/IMG_1898-340x480.jpeg"},"layers-landscape-medium":{"file":"IMG_1898-480x340.jpeg","width":480,"height":340,"mime-type":"image\/jpeg","url":"https:\/\/agencelusofrancaiseimmobilier.com\/wp-content\/uploads\/2021\/10\/IMG_1898-480x340.jpeg"}},"image_meta":{"aperture":"1.8","credit":"","camera":"iPhone SE (2nd generation)","caption":"","created_timestamp":"1627319917","copyright":"","focal_length":"3.99","iso":"40","shutter_speed":"0.0082644628099174","title":"","orientation":"1","keywords":[]},"original_image":"IMG_1898.jpeg","ID":"4988","name":"IMG_1898-scaled.jpeg","path":"\/home\/agenceluhr\/www\/wp-content\/uploads\/2021\/10\/IMG_1898-scaled.jpeg","url":"https:\/\/agencelusofrancaiseimmobilier.com\/wp-content\/uploads\/2021\/10\/IMG_1898-150x150.jpeg","full_url":"https:\/\/agencelusofrancaiseimmobilier.com\/wp-content\/uploads\/2021\/10\/IMG_1898-scaled.jpeg","title":"quarto 2","caption":"","description":"","alt":"maison T3 Valen\u00e7a","srcset":"https:\/\/agencelusofrancaiseimmobilier.com\/wp-content\/uploads\/2021\/10\/IMG_1898-150x150.jpeg 150w, https:\/\/agencelusofrancaiseimmobilier.com\/wp-content\/uploads\/2021\/10\/IMG_1898-1000x1000.jpeg 1000w, https:\/\/agencelusofrancaiseimmobilier.com\/wp-content\/uploads\/2021\/10\/IMG_1898-480x480.jpeg 480w"},{"width":150,"height":150,"file":"2021\/10\/IMG_1887-scaled.jpeg","sizes":{"medium":{"file":"IMG_1887-300x225.jpeg","width":300,"height":225,"mime-type":"image\/jpeg","url":"https:\/\/agencelusofrancaiseimmobilier.com\/wp-content\/uploads\/2021\/10\/IMG_1887-300x225.jpeg"},"large":{"file":"IMG_1887-1024x768.jpeg","width":1024,"height":768,"mime-type":"image\/jpeg","url":"https:\/\/agencelusofrancaiseimmobilier.com\/wp-content\/uploads\/2021\/10\/IMG_1887-1024x768.jpeg"},"thumbnail":{"file":"IMG_1887-150x150.jpeg","width":150,"height":150,"mime-type":"image\/jpeg","url":"https:\/\/agencelusofrancaiseimmobilier.com\/wp-content\/uploads\/2021\/10\/IMG_1887-150x150.jpeg"},"medium_large":{"file":"IMG_1887-768x576.jpeg","width":768,"height":576,"mime-type":"image\/jpeg","url":"https:\/\/agencelusofrancaiseimmobilier.com\/wp-content\/uploads\/2021\/10\/IMG_1887-768x576.jpeg"},"1536x1536":{"file":"IMG_1887-1536x1152.jpeg","width":1536,"height":1152,"mime-type":"image\/jpeg","url":"https:\/\/agencelusofrancaiseimmobilier.com\/wp-content\/uploads\/2021\/10\/IMG_1887-1536x1152.jpeg"},"2048x2048":{"file":"IMG_1887-2048x1536.jpeg","width":2048,"height":1536,"mime-type":"image\/jpeg","url":"https:\/\/agencelusofrancaiseimmobilier.com\/wp-content\/uploads\/2021\/10\/IMG_1887-2048x1536.jpeg"},"layers-square-large":{"file":"IMG_1887-1000x1000.jpeg","width":1000,"height":1000,"mime-type":"image\/jpeg","url":"https:\/\/agencelusofrancaiseimmobilier.com\/wp-content\/uploads\/2021\/10\/IMG_1887-1000x1000.jpeg"},"layers-portrait-large":{"file":"IMG_1887-720x1000.jpeg","width":720,"height":1000,"mime-type":"image\/jpeg","url":"https:\/\/agencelusofrancaiseimmobilier.com\/wp-content\/uploads\/2021\/10\/IMG_1887-720x1000.jpeg"},"layers-landscape-large":{"file":"IMG_1887-1000x720.jpeg","width":1000,"height":720,"mime-type":"image\/jpeg","url":"https:\/\/agencelusofrancaiseimmobilier.com\/wp-content\/uploads\/2021\/10\/IMG_1887-1000x720.jpeg"},"layers-square-medium":{"file":"IMG_1887-480x480.jpeg","width":480,"height":480,"mime-type":"image\/jpeg","url":"https:\/\/agencelusofrancaiseimmobilier.com\/wp-content\/uploads\/2021\/10\/IMG_1887-480x480.jpeg"},"layers-portrait-medium":{"file":"IMG_1887-340x480.jpeg","width":340,"height":480,"mime-type":"image\/jpeg","url":"https:\/\/agencelusofrancaiseimmobilier.com\/wp-content\/uploads\/2021\/10\/IMG_1887-340x480.jpeg"},"layers-landscape-medium":{"file":"IMG_1887-480x340.jpeg","width":480,"height":340,"mime-type":"image\/jpeg","url":"https:\/\/agencelusofrancaiseimmobilier.com\/wp-content\/uploads\/2021\/10\/IMG_1887-480x340.jpeg"}},"image_meta":{"aperture":"1.8","credit":"","camera":"iPhone SE (2nd generation)","caption":"","created_timestamp":"1627319705","copyright":"","focal_length":"3.99","iso":"64","shutter_speed":"0.0082644628099174","title":"","orientation":"1","keywords":[]},"original_image":"IMG_1887.jpeg","ID":"4987","name":"IMG_1887-scaled.jpeg","path":"\/home\/agenceluhr\/www\/wp-content\/uploads\/2021\/10\/IMG_1887-scaled.jpeg","url":"https:\/\/agencelusofrancaiseimmobilier.com\/wp-content\/uploads\/2021\/10\/IMG_1887-150x150.jpeg","full_url":"https:\/\/agencelusofrancaiseimmobilier.com\/wp-content\/uploads\/2021\/10\/IMG_1887-scaled.jpeg","title":"casa de banho","caption":"","description":"","alt":"maison T3 Valen\u00e7a","srcset":"https:\/\/agencelusofrancaiseimmobilier.com\/wp-content\/uploads\/2021\/10\/IMG_1887-150x150.jpeg 150w, https:\/\/agencelusofrancaiseimmobilier.com\/wp-content\/uploads\/2021\/10\/IMG_1887-1000x1000.jpeg 1000w, https:\/\/agencelusofrancaiseimmobilier.com\/wp-content\/uploads\/2021\/10\/IMG_1887-480x480.jpeg 480w"},{"width":150,"height":150,"file":"2021\/10\/VAL9-scaled.jpeg","sizes":{"medium":{"file":"VAL9-300x225.jpeg","width":300,"height":225,"mime-type":"image\/jpeg","url":"https:\/\/agencelusofrancaiseimmobilier.com\/wp-content\/uploads\/2021\/10\/VAL9-300x225.jpeg"},"large":{"file":"VAL9-1024x768.jpeg","width":1024,"height":768,"mime-type":"image\/jpeg","url":"https:\/\/agencelusofrancaiseimmobilier.com\/wp-content\/uploads\/2021\/10\/VAL9-1024x768.jpeg"},"thumbnail":{"file":"VAL9-150x150.jpeg","width":150,"height":150,"mime-type":"image\/jpeg","url":"https:\/\/agencelusofrancaiseimmobilier.com\/wp-content\/uploads\/2021\/10\/VAL9-150x150.jpeg"},"medium_large":{"file":"VAL9-768x576.jpeg","width":768,"height":576,"mime-type":"image\/jpeg","url":"https:\/\/agencelusofrancaiseimmobilier.com\/wp-content\/uploads\/2021\/10\/VAL9-768x576.jpeg"},"1536x1536":{"file":"VAL9-1536x1152.jpeg","width":1536,"height":1152,"mime-type":"image\/jpeg","url":"https:\/\/agencelusofrancaiseimmobilier.com\/wp-content\/uploads\/2021\/10\/VAL9-1536x1152.jpeg"},"2048x2048":{"file":"VAL9-2048x1536.jpeg","width":2048,"height":1536,"mime-type":"image\/jpeg","url":"https:\/\/agencelusofrancaiseimmobilier.com\/wp-content\/uploads\/2021\/10\/VAL9-2048x1536.jpeg"},"layers-square-large":{"file":"VAL9-1000x1000.jpeg","width":1000,"height":1000,"mime-type":"image\/jpeg","url":"https:\/\/agencelusofrancaiseimmobilier.com\/wp-content\/uploads\/2021\/10\/VAL9-1000x1000.jpeg"},"layers-portrait-large":{"file":"VAL9-720x1000.jpeg","width":720,"height":1000,"mime-type":"image\/jpeg","url":"https:\/\/agencelusofrancaiseimmobilier.com\/wp-content\/uploads\/2021\/10\/VAL9-720x1000.jpeg"},"layers-landscape-large":{"file":"VAL9-1000x720.jpeg","width":1000,"height":720,"mime-type":"image\/jpeg","url":"https:\/\/agencelusofrancaiseimmobilier.com\/wp-content\/uploads\/2021\/10\/VAL9-1000x720.jpeg"},"layers-square-medium":{"file":"VAL9-480x480.jpeg","width":480,"height":480,"mime-type":"image\/jpeg","url":"https:\/\/agencelusofrancaiseimmobilier.com\/wp-content\/uploads\/2021\/10\/VAL9-480x480.jpeg"},"layers-portrait-medium":{"file":"VAL9-340x480.jpeg","width":340,"height":480,"mime-type":"image\/jpeg","url":"https:\/\/agencelusofrancaiseimmobilier.com\/wp-content\/uploads\/2021\/10\/VAL9-340x480.jpeg"},"layers-landscape-medium":{"file":"VAL9-480x340.jpeg","width":480,"height":340,"mime-type":"image\/jpeg","url":"https:\/\/agencelusofrancaiseimmobilier.com\/wp-content\/uploads\/2021\/10\/VAL9-480x340.jpeg"}},"image_meta":{"aperture":"1.8","credit":"","camera":"iPhone SE (2nd generation)","caption":"","created_timestamp":"1627320794","copyright":"","focal_length":"3.99","iso":"20","shutter_speed":"0.00066711140760507","title":"","orientation":"1","keywords":[]},"original_image":"VAL9.jpeg","ID":"4986","name":"VAL9-scaled.jpeg","path":"\/home\/agenceluhr\/www\/wp-content\/uploads\/2021\/10\/VAL9-scaled.jpeg","url":"https:\/\/agencelusofrancaiseimmobilier.com\/wp-content\/uploads\/2021\/10\/VAL9-150x150.jpeg","full_url":"https:\/\/agencelusofrancaiseimmobilier.com\/wp-content\/uploads\/2021\/10\/VAL9-scaled.jpeg","title":"terra","caption":"","description":"","alt":"maison T3 Valen\u00e7a","srcset":"https:\/\/agencelusofrancaiseimmobilier.com\/wp-content\/uploads\/2021\/10\/VAL9-150x150.jpeg 150w, https:\/\/agencelusofrancaiseimmobilier.com\/wp-content\/uploads\/2021\/10\/VAL9-1000x1000.jpeg 1000w, https:\/\/agencelusofrancaiseimmobilier.com\/wp-content\/uploads\/2021\/10\/VAL9-480x480.jpeg 480w"},{"width":150,"height":150,"file":"2021\/10\/VAL8-scaled.jpeg","sizes":{"medium":{"file":"VAL8-300x225.jpeg","width":300,"height":225,"mime-type":"image\/jpeg","url":"https:\/\/agencelusofrancaiseimmobilier.com\/wp-content\/uploads\/2021\/10\/VAL8-300x225.jpeg"},"large":{"file":"VAL8-1024x768.jpeg","width":1024,"height":768,"mime-type":"image\/jpeg","url":"https:\/\/agencelusofrancaiseimmobilier.com\/wp-content\/uploads\/2021\/10\/VAL8-1024x768.jpeg"},"thumbnail":{"file":"VAL8-150x150.jpeg","width":150,"height":150,"mime-type":"image\/jpeg","url":"https:\/\/agencelusofrancaiseimmobilier.com\/wp-content\/uploads\/2021\/10\/VAL8-150x150.jpeg"},"medium_large":{"file":"VAL8-768x576.jpeg","width":768,"height":576,"mime-type":"image\/jpeg","url":"https:\/\/agencelusofrancaiseimmobilier.com\/wp-content\/uploads\/2021\/10\/VAL8-768x576.jpeg"},"1536x1536":{"file":"VAL8-1536x1152.jpeg","width":1536,"height":1152,"mime-type":"image\/jpeg","url":"https:\/\/agencelusofrancaiseimmobilier.com\/wp-content\/uploads\/2021\/10\/VAL8-1536x1152.jpeg"},"2048x2048":{"file":"VAL8-2048x1536.jpeg","width":2048,"height":1536,"mime-type":"image\/jpeg","url":"https:\/\/agencelusofrancaiseimmobilier.com\/wp-content\/uploads\/2021\/10\/VAL8-2048x1536.jpeg"},"layers-square-large":{"file":"VAL8-1000x1000.jpeg","width":1000,"height":1000,"mime-type":"image\/jpeg","url":"https:\/\/agencelusofrancaiseimmobilier.com\/wp-content\/uploads\/2021\/10\/VAL8-1000x1000.jpeg"},"layers-portrait-large":{"file":"VAL8-720x1000.jpeg","width":720,"height":1000,"mime-type":"image\/jpeg","url":"https:\/\/agencelusofrancaiseimmobilier.com\/wp-content\/uploads\/2021\/10\/VAL8-720x1000.jpeg"},"layers-landscape-large":{"file":"VAL8-1000x720.jpeg","width":1000,"height":720,"mime-type":"image\/jpeg","url":"https:\/\/agencelusofrancaiseimmobilier.com\/wp-content\/uploads\/2021\/10\/VAL8-1000x720.jpeg"},"layers-square-medium":{"file":"VAL8-480x480.jpeg","width":480,"height":480,"mime-type":"image\/jpeg","url":"https:\/\/agencelusofrancaiseimmobilier.com\/wp-content\/uploads\/2021\/10\/VAL8-480x480.jpeg"},"layers-portrait-medium":{"file":"VAL8-340x480.jpeg","width":340,"height":480,"mime-type":"image\/jpeg","url":"https:\/\/agencelusofrancaiseimmobilier.com\/wp-content\/uploads\/2021\/10\/VAL8-340x480.jpeg"},"layers-landscape-medium":{"file":"VAL8-480x340.jpeg","width":480,"height":340,"mime-type":"image\/jpeg","url":"https:\/\/agencelusofrancaiseimmobilier.com\/wp-content\/uploads\/2021\/10\/VAL8-480x340.jpeg"}},"image_meta":{"aperture":"1.8","credit":"","camera":"iPhone SE (2nd generation)","caption":"","created_timestamp":"1627319566","copyright":"","focal_length":"3.99","iso":"80","shutter_speed":"0.0085470085470085","title":"","orientation":"1","keywords":[]},"original_image":"VAL8.jpeg","ID":"4985","name":"VAL8-scaled.jpeg","path":"\/home\/agenceluhr\/www\/wp-content\/uploads\/2021\/10\/VAL8-scaled.jpeg","url":"https:\/\/agencelusofrancaiseimmobilier.com\/wp-content\/uploads\/2021\/10\/VAL8-150x150.jpeg","full_url":"https:\/\/agencelusofrancaiseimmobilier.com\/wp-content\/uploads\/2021\/10\/VAL8-scaled.jpeg","title":"escrit\u00f3rio","caption":"","description":"","alt":"maison T3 Valen\u00e7a","srcset":"https:\/\/agencelusofrancaiseimmobilier.com\/wp-content\/uploads\/2021\/10\/VAL8-150x150.jpeg 150w, https:\/\/agencelusofrancaiseimmobilier.com\/wp-content\/uploads\/2021\/10\/VAL8-1000x1000.jpeg 1000w, https:\/\/agencelusofrancaiseimmobilier.com\/wp-content\/uploads\/2021\/10\/VAL8-480x480.jpeg 480w"},{"width":150,"height":150,"file":"2021\/10\/VAL7-scaled.jpeg","sizes":{"medium":{"file":"VAL7-300x225.jpeg","width":300,"height":225,"mime-type":"image\/jpeg","url":"https:\/\/agencelusofrancaiseimmobilier.com\/wp-content\/uploads\/2021\/10\/VAL7-300x225.jpeg"},"large":{"file":"VAL7-1024x768.jpeg","width":1024,"height":768,"mime-type":"image\/jpeg","url":"https:\/\/agencelusofrancaiseimmobilier.com\/wp-content\/uploads\/2021\/10\/VAL7-1024x768.jpeg"},"thumbnail":{"file":"VAL7-150x150.jpeg","width":150,"height":150,"mime-type":"image\/jpeg","url":"https:\/\/agencelusofrancaiseimmobilier.com\/wp-content\/uploads\/2021\/10\/VAL7-150x150.jpeg"},"medium_large":{"file":"VAL7-768x576.jpeg","width":768,"height":576,"mime-type":"image\/jpeg","url":"https:\/\/agencelusofrancaiseimmobilier.com\/wp-content\/uploads\/2021\/10\/VAL7-768x576.jpeg"},"1536x1536":{"file":"VAL7-1536x1152.jpeg","width":1536,"height":1152,"mime-type":"image\/jpeg","url":"https:\/\/agencelusofrancaiseimmobilier.com\/wp-content\/uploads\/2021\/10\/VAL7-1536x1152.jpeg"},"2048x2048":{"file":"VAL7-2048x1536.jpeg","width":2048,"height":1536,"mime-type":"image\/jpeg","url":"https:\/\/agencelusofrancaiseimmobilier.com\/wp-content\/uploads\/2021\/10\/VAL7-2048x1536.jpeg"},"layers-square-large":{"file":"VAL7-1000x1000.jpeg","width":1000,"height":1000,"mime-type":"image\/jpeg","url":"https:\/\/agencelusofrancaiseimmobilier.com\/wp-content\/uploads\/2021\/10\/VAL7-1000x1000.jpeg"},"layers-portrait-large":{"file":"VAL7-720x1000.jpeg","width":720,"height":1000,"mime-type":"image\/jpeg","url":"https:\/\/agencelusofrancaiseimmobilier.com\/wp-content\/uploads\/2021\/10\/VAL7-720x1000.jpeg"},"layers-landscape-large":{"file":"VAL7-1000x720.jpeg","width":1000,"height":720,"mime-type":"image\/jpeg","url":"https:\/\/agencelusofrancaiseimmobilier.com\/wp-content\/uploads\/2021\/10\/VAL7-1000x720.jpeg"},"layers-square-medium":{"file":"VAL7-480x480.jpeg","width":480,"height":480,"mime-type":"image\/jpeg","url":"https:\/\/agencelusofrancaiseimmobilier.com\/wp-content\/uploads\/2021\/10\/VAL7-480x480.jpeg"},"layers-portrait-medium":{"file":"VAL7-340x480.jpeg","width":340,"height":480,"mime-type":"image\/jpeg","url":"https:\/\/agencelusofrancaiseimmobilier.com\/wp-content\/uploads\/2021\/10\/VAL7-340x480.jpeg"},"layers-landscape-medium":{"file":"VAL7-480x340.jpeg","width":480,"height":340,"mime-type":"image\/jpeg","url":"https:\/\/agencelusofrancaiseimmobilier.com\/wp-content\/uploads\/2021\/10\/VAL7-480x340.jpeg"}},"image_meta":{"aperture":"1.8","credit":"","camera":"iPhone SE (2nd generation)","caption":"","created_timestamp":"1627320469","copyright":"","focal_length":"3.99","iso":"20","shutter_speed":"0.0082644628099174","title":"","orientation":"1","keywords":[]},"original_image":"VAL7.jpeg","ID":"4984","name":"VAL7-scaled.jpeg","path":"\/home\/agenceluhr\/www\/wp-content\/uploads\/2021\/10\/VAL7-scaled.jpeg","url":"https:\/\/agencelusofrancaiseimmobilier.com\/wp-content\/uploads\/2021\/10\/VAL7-150x150.jpeg","full_url":"https:\/\/agencelusofrancaiseimmobilier.com\/wp-content\/uploads\/2021\/10\/VAL7-scaled.jpeg","title":"exterior","caption":"","description":"","alt":"maison T3 Valen\u00e7a","srcset":"https:\/\/agencelusofrancaiseimmobilier.com\/wp-content\/uploads\/2021\/10\/VAL7-150x150.jpeg 150w, https:\/\/agencelusofrancaiseimmobilier.com\/wp-content\/uploads\/2021\/10\/VAL7-1000x1000.jpeg 1000w, https:\/\/agencelusofrancaiseimmobilier.com\/wp-content\/uploads\/2021\/10\/VAL7-480x480.jpeg 480w"},{"width":150,"height":150,"file":"2021\/10\/VAL6-scaled.jpeg","sizes":{"medium":{"file":"VAL6-300x225.jpeg","width":300,"height":225,"mime-type":"image\/jpeg","url":"https:\/\/agencelusofrancaiseimmobilier.com\/wp-content\/uploads\/2021\/10\/VAL6-300x225.jpeg"},"large":{"file":"VAL6-1024x768.jpeg","width":1024,"height":768,"mime-type":"image\/jpeg","url":"https:\/\/agencelusofrancaiseimmobilier.com\/wp-content\/uploads\/2021\/10\/VAL6-1024x768.jpeg"},"thumbnail":{"file":"VAL6-150x150.jpeg","width":150,"height":150,"mime-type":"image\/jpeg","url":"https:\/\/agencelusofrancaiseimmobilier.com\/wp-content\/uploads\/2021\/10\/VAL6-150x150.jpeg"},"medium_large":{"file":"VAL6-768x576.jpeg","width":768,"height":576,"mime-type":"image\/jpeg","url":"https:\/\/agencelusofrancaiseimmobilier.com\/wp-content\/uploads\/2021\/10\/VAL6-768x576.jpeg"},"1536x1536":{"file":"VAL6-1536x1152.jpeg","width":1536,"height":1152,"mime-type":"image\/jpeg","url":"https:\/\/agencelusofrancaiseimmobilier.com\/wp-content\/uploads\/2021\/10\/VAL6-1536x1152.jpeg"},"2048x2048":{"file":"VAL6-2048x1536.jpeg","width":2048,"height":1536,"mime-type":"image\/jpeg","url":"https:\/\/agencelusofrancaiseimmobilier.com\/wp-content\/uploads\/2021\/10\/VAL6-2048x1536.jpeg"},"layers-square-large":{"file":"VAL6-1000x1000.jpeg","width":1000,"height":1000,"mime-type":"image\/jpeg","url":"https:\/\/agencelusofrancaiseimmobilier.com\/wp-content\/uploads\/2021\/10\/VAL6-1000x1000.jpeg"},"layers-portrait-large":{"file":"VAL6-720x1000.jpeg","width":720,"height":1000,"mime-type":"image\/jpeg","url":"https:\/\/agencelusofrancaiseimmobilier.com\/wp-content\/uploads\/2021\/10\/VAL6-720x1000.jpeg"},"layers-landscape-large":{"file":"VAL6-1000x720.jpeg","width":1000,"height":720,"mime-type":"image\/jpeg","url":"https:\/\/agencelusofrancaiseimmobilier.com\/wp-content\/uploads\/2021\/10\/VAL6-1000x720.jpeg"},"layers-square-medium":{"file":"VAL6-480x480.jpeg","width":480,"height":480,"mime-type":"image\/jpeg","url":"https:\/\/agencelusofrancaiseimmobilier.com\/wp-content\/uploads\/2021\/10\/VAL6-480x480.jpeg"},"layers-portrait-medium":{"file":"VAL6-340x480.jpeg","width":340,"height":480,"mime-type":"image\/jpeg","url":"https:\/\/agencelusofrancaiseimmobilier.com\/wp-content\/uploads\/2021\/10\/VAL6-340x480.jpeg"},"layers-landscape-medium":{"file":"VAL6-480x340.jpeg","width":480,"height":340,"mime-type":"image\/jpeg","url":"https:\/\/agencelusofrancaiseimmobilier.com\/wp-content\/uploads\/2021\/10\/VAL6-480x340.jpeg"}},"image_meta":{"aperture":"1.8","credit":"","camera":"iPhone SE (2nd generation)","caption":"","created_timestamp":"1627320285","copyright":"","focal_length":"3.99","iso":"20","shutter_speed":"0.0014792899408284","title":"","orientation":"1","keywords":[]},"original_image":"VAL6.jpeg","ID":"4983","name":"VAL6-scaled.jpeg","path":"\/home\/agenceluhr\/www\/wp-content\/uploads\/2021\/10\/VAL6-scaled.jpeg","url":"https:\/\/agencelusofrancaiseimmobilier.com\/wp-content\/uploads\/2021\/10\/VAL6-150x150.jpeg","full_url":"https:\/\/agencelusofrancaiseimmobilier.com\/wp-content\/uploads\/2021\/10\/VAL6-scaled.jpeg","title":"acesso ao escrit\u00f3rio","caption":"","description":"","alt":"maison T3 Valen\u00e7a","srcset":"https:\/\/agencelusofrancaiseimmobilier.com\/wp-content\/uploads\/2021\/10\/VAL6-150x150.jpeg 150w, https:\/\/agencelusofrancaiseimmobilier.com\/wp-content\/uploads\/2021\/10\/VAL6-1000x1000.jpeg 1000w, https:\/\/agencelusofrancaiseimmobilier.com\/wp-content\/uploads\/2021\/10\/VAL6-480x480.jpeg 480w"},{"width":150,"height":150,"file":"2021\/10\/VAL3-scaled.jpeg","sizes":{"medium":{"file":"VAL3-300x225.jpeg","width":300,"height":225,"mime-type":"image\/jpeg","url":"https:\/\/agencelusofrancaiseimmobilier.com\/wp-content\/uploads\/2021\/10\/VAL3-300x225.jpeg"},"large":{"file":"VAL3-1024x768.jpeg","width":1024,"height":768,"mime-type":"image\/jpeg","url":"https:\/\/agencelusofrancaiseimmobilier.com\/wp-content\/uploads\/2021\/10\/VAL3-1024x768.jpeg"},"thumbnail":{"file":"VAL3-150x150.jpeg","width":150,"height":150,"mime-type":"image\/jpeg","url":"https:\/\/agencelusofrancaiseimmobilier.com\/wp-content\/uploads\/2021\/10\/VAL3-150x150.jpeg"},"medium_large":{"file":"VAL3-768x576.jpeg","width":768,"height":576,"mime-type":"image\/jpeg","url":"https:\/\/agencelusofrancaiseimmobilier.com\/wp-content\/uploads\/2021\/10\/VAL3-768x576.jpeg"},"1536x1536":{"file":"VAL3-1536x1152.jpeg","width":1536,"height":1152,"mime-type":"image\/jpeg","url":"https:\/\/agencelusofrancaiseimmobilier.com\/wp-content\/uploads\/2021\/10\/VAL3-1536x1152.jpeg"},"2048x2048":{"file":"VAL3-2048x1536.jpeg","width":2048,"height":1536,"mime-type":"image\/jpeg","url":"https:\/\/agencelusofrancaiseimmobilier.com\/wp-content\/uploads\/2021\/10\/VAL3-2048x1536.jpeg"},"layers-square-large":{"file":"VAL3-1000x1000.jpeg","width":1000,"height":1000,"mime-type":"image\/jpeg","url":"https:\/\/agencelusofrancaiseimmobilier.com\/wp-content\/uploads\/2021\/10\/VAL3-1000x1000.jpeg"},"layers-portrait-large":{"file":"VAL3-720x1000.jpeg","width":720,"height":1000,"mime-type":"image\/jpeg","url":"https:\/\/agencelusofrancaiseimmobilier.com\/wp-content\/uploads\/2021\/10\/VAL3-720x1000.jpeg"},"layers-landscape-large":{"file":"VAL3-1000x720.jpeg","width":1000,"height":720,"mime-type":"image\/jpeg","url":"https:\/\/agencelusofrancaiseimmobilier.com\/wp-content\/uploads\/2021\/10\/VAL3-1000x720.jpeg"},"layers-square-medium":{"file":"VAL3-480x480.jpeg","width":480,"height":480,"mime-type":"image\/jpeg","url":"https:\/\/agencelusofrancaiseimmobilier.com\/wp-content\/uploads\/2021\/10\/VAL3-480x480.jpeg"},"layers-portrait-medium":{"file":"VAL3-340x480.jpeg","width":340,"height":480,"mime-type":"image\/jpeg","url":"https:\/\/agencelusofrancaiseimmobilier.com\/wp-content\/uploads\/2021\/10\/VAL3-340x480.jpeg"},"layers-landscape-medium":{"file":"VAL3-480x340.jpeg","width":480,"height":340,"mime-type":"image\/jpeg","url":"https:\/\/agencelusofrancaiseimmobilier.com\/wp-content\/uploads\/2021\/10\/VAL3-480x340.jpeg"}},"image_meta":{"aperture":"1.8","credit":"","camera":"iPhone SE (2nd generation)","caption":"","created_timestamp":"1627320631","copyright":"","focal_length":"3.99","iso":"20","shutter_speed":"0.00072886297376093","title":"","orientation":"1","keywords":[]},"original_image":"VAL3.jpeg","ID":"4982","name":"VAL3-scaled.jpeg","path":"\/home\/agenceluhr\/www\/wp-content\/uploads\/2021\/10\/VAL3-scaled.jpeg","url":"https:\/\/agencelusofrancaiseimmobilier.com\/wp-content\/uploads\/2021\/10\/VAL3-150x150.jpeg","full_url":"https:\/\/agencelusofrancaiseimmobilier.com\/wp-content\/uploads\/2021\/10\/VAL3-scaled.jpeg","title":"parque de estacionamento","caption":"","description":"","alt":"maison T3 Valen\u00e7a","srcset":"https:\/\/agencelusofrancaiseimmobilier.com\/wp-content\/uploads\/2021\/10\/VAL3-150x150.jpeg 150w, https:\/\/agencelusofrancaiseimmobilier.com\/wp-content\/uploads\/2021\/10\/VAL3-1000x1000.jpeg 1000w, https:\/\/agencelusofrancaiseimmobilier.com\/wp-content\/uploads\/2021\/10\/VAL3-480x480.jpeg 480w"},{"width":150,"height":150,"file":"2021\/10\/VAL2-scaled.jpeg","sizes":{"medium":{"file":"VAL2-300x225.jpeg","width":300,"height":225,"mime-type":"image\/jpeg","url":"https:\/\/agencelusofrancaiseimmobilier.com\/wp-content\/uploads\/2021\/10\/VAL2-300x225.jpeg"},"large":{"file":"VAL2-1024x768.jpeg","width":1024,"height":768,"mime-type":"image\/jpeg","url":"https:\/\/agencelusofrancaiseimmobilier.com\/wp-content\/uploads\/2021\/10\/VAL2-1024x768.jpeg"},"thumbnail":{"file":"VAL2-150x150.jpeg","width":150,"height":150,"mime-type":"image\/jpeg","url":"https:\/\/agencelusofrancaiseimmobilier.com\/wp-content\/uploads\/2021\/10\/VAL2-150x150.jpeg"},"medium_large":{"file":"VAL2-768x576.jpeg","width":768,"height":576,"mime-type":"image\/jpeg","url":"https:\/\/agencelusofrancaiseimmobilier.com\/wp-content\/uploads\/2021\/10\/VAL2-768x576.jpeg"},"1536x1536":{"file":"VAL2-1536x1152.jpeg","width":1536,"height":1152,"mime-type":"image\/jpeg","url":"https:\/\/agencelusofrancaiseimmobilier.com\/wp-content\/uploads\/2021\/10\/VAL2-1536x1152.jpeg"},"2048x2048":{"file":"VAL2-2048x1536.jpeg","width":2048,"height":1536,"mime-type":"image\/jpeg","url":"https:\/\/agencelusofrancaiseimmobilier.com\/wp-content\/uploads\/2021\/10\/VAL2-2048x1536.jpeg"},"layers-square-large":{"file":"VAL2-1000x1000.jpeg","width":1000,"height":1000,"mime-type":"image\/jpeg","url":"https:\/\/agencelusofrancaiseimmobilier.com\/wp-content\/uploads\/2021\/10\/VAL2-1000x1000.jpeg"},"layers-portrait-large":{"file":"VAL2-720x1000.jpeg","width":720,"height":1000,"mime-type":"image\/jpeg","url":"https:\/\/agencelusofrancaiseimmobilier.com\/wp-content\/uploads\/2021\/10\/VAL2-720x1000.jpeg"},"layers-landscape-large":{"file":"VAL2-1000x720.jpeg","width":1000,"height":720,"mime-type":"image\/jpeg","url":"https:\/\/agencelusofrancaiseimmobilier.com\/wp-content\/uploads\/2021\/10\/VAL2-1000x720.jpeg"},"layers-square-medium":{"file":"VAL2-480x480.jpeg","width":480,"height":480,"mime-type":"image\/jpeg","url":"https:\/\/agencelusofrancaiseimmobilier.com\/wp-content\/uploads\/2021\/10\/VAL2-480x480.jpeg"},"layers-portrait-medium":{"file":"VAL2-340x480.jpeg","width":340,"height":480,"mime-type":"image\/jpeg","url":"https:\/\/agencelusofrancaiseimmobilier.com\/wp-content\/uploads\/2021\/10\/VAL2-340x480.jpeg"},"layers-landscape-medium":{"file":"VAL2-480x340.jpeg","width":480,"height":340,"mime-type":"image\/jpeg","url":"https:\/\/agencelusofrancaiseimmobilier.com\/wp-content\/uploads\/2021\/10\/VAL2-480x340.jpeg"}},"image_meta":{"aperture":"1.8","credit":"","camera":"iPhone SE (2nd generation)","caption":"","created_timestamp":"1627320395","copyright":"","focal_length":"3.99","iso":"320","shutter_speed":"0.03030303030303","title":"","orientation":"1","keywords":[]},"original_image":"VAL2.jpeg","ID":"4981","name":"VAL2-scaled.jpeg","path":"\/home\/agenceluhr\/www\/wp-content\/uploads\/2021\/10\/VAL2-scaled.jpeg","url":"https:\/\/agencelusofrancaiseimmobilier.com\/wp-content\/uploads\/2021\/10\/VAL2-150x150.jpeg","full_url":"https:\/\/agencelusofrancaiseimmobilier.com\/wp-content\/uploads\/2021\/10\/VAL2-scaled.jpeg","title":"cave","caption":"","description":"","alt":"maison T3 Valen\u00e7a","srcset":"https:\/\/agencelusofrancaiseimmobilier.com\/wp-content\/uploads\/2021\/10\/VAL2-150x150.jpeg 150w, https:\/\/agencelusofrancaiseimmobilier.com\/wp-content\/uploads\/2021\/10\/VAL2-1000x1000.jpeg 1000w, https:\/\/agencelusofrancaiseimmobilier.com\/wp-content\/uploads\/2021\/10\/VAL2-480x480.jpeg 480w"},{"width":150,"height":150,"file":"2021\/10\/valenca20-scaled.jpeg","sizes":{"medium":{"file":"valenca20-300x225.jpeg","width":300,"height":225,"mime-type":"image\/jpeg","url":"https:\/\/agencelusofrancaiseimmobilier.com\/wp-content\/uploads\/2021\/10\/valenca20-300x225.jpeg"},"large":{"file":"valenca20-1024x768.jpeg","width":1024,"height":768,"mime-type":"image\/jpeg","url":"https:\/\/agencelusofrancaiseimmobilier.com\/wp-content\/uploads\/2021\/10\/valenca20-1024x768.jpeg"},"thumbnail":{"file":"valenca20-150x150.jpeg","width":150,"height":150,"mime-type":"image\/jpeg","url":"https:\/\/agencelusofrancaiseimmobilier.com\/wp-content\/uploads\/2021\/10\/valenca20-150x150.jpeg"},"medium_large":{"file":"valenca20-768x576.jpeg","width":768,"height":576,"mime-type":"image\/jpeg","url":"https:\/\/agencelusofrancaiseimmobilier.com\/wp-content\/uploads\/2021\/10\/valenca20-768x576.jpeg"},"1536x1536":{"file":"valenca20-1536x1152.jpeg","width":1536,"height":1152,"mime-type":"image\/jpeg","url":"https:\/\/agencelusofrancaiseimmobilier.com\/wp-content\/uploads\/2021\/10\/valenca20-1536x1152.jpeg"},"2048x2048":{"file":"valenca20-2048x1536.jpeg","width":2048,"height":1536,"mime-type":"image\/jpeg","url":"https:\/\/agencelusofrancaiseimmobilier.com\/wp-content\/uploads\/2021\/10\/valenca20-2048x1536.jpeg"},"layers-square-large":{"file":"valenca20-1000x1000.jpeg","width":1000,"height":1000,"mime-type":"image\/jpeg","url":"https:\/\/agencelusofrancaiseimmobilier.com\/wp-content\/uploads\/2021\/10\/valenca20-1000x1000.jpeg"},"layers-portrait-large":{"file":"valenca20-720x1000.jpeg","width":720,"height":1000,"mime-type":"image\/jpeg","url":"https:\/\/agencelusofrancaiseimmobilier.com\/wp-content\/uploads\/2021\/10\/valenca20-720x1000.jpeg"},"layers-landscape-large":{"file":"valenca20-1000x720.jpeg","width":1000,"height":720,"mime-type":"image\/jpeg","url":"https:\/\/agencelusofrancaiseimmobilier.com\/wp-content\/uploads\/2021\/10\/valenca20-1000x720.jpeg"},"layers-square-medium":{"file":"valenca20-480x480.jpeg","width":480,"height":480,"mime-type":"image\/jpeg","url":"https:\/\/agencelusofrancaiseimmobilier.com\/wp-content\/uploads\/2021\/10\/valenca20-480x480.jpeg"},"layers-portrait-medium":{"file":"valenca20-340x480.jpeg","width":340,"height":480,"mime-type":"image\/jpeg","url":"https:\/\/agencelusofrancaiseimmobilier.com\/wp-content\/uploads\/2021\/10\/valenca20-340x480.jpeg"},"layers-landscape-medium":{"file":"valenca20-480x340.jpeg","width":480,"height":340,"mime-type":"image\/jpeg","url":"https:\/\/agencelusofrancaiseimmobilier.com\/wp-content\/uploads\/2021\/10\/valenca20-480x340.jpeg"}},"image_meta":{"aperture":"1.8","credit":"","camera":"iPhone SE (2nd generation)","caption":"","created_timestamp":"1627320597","copyright":"","focal_length":"3.99","iso":"20","shutter_speed":"0.0010626992561105","title":"","orientation":"1","keywords":[]},"original_image":"valenca20.jpeg","ID":"4980","name":"valenca20-scaled.jpeg","path":"\/home\/agenceluhr\/www\/wp-content\/uploads\/2021\/10\/valenca20-scaled.jpeg","url":"https:\/\/agencelusofrancaiseimmobilier.com\/wp-content\/uploads\/2021\/10\/valenca20-150x150.jpeg","full_url":"https:\/\/agencelusofrancaiseimmobilier.com\/wp-content\/uploads\/2021\/10\/valenca20-scaled.jpeg","title":"fachada de rua","caption":"","description":"","alt":"maison T3 Valen\u00e7a","srcset":"https:\/\/agencelusofrancaiseimmobilier.com\/wp-content\/uploads\/2021\/10\/valenca20-150x150.jpeg 150w, https:\/\/agencelusofrancaiseimmobilier.com\/wp-content\/uploads\/2021\/10\/valenca20-1000x1000.jpeg 1000w, https:\/\/agencelusofrancaiseimmobilier.com\/wp-content\/uploads\/2021\/10\/valenca20-480x480.jpeg 480w"},{"width":150,"height":150,"file":"2021\/10\/valenca19-scaled.jpeg","sizes":{"medium":{"file":"valenca19-300x225.jpeg","width":300,"height":225,"mime-type":"image\/jpeg","url":"https:\/\/agencelusofrancaiseimmobilier.com\/wp-content\/uploads\/2021\/10\/valenca19-300x225.jpeg"},"large":{"file":"valenca19-1024x768.jpeg","width":1024,"height":768,"mime-type":"image\/jpeg","url":"https:\/\/agencelusofrancaiseimmobilier.com\/wp-content\/uploads\/2021\/10\/valenca19-1024x768.jpeg"},"thumbnail":{"file":"valenca19-150x150.jpeg","width":150,"height":150,"mime-type":"image\/jpeg","url":"https:\/\/agencelusofrancaiseimmobilier.com\/wp-content\/uploads\/2021\/10\/valenca19-150x150.jpeg"},"medium_large":{"file":"valenca19-768x576.jpeg","width":768,"height":576,"mime-type":"image\/jpeg","url":"https:\/\/agencelusofrancaiseimmobilier.com\/wp-content\/uploads\/2021\/10\/valenca19-768x576.jpeg"},"1536x1536":{"file":"valenca19-1536x1152.jpeg","width":1536,"height":1152,"mime-type":"image\/jpeg","url":"https:\/\/agencelusofrancaiseimmobilier.com\/wp-content\/uploads\/2021\/10\/valenca19-1536x1152.jpeg"},"2048x2048":{"file":"valenca19-2048x1536.jpeg","width":2048,"height":1536,"mime-type":"image\/jpeg","url":"https:\/\/agencelusofrancaiseimmobilier.com\/wp-content\/uploads\/2021\/10\/valenca19-2048x1536.jpeg"},"layers-square-large":{"file":"valenca19-1000x1000.jpeg","width":1000,"height":1000,"mime-type":"image\/jpeg","url":"https:\/\/agencelusofrancaiseimmobilier.com\/wp-content\/uploads\/2021\/10\/valenca19-1000x1000.jpeg"},"layers-portrait-large":{"file":"valenca19-720x1000.jpeg","width":720,"height":1000,"mime-type":"image\/jpeg","url":"https:\/\/agencelusofrancaiseimmobilier.com\/wp-content\/uploads\/2021\/10\/valenca19-720x1000.jpeg"},"layers-landscape-large":{"file":"valenca19-1000x720.jpeg","width":1000,"height":720,"mime-type":"image\/jpeg","url":"https:\/\/agencelusofrancaiseimmobilier.com\/wp-content\/uploads\/2021\/10\/valenca19-1000x720.jpeg"},"layers-square-medium":{"file":"valenca19-480x480.jpeg","width":480,"height":480,"mime-type":"image\/jpeg","url":"https:\/\/agencelusofrancaiseimmobilier.com\/wp-content\/uploads\/2021\/10\/valenca19-480x480.jpeg"},"layers-portrait-medium":{"file":"valenca19-340x480.jpeg","width":340,"height":480,"mime-type":"image\/jpeg","url":"https:\/\/agencelusofrancaiseimmobilier.com\/wp-content\/uploads\/2021\/10\/valenca19-340x480.jpeg"},"layers-landscape-medium":{"file":"valenca19-480x340.jpeg","width":480,"height":340,"mime-type":"image\/jpeg","url":"https:\/\/agencelusofrancaiseimmobilier.com\/wp-content\/uploads\/2021\/10\/valenca19-480x340.jpeg"}},"image_meta":{"aperture":"1.8","credit":"","camera":"iPhone SE (2nd generation)","caption":"","created_timestamp":"1627320855","copyright":"","focal_length":"3.99","iso":"20","shutter_speed":"0.00068823124569855","title":"","orientation":"1","keywords":[]},"original_image":"valenca19.jpeg","ID":"4979","name":"valenca19-scaled.jpeg","path":"\/home\/agenceluhr\/www\/wp-content\/uploads\/2021\/10\/valenca19-scaled.jpeg","url":"https:\/\/agencelusofrancaiseimmobilier.com\/wp-content\/uploads\/2021\/10\/valenca19-150x150.jpeg","full_url":"https:\/\/agencelusofrancaiseimmobilier.com\/wp-content\/uploads\/2021\/10\/valenca19-scaled.jpeg","title":"terra\u00e7o com cozinha de ver\u00e3o","caption":"","description":"","alt":"maison T3 Valen\u00e7a","srcset":"https:\/\/agencelusofrancaiseimmobilier.com\/wp-content\/uploads\/2021\/10\/valenca19-150x150.jpeg 150w, https:\/\/agencelusofrancaiseimmobilier.com\/wp-content\/uploads\/2021\/10\/valenca19-1000x1000.jpeg 1000w, https:\/\/agencelusofrancaiseimmobilier.com\/wp-content\/uploads\/2021\/10\/valenca19-480x480.jpeg 480w"},{"width":150,"height":150,"file":"2021\/10\/valenca18-scaled.jpeg","sizes":{"medium":{"file":"valenca18-300x225.jpeg","width":300,"height":225,"mime-type":"image\/jpeg","url":"https:\/\/agencelusofrancaiseimmobilier.com\/wp-content\/uploads\/2021\/10\/valenca18-300x225.jpeg"},"large":{"file":"valenca18-1024x768.jpeg","width":1024,"height":768,"mime-type":"image\/jpeg","url":"https:\/\/agencelusofrancaiseimmobilier.com\/wp-content\/uploads\/2021\/10\/valenca18-1024x768.jpeg"},"thumbnail":{"file":"valenca18-150x150.jpeg","width":150,"height":150,"mime-type":"image\/jpeg","url":"https:\/\/agencelusofrancaiseimmobilier.com\/wp-content\/uploads\/2021\/10\/valenca18-150x150.jpeg"},"medium_large":{"file":"valenca18-768x576.jpeg","width":768,"height":576,"mime-type":"image\/jpeg","url":"https:\/\/agencelusofrancaiseimmobilier.com\/wp-content\/uploads\/2021\/10\/valenca18-768x576.jpeg"},"1536x1536":{"file":"valenca18-1536x1152.jpeg","width":1536,"height":1152,"mime-type":"image\/jpeg","url":"https:\/\/agencelusofrancaiseimmobilier.com\/wp-content\/uploads\/2021\/10\/valenca18-1536x1152.jpeg"},"2048x2048":{"file":"valenca18-2048x1536.jpeg","width":2048,"height":1536,"mime-type":"image\/jpeg","url":"https:\/\/agencelusofrancaiseimmobilier.com\/wp-content\/uploads\/2021\/10\/valenca18-2048x1536.jpeg"},"layers-square-large":{"file":"valenca18-1000x1000.jpeg","width":1000,"height":1000,"mime-type":"image\/jpeg","url":"https:\/\/agencelusofrancaiseimmobilier.com\/wp-content\/uploads\/2021\/10\/valenca18-1000x1000.jpeg"},"layers-portrait-large":{"file":"valenca18-720x1000.jpeg","width":720,"height":1000,"mime-type":"image\/jpeg","url":"https:\/\/agencelusofrancaiseimmobilier.com\/wp-content\/uploads\/2021\/10\/valenca18-720x1000.jpeg"},"layers-landscape-large":{"file":"valenca18-1000x720.jpeg","width":1000,"height":720,"mime-type":"image\/jpeg","url":"https:\/\/agencelusofrancaiseimmobilier.com\/wp-content\/uploads\/2021\/10\/valenca18-1000x720.jpeg"},"layers-square-medium":{"file":"valenca18-480x480.jpeg","width":480,"height":480,"mime-type":"image\/jpeg","url":"https:\/\/agencelusofrancaiseimmobilier.com\/wp-content\/uploads\/2021\/10\/valenca18-480x480.jpeg"},"layers-portrait-medium":{"file":"valenca18-340x480.jpeg","width":340,"height":480,"mime-type":"image\/jpeg","url":"https:\/\/agencelusofrancaiseimmobilier.com\/wp-content\/uploads\/2021\/10\/valenca18-340x480.jpeg"},"layers-landscape-medium":{"file":"valenca18-480x340.jpeg","width":480,"height":340,"mime-type":"image\/jpeg","url":"https:\/\/agencelusofrancaiseimmobilier.com\/wp-content\/uploads\/2021\/10\/valenca18-480x340.jpeg"}},"image_meta":{"aperture":"1.8","credit":"","camera":"iPhone SE (2nd generation)","caption":"","created_timestamp":"1627320872","copyright":"","focal_length":"3.99","iso":"20","shutter_speed":"0.0044247787610619","title":"","orientation":"1","keywords":[]},"original_image":"valenca18.jpeg","ID":"4978","name":"valenca18-scaled.jpeg","path":"\/home\/agenceluhr\/www\/wp-content\/uploads\/2021\/10\/valenca18-scaled.jpeg","url":"https:\/\/agencelusofrancaiseimmobilier.com\/wp-content\/uploads\/2021\/10\/valenca18-150x150.jpeg","full_url":"https:\/\/agencelusofrancaiseimmobilier.com\/wp-content\/uploads\/2021\/10\/valenca18-scaled.jpeg","title":"cozinha de ver\u00e3o","caption":"","description":"","alt":"maison T3 Valen\u00e7a","srcset":"https:\/\/agencelusofrancaiseimmobilier.com\/wp-content\/uploads\/2021\/10\/valenca18-150x150.jpeg 150w, https:\/\/agencelusofrancaiseimmobilier.com\/wp-content\/uploads\/2021\/10\/valenca18-1000x1000.jpeg 1000w, https:\/\/agencelusofrancaiseimmobilier.com\/wp-content\/uploads\/2021\/10\/valenca18-480x480.jpeg 480w"},{"width":150,"height":150,"file":"2021\/10\/valenca17-scaled.jpeg","sizes":{"medium":{"file":"valenca17-300x225.jpeg","width":300,"height":225,"mime-type":"image\/jpeg","url":"https:\/\/agencelusofrancaiseimmobilier.com\/wp-content\/uploads\/2021\/10\/valenca17-300x225.jpeg"},"large":{"file":"valenca17-1024x768.jpeg","width":1024,"height":768,"mime-type":"image\/jpeg","url":"https:\/\/agencelusofrancaiseimmobilier.com\/wp-content\/uploads\/2021\/10\/valenca17-1024x768.jpeg"},"thumbnail":{"file":"valenca17-150x150.jpeg","width":150,"height":150,"mime-type":"image\/jpeg","url":"https:\/\/agencelusofrancaiseimmobilier.com\/wp-content\/uploads\/2021\/10\/valenca17-150x150.jpeg"},"medium_large":{"file":"valenca17-768x576.jpeg","width":768,"height":576,"mime-type":"image\/jpeg","url":"https:\/\/agencelusofrancaiseimmobilier.com\/wp-content\/uploads\/2021\/10\/valenca17-768x576.jpeg"},"1536x1536":{"file":"valenca17-1536x1152.jpeg","width":1536,"height":1152,"mime-type":"image\/jpeg","url":"https:\/\/agencelusofrancaiseimmobilier.com\/wp-content\/uploads\/2021\/10\/valenca17-1536x1152.jpeg"},"2048x2048":{"file":"valenca17-2048x1536.jpeg","width":2048,"height":1536,"mime-type":"image\/jpeg","url":"https:\/\/agencelusofrancaiseimmobilier.com\/wp-content\/uploads\/2021\/10\/valenca17-2048x1536.jpeg"},"layers-square-large":{"file":"valenca17-1000x1000.jpeg","width":1000,"height":1000,"mime-type":"image\/jpeg","url":"https:\/\/agencelusofrancaiseimmobilier.com\/wp-content\/uploads\/2021\/10\/valenca17-1000x1000.jpeg"},"layers-portrait-large":{"file":"valenca17-720x1000.jpeg","width":720,"height":1000,"mime-type":"image\/jpeg","url":"https:\/\/agencelusofrancaiseimmobilier.com\/wp-content\/uploads\/2021\/10\/valenca17-720x1000.jpeg"},"layers-landscape-large":{"file":"valenca17-1000x720.jpeg","width":1000,"height":720,"mime-type":"image\/jpeg","url":"https:\/\/agencelusofrancaiseimmobilier.com\/wp-content\/uploads\/2021\/10\/valenca17-1000x720.jpeg"},"layers-square-medium":{"file":"valenca17-480x480.jpeg","width":480,"height":480,"mime-type":"image\/jpeg","url":"https:\/\/agencelusofrancaiseimmobilier.com\/wp-content\/uploads\/2021\/10\/valenca17-480x480.jpeg"},"layers-portrait-medium":{"file":"valenca17-340x480.jpeg","width":340,"height":480,"mime-type":"image\/jpeg","url":"https:\/\/agencelusofrancaiseimmobilier.com\/wp-content\/uploads\/2021\/10\/valenca17-340x480.jpeg"},"layers-landscape-medium":{"file":"valenca17-480x340.jpeg","width":480,"height":340,"mime-type":"image\/jpeg","url":"https:\/\/agencelusofrancaiseimmobilier.com\/wp-content\/uploads\/2021\/10\/valenca17-480x340.jpeg"}},"image_meta":{"aperture":"1.8","credit":"","camera":"iPhone SE (2nd generation)","caption":"","created_timestamp":"1627319906","copyright":"","focal_length":"3.99","iso":"400","shutter_speed":"0.03030303030303","title":"","orientation":"1","keywords":[]},"original_image":"valenca17.jpeg","ID":"4977","name":"valenca17-scaled.jpeg","path":"\/home\/agenceluhr\/www\/wp-content\/uploads\/2021\/10\/valenca17-scaled.jpeg","url":"https:\/\/agencelusofrancaiseimmobilier.com\/wp-content\/uploads\/2021\/10\/valenca17-150x150.jpeg","full_url":"https:\/\/agencelusofrancaiseimmobilier.com\/wp-content\/uploads\/2021\/10\/valenca17-scaled.jpeg","title":"escada para o s\u00f3t\u00e3o","caption":"","description":"","alt":"Maison T3 Valen\u00e7a","srcset":"https:\/\/agencelusofrancaiseimmobilier.com\/wp-content\/uploads\/2021\/10\/valenca17-150x150.jpeg 150w, https:\/\/agencelusofrancaiseimmobilier.com\/wp-content\/uploads\/2021\/10\/valenca17-1000x1000.jpeg 1000w, https:\/\/agencelusofrancaiseimmobilier.com\/wp-content\/uploads\/2021\/10\/valenca17-480x480.jpeg 480w"},{"width":150,"height":150,"file":"2021\/10\/valenca16-scaled.jpeg","sizes":{"medium":{"file":"valenca16-300x225.jpeg","width":300,"height":225,"mime-type":"image\/jpeg","url":"https:\/\/agencelusofrancaiseimmobilier.com\/wp-content\/uploads\/2021\/10\/valenca16-300x225.jpeg"},"large":{"file":"valenca16-1024x768.jpeg","width":1024,"height":768,"mime-type":"image\/jpeg","url":"https:\/\/agencelusofrancaiseimmobilier.com\/wp-content\/uploads\/2021\/10\/valenca16-1024x768.jpeg"},"thumbnail":{"file":"valenca16-150x150.jpeg","width":150,"height":150,"mime-type":"image\/jpeg","url":"https:\/\/agencelusofrancaiseimmobilier.com\/wp-content\/uploads\/2021\/10\/valenca16-150x150.jpeg"},"medium_large":{"file":"valenca16-768x576.jpeg","width":768,"height":576,"mime-type":"image\/jpeg","url":"https:\/\/agencelusofrancaiseimmobilier.com\/wp-content\/uploads\/2021\/10\/valenca16-768x576.jpeg"},"1536x1536":{"file":"valenca16-1536x1152.jpeg","width":1536,"height":1152,"mime-type":"image\/jpeg","url":"https:\/\/agencelusofrancaiseimmobilier.com\/wp-content\/uploads\/2021\/10\/valenca16-1536x1152.jpeg"},"2048x2048":{"file":"valenca16-2048x1536.jpeg","width":2048,"height":1536,"mime-type":"image\/jpeg","url":"https:\/\/agencelusofrancaiseimmobilier.com\/wp-content\/uploads\/2021\/10\/valenca16-2048x1536.jpeg"},"layers-square-large":{"file":"valenca16-1000x1000.jpeg","width":1000,"height":1000,"mime-type":"image\/jpeg","url":"https:\/\/agencelusofrancaiseimmobilier.com\/wp-content\/uploads\/2021\/10\/valenca16-1000x1000.jpeg"},"layers-portrait-large":{"file":"valenca16-720x1000.jpeg","width":720,"height":1000,"mime-type":"image\/jpeg","url":"https:\/\/agencelusofrancaiseimmobilier.com\/wp-content\/uploads\/2021\/10\/valenca16-720x1000.jpeg"},"layers-landscape-large":{"file":"valenca16-1000x720.jpeg","width":1000,"height":720,"mime-type":"image\/jpeg","url":"https:\/\/agencelusofrancaiseimmobilier.com\/wp-content\/uploads\/2021\/10\/valenca16-1000x720.jpeg"},"layers-square-medium":{"file":"valenca16-480x480.jpeg","width":480,"height":480,"mime-type":"image\/jpeg","url":"https:\/\/agencelusofrancaiseimmobilier.com\/wp-content\/uploads\/2021\/10\/valenca16-480x480.jpeg"},"layers-portrait-medium":{"file":"valenca16-340x480.jpeg","width":340,"height":480,"mime-type":"image\/jpeg","url":"https:\/\/agencelusofrancaiseimmobilier.com\/wp-content\/uploads\/2021\/10\/valenca16-340x480.jpeg"},"layers-landscape-medium":{"file":"valenca16-480x340.jpeg","width":480,"height":340,"mime-type":"image\/jpeg","url":"https:\/\/agencelusofrancaiseimmobilier.com\/wp-content\/uploads\/2021\/10\/valenca16-480x340.jpeg"}},"image_meta":{"aperture":"1.8","credit":"","camera":"iPhone SE (2nd generation)","caption":"","created_timestamp":"1627319927","copyright":"","focal_length":"3.99","iso":"40","shutter_speed":"0.0082644628099174","title":"","orientation":"1","keywords":[]},"original_image":"valenca16.jpeg","ID":"4976","name":"valenca16-scaled.jpeg","path":"\/home\/agenceluhr\/www\/wp-content\/uploads\/2021\/10\/valenca16-scaled.jpeg","url":"https:\/\/agencelusofrancaiseimmobilier.com\/wp-content\/uploads\/2021\/10\/valenca16-150x150.jpeg","full_url":"https:\/\/agencelusofrancaiseimmobilier.com\/wp-content\/uploads\/2021\/10\/valenca16-scaled.jpeg","title":"QUARTO 2","caption":"","description":"","alt":"Maison T3 Valen\u00e7a","srcset":"https:\/\/agencelusofrancaiseimmobilier.com\/wp-content\/uploads\/2021\/10\/valenca16-150x150.jpeg 150w, https:\/\/agencelusofrancaiseimmobilier.com\/wp-content\/uploads\/2021\/10\/valenca16-1000x1000.jpeg 1000w, https:\/\/agencelusofrancaiseimmobilier.com\/wp-content\/uploads\/2021\/10\/valenca16-480x480.jpeg 480w"},{"width":150,"height":150,"file":"2021\/10\/valenca14-scaled.jpeg","sizes":{"medium":{"file":"valenca14-300x225.jpeg","width":300,"height":225,"mime-type":"image\/jpeg","url":"https:\/\/agencelusofrancaiseimmobilier.com\/wp-content\/uploads\/2021\/10\/valenca14-300x225.jpeg"},"large":{"file":"valenca14-1024x768.jpeg","width":1024,"height":768,"mime-type":"image\/jpeg","url":"https:\/\/agencelusofrancaiseimmobilier.com\/wp-content\/uploads\/2021\/10\/valenca14-1024x768.jpeg"},"thumbnail":{"file":"valenca14-150x150.jpeg","width":150,"height":150,"mime-type":"image\/jpeg","url":"https:\/\/agencelusofrancaiseimmobilier.com\/wp-content\/uploads\/2021\/10\/valenca14-150x150.jpeg"},"medium_large":{"file":"valenca14-768x576.jpeg","width":768,"height":576,"mime-type":"image\/jpeg","url":"https:\/\/agencelusofrancaiseimmobilier.com\/wp-content\/uploads\/2021\/10\/valenca14-768x576.jpeg"},"1536x1536":{"file":"valenca14-1536x1152.jpeg","width":1536,"height":1152,"mime-type":"image\/jpeg","url":"https:\/\/agencelusofrancaiseimmobilier.com\/wp-content\/uploads\/2021\/10\/valenca14-1536x1152.jpeg"},"2048x2048":{"file":"valenca14-2048x1536.jpeg","width":2048,"height":1536,"mime-type":"image\/jpeg","url":"https:\/\/agencelusofrancaiseimmobilier.com\/wp-content\/uploads\/2021\/10\/valenca14-2048x1536.jpeg"},"layers-square-large":{"file":"valenca14-1000x1000.jpeg","width":1000,"height":1000,"mime-type":"image\/jpeg","url":"https:\/\/agencelusofrancaiseimmobilier.com\/wp-content\/uploads\/2021\/10\/valenca14-1000x1000.jpeg"},"layers-portrait-large":{"file":"valenca14-720x1000.jpeg","width":720,"height":1000,"mime-type":"image\/jpeg","url":"https:\/\/agencelusofrancaiseimmobilier.com\/wp-content\/uploads\/2021\/10\/valenca14-720x1000.jpeg"},"layers-landscape-large":{"file":"valenca14-1000x720.jpeg","width":1000,"height":720,"mime-type":"image\/jpeg","url":"https:\/\/agencelusofrancaiseimmobilier.com\/wp-content\/uploads\/2021\/10\/valenca14-1000x720.jpeg"},"layers-square-medium":{"file":"valenca14-480x480.jpeg","width":480,"height":480,"mime-type":"image\/jpeg","url":"https:\/\/agencelusofrancaiseimmobilier.com\/wp-content\/uploads\/2021\/10\/valenca14-480x480.jpeg"},"layers-portrait-medium":{"file":"valenca14-340x480.jpeg","width":340,"height":480,"mime-type":"image\/jpeg","url":"https:\/\/agencelusofrancaiseimmobilier.com\/wp-content\/uploads\/2021\/10\/valenca14-340x480.jpeg"},"layers-landscape-medium":{"file":"valenca14-480x340.jpeg","width":480,"height":340,"mime-type":"image\/jpeg","url":"https:\/\/agencelusofrancaiseimmobilier.com\/wp-content\/uploads\/2021\/10\/valenca14-480x340.jpeg"}},"image_meta":{"aperture":"1.8","credit":"","camera":"iPhone SE (2nd generation)","caption":"","created_timestamp":"1627320498","copyright":"","focal_length":"3.99","iso":"20","shutter_speed":"0.00047892720306513","title":"","orientation":"1","keywords":[]},"original_image":"valenca14.jpeg","ID":"4975","name":"valenca14-scaled.jpeg","path":"\/home\/agenceluhr\/www\/wp-content\/uploads\/2021\/10\/valenca14-scaled.jpeg","url":"https:\/\/agencelusofrancaiseimmobilier.com\/wp-content\/uploads\/2021\/10\/valenca14-150x150.jpeg","full_url":"https:\/\/agencelusofrancaiseimmobilier.com\/wp-content\/uploads\/2021\/10\/valenca14-scaled.jpeg","title":"AP\u00caNDICE","caption":"","description":"","alt":"Maison T3 Valen\u00e7a","srcset":"https:\/\/agencelusofrancaiseimmobilier.com\/wp-content\/uploads\/2021\/10\/valenca14-150x150.jpeg 150w, https:\/\/agencelusofrancaiseimmobilier.com\/wp-content\/uploads\/2021\/10\/valenca14-1000x1000.jpeg 1000w, https:\/\/agencelusofrancaiseimmobilier.com\/wp-content\/uploads\/2021\/10\/valenca14-480x480.jpeg 480w"},{"width":150,"height":150,"file":"2021\/10\/valenca13-scaled.jpeg","sizes":{"medium":{"file":"valenca13-300x225.jpeg","width":300,"height":225,"mime-type":"image\/jpeg","url":"https:\/\/agencelusofrancaiseimmobilier.com\/wp-content\/uploads\/2021\/10\/valenca13-300x225.jpeg"},"large":{"file":"valenca13-1024x768.jpeg","width":1024,"height":768,"mime-type":"image\/jpeg","url":"https:\/\/agencelusofrancaiseimmobilier.com\/wp-content\/uploads\/2021\/10\/valenca13-1024x768.jpeg"},"thumbnail":{"file":"valenca13-150x150.jpeg","width":150,"height":150,"mime-type":"image\/jpeg","url":"https:\/\/agencelusofrancaiseimmobilier.com\/wp-content\/uploads\/2021\/10\/valenca13-150x150.jpeg"},"medium_large":{"file":"valenca13-768x576.jpeg","width":768,"height":576,"mime-type":"image\/jpeg","url":"https:\/\/agencelusofrancaiseimmobilier.com\/wp-content\/uploads\/2021\/10\/valenca13-768x576.jpeg"},"1536x1536":{"file":"valenca13-1536x1152.jpeg","width":1536,"height":1152,"mime-type":"image\/jpeg","url":"https:\/\/agencelusofrancaiseimmobilier.com\/wp-content\/uploads\/2021\/10\/valenca13-1536x1152.jpeg"},"2048x2048":{"file":"valenca13-2048x1536.jpeg","width":2048,"height":1536,"mime-type":"image\/jpeg","url":"https:\/\/agencelusofrancaiseimmobilier.com\/wp-content\/uploads\/2021\/10\/valenca13-2048x1536.jpeg"},"layers-square-large":{"file":"valenca13-1000x1000.jpeg","width":1000,"height":1000,"mime-type":"image\/jpeg","url":"https:\/\/agencelusofrancaiseimmobilier.com\/wp-content\/uploads\/2021\/10\/valenca13-1000x1000.jpeg"},"layers-portrait-large":{"file":"valenca13-720x1000.jpeg","width":720,"height":1000,"mime-type":"image\/jpeg","url":"https:\/\/agencelusofrancaiseimmobilier.com\/wp-content\/uploads\/2021\/10\/valenca13-720x1000.jpeg"},"layers-landscape-large":{"file":"valenca13-1000x720.jpeg","width":1000,"height":720,"mime-type":"image\/jpeg","url":"https:\/\/agencelusofrancaiseimmobilier.com\/wp-content\/uploads\/2021\/10\/valenca13-1000x720.jpeg"},"layers-square-medium":{"file":"valenca13-480x480.jpeg","width":480,"height":480,"mime-type":"image\/jpeg","url":"https:\/\/agencelusofrancaiseimmobilier.com\/wp-content\/uploads\/2021\/10\/valenca13-480x480.jpeg"},"layers-portrait-medium":{"file":"valenca13-340x480.jpeg","width":340,"height":480,"mime-type":"image\/jpeg","url":"https:\/\/agencelusofrancaiseimmobilier.com\/wp-content\/uploads\/2021\/10\/valenca13-340x480.jpeg"},"layers-landscape-medium":{"file":"valenca13-480x340.jpeg","width":480,"height":340,"mime-type":"image\/jpeg","url":"https:\/\/agencelusofrancaiseimmobilier.com\/wp-content\/uploads\/2021\/10\/valenca13-480x340.jpeg"}},"image_meta":{"aperture":"1.8","credit":"","camera":"iPhone SE (2nd generation)","caption":"","created_timestamp":"1627320101","copyright":"","focal_length":"3.99","iso":"20","shutter_speed":"0.000625","title":"","orientation":"1","keywords":[]},"original_image":"valenca13.jpeg","ID":"4974","name":"valenca13-scaled.jpeg","path":"\/home\/agenceluhr\/www\/wp-content\/uploads\/2021\/10\/valenca13-scaled.jpeg","url":"https:\/\/agencelusofrancaiseimmobilier.com\/wp-content\/uploads\/2021\/10\/valenca13-150x150.jpeg","full_url":"https:\/\/agencelusofrancaiseimmobilier.com\/wp-content\/uploads\/2021\/10\/valenca13-scaled.jpeg","title":"terra\u00e7o","caption":"","description":"","alt":"maison T3 a Valen\u00e7a","srcset":"https:\/\/agencelusofrancaiseimmobilier.com\/wp-content\/uploads\/2021\/10\/valenca13-150x150.jpeg 150w, https:\/\/agencelusofrancaiseimmobilier.com\/wp-content\/uploads\/2021\/10\/valenca13-1000x1000.jpeg 1000w, https:\/\/agencelusofrancaiseimmobilier.com\/wp-content\/uploads\/2021\/10\/valenca13-480x480.jpeg 480w"},{"width":150,"height":150,"file":"2021\/10\/valenca12-scaled.jpeg","sizes":{"medium":{"file":"valenca12-300x225.jpeg","width":300,"height":225,"mime-type":"image\/jpeg","url":"https:\/\/agencelusofrancaiseimmobilier.com\/wp-content\/uploads\/2021\/10\/valenca12-300x225.jpeg"},"large":{"file":"valenca12-1024x768.jpeg","width":1024,"height":768,"mime-type":"image\/jpeg","url":"https:\/\/agencelusofrancaiseimmobilier.com\/wp-content\/uploads\/2021\/10\/valenca12-1024x768.jpeg"},"thumbnail":{"file":"valenca12-150x150.jpeg","width":150,"height":150,"mime-type":"image\/jpeg","url":"https:\/\/agencelusofrancaiseimmobilier.com\/wp-content\/uploads\/2021\/10\/valenca12-150x150.jpeg"},"medium_large":{"file":"valenca12-768x576.jpeg","width":768,"height":576,"mime-type":"image\/jpeg","url":"https:\/\/agencelusofrancaiseimmobilier.com\/wp-content\/uploads\/2021\/10\/valenca12-768x576.jpeg"},"1536x1536":{"file":"valenca12-1536x1152.jpeg","width":1536,"height":1152,"mime-type":"image\/jpeg","url":"https:\/\/agencelusofrancaiseimmobilier.com\/wp-content\/uploads\/2021\/10\/valenca12-1536x1152.jpeg"},"2048x2048":{"file":"valenca12-2048x1536.jpeg","width":2048,"height":1536,"mime-type":"image\/jpeg","url":"https:\/\/agencelusofrancaiseimmobilier.com\/wp-content\/uploads\/2021\/10\/valenca12-2048x1536.jpeg"},"layers-square-large":{"file":"valenca12-1000x1000.jpeg","width":1000,"height":1000,"mime-type":"image\/jpeg","url":"https:\/\/agencelusofrancaiseimmobilier.com\/wp-content\/uploads\/2021\/10\/valenca12-1000x1000.jpeg"},"layers-portrait-large":{"file":"valenca12-720x1000.jpeg","width":720,"height":1000,"mime-type":"image\/jpeg","url":"https:\/\/agencelusofrancaiseimmobilier.com\/wp-content\/uploads\/2021\/10\/valenca12-720x1000.jpeg"},"layers-landscape-large":{"file":"valenca12-1000x720.jpeg","width":1000,"height":720,"mime-type":"image\/jpeg","url":"https:\/\/agencelusofrancaiseimmobilier.com\/wp-content\/uploads\/2021\/10\/valenca12-1000x720.jpeg"},"layers-square-medium":{"file":"valenca12-480x480.jpeg","width":480,"height":480,"mime-type":"image\/jpeg","url":"https:\/\/agencelusofrancaiseimmobilier.com\/wp-content\/uploads\/2021\/10\/valenca12-480x480.jpeg"},"layers-portrait-medium":{"file":"valenca12-340x480.jpeg","width":340,"height":480,"mime-type":"image\/jpeg","url":"https:\/\/agencelusofrancaiseimmobilier.com\/wp-content\/uploads\/2021\/10\/valenca12-340x480.jpeg"},"layers-landscape-medium":{"file":"valenca12-480x340.jpeg","width":480,"height":340,"mime-type":"image\/jpeg","url":"https:\/\/agencelusofrancaiseimmobilier.com\/wp-content\/uploads\/2021\/10\/valenca12-480x340.jpeg"}},"image_meta":{"aperture":"1.8","credit":"","camera":"iPhone SE (2nd generation)","caption":"","created_timestamp":"1627320210","copyright":"","focal_length":"3.99","iso":"20","shutter_speed":"0.00079176563737134","title":"","orientation":"1","keywords":[]},"original_image":"valenca12.jpeg","ID":"4973","name":"valenca12-scaled.jpeg","path":"\/home\/agenceluhr\/www\/wp-content\/uploads\/2021\/10\/valenca12-scaled.jpeg","url":"https:\/\/agencelusofrancaiseimmobilier.com\/wp-content\/uploads\/2021\/10\/valenca12-150x150.jpeg","full_url":"https:\/\/agencelusofrancaiseimmobilier.com\/wp-content\/uploads\/2021\/10\/valenca12-scaled.jpeg","title":"jardim","caption":"","description":"","alt":"maison T3 Valen\u00e7a","srcset":"https:\/\/agencelusofrancaiseimmobilier.com\/wp-content\/uploads\/2021\/10\/valenca12-150x150.jpeg 150w, https:\/\/agencelusofrancaiseimmobilier.com\/wp-content\/uploads\/2021\/10\/valenca12-1000x1000.jpeg 1000w, https:\/\/agencelusofrancaiseimmobilier.com\/wp-content\/uploads\/2021\/10\/valenca12-480x480.jpeg 480w"},{"width":150,"height":150,"file":"2021\/10\/Valenca11-scaled.jpeg","sizes":{"medium":{"file":"Valenca11-300x225.jpeg","width":300,"height":225,"mime-type":"image\/jpeg","url":"https:\/\/agencelusofrancaiseimmobilier.com\/wp-content\/uploads\/2021\/10\/Valenca11-300x225.jpeg"},"large":{"file":"Valenca11-1024x768.jpeg","width":1024,"height":768,"mime-type":"image\/jpeg","url":"https:\/\/agencelusofrancaiseimmobilier.com\/wp-content\/uploads\/2021\/10\/Valenca11-1024x768.jpeg"},"thumbnail":{"file":"Valenca11-150x150.jpeg","width":150,"height":150,"mime-type":"image\/jpeg","url":"https:\/\/agencelusofrancaiseimmobilier.com\/wp-content\/uploads\/2021\/10\/Valenca11-150x150.jpeg"},"medium_large":{"file":"Valenca11-768x576.jpeg","width":768,"height":576,"mime-type":"image\/jpeg","url":"https:\/\/agencelusofrancaiseimmobilier.com\/wp-content\/uploads\/2021\/10\/Valenca11-768x576.jpeg"},"1536x1536":{"file":"Valenca11-1536x1152.jpeg","width":1536,"height":1152,"mime-type":"image\/jpeg","url":"https:\/\/agencelusofrancaiseimmobilier.com\/wp-content\/uploads\/2021\/10\/Valenca11-1536x1152.jpeg"},"2048x2048":{"file":"Valenca11-2048x1536.jpeg","width":2048,"height":1536,"mime-type":"image\/jpeg","url":"https:\/\/agencelusofrancaiseimmobilier.com\/wp-content\/uploads\/2021\/10\/Valenca11-2048x1536.jpeg"},"layers-square-large":{"file":"Valenca11-1000x1000.jpeg","width":1000,"height":1000,"mime-type":"image\/jpeg","url":"https:\/\/agencelusofrancaiseimmobilier.com\/wp-content\/uploads\/2021\/10\/Valenca11-1000x1000.jpeg"},"layers-portrait-large":{"file":"Valenca11-720x1000.jpeg","width":720,"height":1000,"mime-type":"image\/jpeg","url":"https:\/\/agencelusofrancaiseimmobilier.com\/wp-content\/uploads\/2021\/10\/Valenca11-720x1000.jpeg"},"layers-landscape-large":{"file":"Valenca11-1000x720.jpeg","width":1000,"height":720,"mime-type":"image\/jpeg","url":"https:\/\/agencelusofrancaiseimmobilier.com\/wp-content\/uploads\/2021\/10\/Valenca11-1000x720.jpeg"},"layers-square-medium":{"file":"Valenca11-480x480.jpeg","width":480,"height":480,"mime-type":"image\/jpeg","url":"https:\/\/agencelusofrancaiseimmobilier.com\/wp-content\/uploads\/2021\/10\/Valenca11-480x480.jpeg"},"layers-portrait-medium":{"file":"Valenca11-340x480.jpeg","width":340,"height":480,"mime-type":"image\/jpeg","url":"https:\/\/agencelusofrancaiseimmobilier.com\/wp-content\/uploads\/2021\/10\/Valenca11-340x480.jpeg"},"layers-landscape-medium":{"file":"Valenca11-480x340.jpeg","width":480,"height":340,"mime-type":"image\/jpeg","url":"https:\/\/agencelusofrancaiseimmobilier.com\/wp-content\/uploads\/2021\/10\/Valenca11-480x340.jpeg"}},"image_meta":{"aperture":"1.8","credit":"","camera":"iPhone SE (2nd generation)","caption":"","created_timestamp":"1627319517","copyright":"","focal_length":"3.99","iso":"125","shutter_speed":"0.016666666666667","title":"","orientation":"1","keywords":[]},"original_image":"Valenca11.jpeg","ID":"4972","name":"Valenca11-scaled.jpeg","path":"\/home\/agenceluhr\/www\/wp-content\/uploads\/2021\/10\/Valenca11-scaled.jpeg","url":"https:\/\/agencelusofrancaiseimmobilier.com\/wp-content\/uploads\/2021\/10\/Valenca11-150x150.jpeg","full_url":"https:\/\/agencelusofrancaiseimmobilier.com\/wp-content\/uploads\/2021\/10\/Valenca11-scaled.jpeg","title":"cozinha","caption":"","description":"","alt":"maison T3 Valen\u00e7a","srcset":"https:\/\/agencelusofrancaiseimmobilier.com\/wp-content\/uploads\/2021\/10\/Valenca11-150x150.jpeg 150w, https:\/\/agencelusofrancaiseimmobilier.com\/wp-content\/uploads\/2021\/10\/Valenca11-1000x1000.jpeg 1000w, https:\/\/agencelusofrancaiseimmobilier.com\/wp-content\/uploads\/2021\/10\/Valenca11-480x480.jpeg 480w"},{"width":150,"height":150,"file":"2021\/10\/Valenca10-scaled.jpeg","sizes":{"medium":{"file":"Valenca10-300x225.jpeg","width":300,"height":225,"mime-type":"image\/jpeg","url":"https:\/\/agencelusofrancaiseimmobilier.com\/wp-content\/uploads\/2021\/10\/Valenca10-300x225.jpeg"},"large":{"file":"Valenca10-1024x768.jpeg","width":1024,"height":768,"mime-type":"image\/jpeg","url":"https:\/\/agencelusofrancaiseimmobilier.com\/wp-content\/uploads\/2021\/10\/Valenca10-1024x768.jpeg"},"thumbnail":{"file":"Valenca10-150x150.jpeg","width":150,"height":150,"mime-type":"image\/jpeg","url":"https:\/\/agencelusofrancaiseimmobilier.com\/wp-content\/uploads\/2021\/10\/Valenca10-150x150.jpeg"},"medium_large":{"file":"Valenca10-768x576.jpeg","width":768,"height":576,"mime-type":"image\/jpeg","url":"https:\/\/agencelusofrancaiseimmobilier.com\/wp-content\/uploads\/2021\/10\/Valenca10-768x576.jpeg"},"1536x1536":{"file":"Valenca10-1536x1152.jpeg","width":1536,"height":1152,"mime-type":"image\/jpeg","url":"https:\/\/agencelusofrancaiseimmobilier.com\/wp-content\/uploads\/2021\/10\/Valenca10-1536x1152.jpeg"},"2048x2048":{"file":"Valenca10-2048x1536.jpeg","width":2048,"height":1536,"mime-type":"image\/jpeg","url":"https:\/\/agencelusofrancaiseimmobilier.com\/wp-content\/uploads\/2021\/10\/Valenca10-2048x1536.jpeg"},"layers-square-large":{"file":"Valenca10-1000x1000.jpeg","width":1000,"height":1000,"mime-type":"image\/jpeg","url":"https:\/\/agencelusofrancaiseimmobilier.com\/wp-content\/uploads\/2021\/10\/Valenca10-1000x1000.jpeg"},"layers-portrait-large":{"file":"Valenca10-720x1000.jpeg","width":720,"height":1000,"mime-type":"image\/jpeg","url":"https:\/\/agencelusofrancaiseimmobilier.com\/wp-content\/uploads\/2021\/10\/Valenca10-720x1000.jpeg"},"layers-landscape-large":{"file":"Valenca10-1000x720.jpeg","width":1000,"height":720,"mime-type":"image\/jpeg","url":"https:\/\/agencelusofrancaiseimmobilier.com\/wp-content\/uploads\/2021\/10\/Valenca10-1000x720.jpeg"},"layers-square-medium":{"file":"Valenca10-480x480.jpeg","width":480,"height":480,"mime-type":"image\/jpeg","url":"https:\/\/agencelusofrancaiseimmobilier.com\/wp-content\/uploads\/2021\/10\/Valenca10-480x480.jpeg"},"layers-portrait-medium":{"file":"Valenca10-340x480.jpeg","width":340,"height":480,"mime-type":"image\/jpeg","url":"https:\/\/agencelusofrancaiseimmobilier.com\/wp-content\/uploads\/2021\/10\/Valenca10-340x480.jpeg"},"layers-landscape-medium":{"file":"Valenca10-480x340.jpeg","width":480,"height":340,"mime-type":"image\/jpeg","url":"https:\/\/agencelusofrancaiseimmobilier.com\/wp-content\/uploads\/2021\/10\/Valenca10-480x340.jpeg"}},"image_meta":{"aperture":"1.8","credit":"","camera":"iPhone SE (2nd generation)","caption":"","created_timestamp":"1627319524","copyright":"","focal_length":"3.99","iso":"80","shutter_speed":"0.011494252873563","title":"","orientation":"1","keywords":[]},"original_image":"Valenca10.jpeg","ID":"4971","name":"Valenca10-scaled.jpeg","path":"\/home\/agenceluhr\/www\/wp-content\/uploads\/2021\/10\/Valenca10-scaled.jpeg","url":"https:\/\/agencelusofrancaiseimmobilier.com\/wp-content\/uploads\/2021\/10\/Valenca10-150x150.jpeg","full_url":"https:\/\/agencelusofrancaiseimmobilier.com\/wp-content\/uploads\/2021\/10\/Valenca10-scaled.jpeg","title":"ficar","caption":"","description":"","alt":"maison T3 Valen\u00e7a","srcset":"https:\/\/agencelusofrancaiseimmobilier.com\/wp-content\/uploads\/2021\/10\/Valenca10-150x150.jpeg 150w, https:\/\/agencelusofrancaiseimmobilier.com\/wp-content\/uploads\/2021\/10\/Valenca10-1000x1000.jpeg 1000w, https:\/\/agencelusofrancaiseimmobilier.com\/wp-content\/uploads\/2021\/10\/Valenca10-480x480.jpeg 480w"},{"width":150,"height":150,"file":"2021\/10\/Valenca9-scaled.jpeg","sizes":{"medium":{"file":"Valenca9-300x225.jpeg","width":300,"height":225,"mime-type":"image\/jpeg","url":"https:\/\/agencelusofrancaiseimmobilier.com\/wp-content\/uploads\/2021\/10\/Valenca9-300x225.jpeg"},"large":{"file":"Valenca9-1024x768.jpeg","width":1024,"height":768,"mime-type":"image\/jpeg","url":"https:\/\/agencelusofrancaiseimmobilier.com\/wp-content\/uploads\/2021\/10\/Valenca9-1024x768.jpeg"},"thumbnail":{"file":"Valenca9-150x150.jpeg","width":150,"height":150,"mime-type":"image\/jpeg","url":"https:\/\/agencelusofrancaiseimmobilier.com\/wp-content\/uploads\/2021\/10\/Valenca9-150x150.jpeg"},"medium_large":{"file":"Valenca9-768x576.jpeg","width":768,"height":576,"mime-type":"image\/jpeg","url":"https:\/\/agencelusofrancaiseimmobilier.com\/wp-content\/uploads\/2021\/10\/Valenca9-768x576.jpeg"},"1536x1536":{"file":"Valenca9-1536x1152.jpeg","width":1536,"height":1152,"mime-type":"image\/jpeg","url":"https:\/\/agencelusofrancaiseimmobilier.com\/wp-content\/uploads\/2021\/10\/Valenca9-1536x1152.jpeg"},"2048x2048":{"file":"Valenca9-2048x1536.jpeg","width":2048,"height":1536,"mime-type":"image\/jpeg","url":"https:\/\/agencelusofrancaiseimmobilier.com\/wp-content\/uploads\/2021\/10\/Valenca9-2048x1536.jpeg"},"layers-square-large":{"file":"Valenca9-1000x1000.jpeg","width":1000,"height":1000,"mime-type":"image\/jpeg","url":"https:\/\/agencelusofrancaiseimmobilier.com\/wp-content\/uploads\/2021\/10\/Valenca9-1000x1000.jpeg"},"layers-portrait-large":{"file":"Valenca9-720x1000.jpeg","width":720,"height":1000,"mime-type":"image\/jpeg","url":"https:\/\/agencelusofrancaiseimmobilier.com\/wp-content\/uploads\/2021\/10\/Valenca9-720x1000.jpeg"},"layers-landscape-large":{"file":"Valenca9-1000x720.jpeg","width":1000,"height":720,"mime-type":"image\/jpeg","url":"https:\/\/agencelusofrancaiseimmobilier.com\/wp-content\/uploads\/2021\/10\/Valenca9-1000x720.jpeg"},"layers-square-medium":{"file":"Valenca9-480x480.jpeg","width":480,"height":480,"mime-type":"image\/jpeg","url":"https:\/\/agencelusofrancaiseimmobilier.com\/wp-content\/uploads\/2021\/10\/Valenca9-480x480.jpeg"},"layers-portrait-medium":{"file":"Valenca9-340x480.jpeg","width":340,"height":480,"mime-type":"image\/jpeg","url":"https:\/\/agencelusofrancaiseimmobilier.com\/wp-content\/uploads\/2021\/10\/Valenca9-340x480.jpeg"},"layers-landscape-medium":{"file":"Valenca9-480x340.jpeg","width":480,"height":340,"mime-type":"image\/jpeg","url":"https:\/\/agencelusofrancaiseimmobilier.com\/wp-content\/uploads\/2021\/10\/Valenca9-480x340.jpeg"}},"image_meta":{"aperture":"1.8","credit":"","camera":"iPhone SE (2nd generation)","caption":"","created_timestamp":"1627319836","copyright":"","focal_length":"3.99","iso":"20","shutter_speed":"0.0028985507246377","title":"","orientation":"1","keywords":[]},"original_image":"Valenca9.jpeg","ID":"4970","name":"Valenca9-scaled.jpeg","path":"\/home\/agenceluhr\/www\/wp-content\/uploads\/2021\/10\/Valenca9-scaled.jpeg","url":"https:\/\/agencelusofrancaiseimmobilier.com\/wp-content\/uploads\/2021\/10\/Valenca9-150x150.jpeg","full_url":"https:\/\/agencelusofrancaiseimmobilier.com\/wp-content\/uploads\/2021\/10\/Valenca9-scaled.jpeg","title":"vesti\u00e1rio","caption":"","description":"","alt":"maison T3 Valen\u00e7a","srcset":"https:\/\/agencelusofrancaiseimmobilier.com\/wp-content\/uploads\/2021\/10\/Valenca9-150x150.jpeg 150w, https:\/\/agencelusofrancaiseimmobilier.com\/wp-content\/uploads\/2021\/10\/Valenca9-1000x1000.jpeg 1000w, https:\/\/agencelusofrancaiseimmobilier.com\/wp-content\/uploads\/2021\/10\/Valenca9-480x480.jpeg 480w"},{"width":150,"height":150,"file":"2021\/10\/valenca5-scaled.jpeg","sizes":{"medium":{"file":"valenca5-300x225.jpeg","width":300,"height":225,"mime-type":"image\/jpeg","url":"https:\/\/agencelusofrancaiseimmobilier.com\/wp-content\/uploads\/2021\/10\/valenca5-300x225.jpeg"},"large":{"file":"valenca5-1024x768.jpeg","width":1024,"height":768,"mime-type":"image\/jpeg","url":"https:\/\/agencelusofrancaiseimmobilier.com\/wp-content\/uploads\/2021\/10\/valenca5-1024x768.jpeg"},"thumbnail":{"file":"valenca5-150x150.jpeg","width":150,"height":150,"mime-type":"image\/jpeg","url":"https:\/\/agencelusofrancaiseimmobilier.com\/wp-content\/uploads\/2021\/10\/valenca5-150x150.jpeg"},"medium_large":{"file":"valenca5-768x576.jpeg","width":768,"height":576,"mime-type":"image\/jpeg","url":"https:\/\/agencelusofrancaiseimmobilier.com\/wp-content\/uploads\/2021\/10\/valenca5-768x576.jpeg"},"1536x1536":{"file":"valenca5-1536x1152.jpeg","width":1536,"height":1152,"mime-type":"image\/jpeg","url":"https:\/\/agencelusofrancaiseimmobilier.com\/wp-content\/uploads\/2021\/10\/valenca5-1536x1152.jpeg"},"2048x2048":{"file":"valenca5-2048x1536.jpeg","width":2048,"height":1536,"mime-type":"image\/jpeg","url":"https:\/\/agencelusofrancaiseimmobilier.com\/wp-content\/uploads\/2021\/10\/valenca5-2048x1536.jpeg"},"layers-square-large":{"file":"valenca5-1000x1000.jpeg","width":1000,"height":1000,"mime-type":"image\/jpeg","url":"https:\/\/agencelusofrancaiseimmobilier.com\/wp-content\/uploads\/2021\/10\/valenca5-1000x1000.jpeg"},"layers-portrait-large":{"file":"valenca5-720x1000.jpeg","width":720,"height":1000,"mime-type":"image\/jpeg","url":"https:\/\/agencelusofrancaiseimmobilier.com\/wp-content\/uploads\/2021\/10\/valenca5-720x1000.jpeg"},"layers-landscape-large":{"file":"valenca5-1000x720.jpeg","width":1000,"height":720,"mime-type":"image\/jpeg","url":"https:\/\/agencelusofrancaiseimmobilier.com\/wp-content\/uploads\/2021\/10\/valenca5-1000x720.jpeg"},"layers-square-medium":{"file":"valenca5-480x480.jpeg","width":480,"height":480,"mime-type":"image\/jpeg","url":"https:\/\/agencelusofrancaiseimmobilier.com\/wp-content\/uploads\/2021\/10\/valenca5-480x480.jpeg"},"layers-portrait-medium":{"file":"valenca5-340x480.jpeg","width":340,"height":480,"mime-type":"image\/jpeg","url":"https:\/\/agencelusofrancaiseimmobilier.com\/wp-content\/uploads\/2021\/10\/valenca5-340x480.jpeg"},"layers-landscape-medium":{"file":"valenca5-480x340.jpeg","width":480,"height":340,"mime-type":"image\/jpeg","url":"https:\/\/agencelusofrancaiseimmobilier.com\/wp-content\/uploads\/2021\/10\/valenca5-480x340.jpeg"}},"image_meta":{"aperture":"1.8","credit":"","camera":"iPhone SE (2nd generation)","caption":"","created_timestamp":"1627319798","copyright":"","focal_length":"3.99","iso":"64","shutter_speed":"0.0082644628099174","title":"","orientation":"1","keywords":[]},"original_image":"valenca5.jpeg","ID":"4969","name":"valenca5-scaled.jpeg","path":"\/home\/agenceluhr\/www\/wp-content\/uploads\/2021\/10\/valenca5-scaled.jpeg","url":"https:\/\/agencelusofrancaiseimmobilier.com\/wp-content\/uploads\/2021\/10\/valenca5-150x150.jpeg","full_url":"https:\/\/agencelusofrancaiseimmobilier.com\/wp-content\/uploads\/2021\/10\/valenca5-scaled.jpeg","title":"quarto","caption":"","description":"","alt":"Maison T3 Valen\u00e7a","srcset":"https:\/\/agencelusofrancaiseimmobilier.com\/wp-content\/uploads\/2021\/10\/valenca5-150x150.jpeg 150w, https:\/\/agencelusofrancaiseimmobilier.com\/wp-content\/uploads\/2021\/10\/valenca5-1000x1000.jpeg 1000w, https:\/\/agencelusofrancaiseimmobilier.com\/wp-content\/uploads\/2021\/10\/valenca5-480x480.jpeg 480w"},{"width":150,"height":150,"file":"2021\/10\/Valenca4-scaled.jpeg","sizes":{"medium":{"file":"Valenca4-300x225.jpeg","width":300,"height":225,"mime-type":"image\/jpeg","url":"https:\/\/agencelusofrancaiseimmobilier.com\/wp-content\/uploads\/2021\/10\/Valenca4-300x225.jpeg"},"large":{"file":"Valenca4-1024x768.jpeg","width":1024,"height":768,"mime-type":"image\/jpeg","url":"https:\/\/agencelusofrancaiseimmobilier.com\/wp-content\/uploads\/2021\/10\/Valenca4-1024x768.jpeg"},"thumbnail":{"file":"Valenca4-150x150.jpeg","width":150,"height":150,"mime-type":"image\/jpeg","url":"https:\/\/agencelusofrancaiseimmobilier.com\/wp-content\/uploads\/2021\/10\/Valenca4-150x150.jpeg"},"medium_large":{"file":"Valenca4-768x576.jpeg","width":768,"height":576,"mime-type":"image\/jpeg","url":"https:\/\/agencelusofrancaiseimmobilier.com\/wp-content\/uploads\/2021\/10\/Valenca4-768x576.jpeg"},"1536x1536":{"file":"Valenca4-1536x1152.jpeg","width":1536,"height":1152,"mime-type":"image\/jpeg","url":"https:\/\/agencelusofrancaiseimmobilier.com\/wp-content\/uploads\/2021\/10\/Valenca4-1536x1152.jpeg"},"2048x2048":{"file":"Valenca4-2048x1536.jpeg","width":2048,"height":1536,"mime-type":"image\/jpeg","url":"https:\/\/agencelusofrancaiseimmobilier.com\/wp-content\/uploads\/2021\/10\/Valenca4-2048x1536.jpeg"},"layers-square-large":{"file":"Valenca4-1000x1000.jpeg","width":1000,"height":1000,"mime-type":"image\/jpeg","url":"https:\/\/agencelusofrancaiseimmobilier.com\/wp-content\/uploads\/2021\/10\/Valenca4-1000x1000.jpeg"},"layers-portrait-large":{"file":"Valenca4-720x1000.jpeg","width":720,"height":1000,"mime-type":"image\/jpeg","url":"https:\/\/agencelusofrancaiseimmobilier.com\/wp-content\/uploads\/2021\/10\/Valenca4-720x1000.jpeg"},"layers-landscape-large":{"file":"Valenca4-1000x720.jpeg","width":1000,"height":720,"mime-type":"image\/jpeg","url":"https:\/\/agencelusofrancaiseimmobilier.com\/wp-content\/uploads\/2021\/10\/Valenca4-1000x720.jpeg"},"layers-square-medium":{"file":"Valenca4-480x480.jpeg","width":480,"height":480,"mime-type":"image\/jpeg","url":"https:\/\/agencelusofrancaiseimmobilier.com\/wp-content\/uploads\/2021\/10\/Valenca4-480x480.jpeg"},"layers-portrait-medium":{"file":"Valenca4-340x480.jpeg","width":340,"height":480,"mime-type":"image\/jpeg","url":"https:\/\/agencelusofrancaiseimmobilier.com\/wp-content\/uploads\/2021\/10\/Valenca4-340x480.jpeg"},"layers-landscape-medium":{"file":"Valenca4-480x340.jpeg","width":480,"height":340,"mime-type":"image\/jpeg","url":"https:\/\/agencelusofrancaiseimmobilier.com\/wp-content\/uploads\/2021\/10\/Valenca4-480x340.jpeg"}},"image_meta":{"aperture":"1.8","credit":"","camera":"iPhone SE (2nd generation)","caption":"","created_timestamp":"1627319632","copyright":"","focal_length":"3.99","iso":"80","shutter_speed":"0.013157894736842","title":"","orientation":"1","keywords":[]},"original_image":"Valenca4.jpeg","ID":"4968","name":"Valenca4-scaled.jpeg","path":"\/home\/agenceluhr\/www\/wp-content\/uploads\/2021\/10\/Valenca4-scaled.jpeg","url":"https:\/\/agencelusofrancaiseimmobilier.com\/wp-content\/uploads\/2021\/10\/Valenca4-150x150.jpeg","full_url":"https:\/\/agencelusofrancaiseimmobilier.com\/wp-content\/uploads\/2021\/10\/Valenca4-scaled.jpeg","title":"cozinha","caption":"","description":"","alt":"Maison T3 Valen\u00e7a","srcset":"https:\/\/agencelusofrancaiseimmobilier.com\/wp-content\/uploads\/2021\/10\/Valenca4-150x150.jpeg 150w, https:\/\/agencelusofrancaiseimmobilier.com\/wp-content\/uploads\/2021\/10\/Valenca4-1000x1000.jpeg 1000w, https:\/\/agencelusofrancaiseimmobilier.com\/wp-content\/uploads\/2021\/10\/Valenca4-480x480.jpeg 480w"},{"width":150,"height":150,"file":"2021\/10\/valenca3-scaled.jpeg","sizes":{"medium":{"file":"valenca3-300x225.jpeg","width":300,"height":225,"mime-type":"image\/jpeg","url":"https:\/\/agencelusofrancaiseimmobilier.com\/wp-content\/uploads\/2021\/10\/valenca3-300x225.jpeg"},"large":{"file":"valenca3-1024x768.jpeg","width":1024,"height":768,"mime-type":"image\/jpeg","url":"https:\/\/agencelusofrancaiseimmobilier.com\/wp-content\/uploads\/2021\/10\/valenca3-1024x768.jpeg"},"thumbnail":{"file":"valenca3-150x150.jpeg","width":150,"height":150,"mime-type":"image\/jpeg","url":"https:\/\/agencelusofrancaiseimmobilier.com\/wp-content\/uploads\/2021\/10\/valenca3-150x150.jpeg"},"medium_large":{"file":"valenca3-768x576.jpeg","width":768,"height":576,"mime-type":"image\/jpeg","url":"https:\/\/agencelusofrancaiseimmobilier.com\/wp-content\/uploads\/2021\/10\/valenca3-768x576.jpeg"},"1536x1536":{"file":"valenca3-1536x1152.jpeg","width":1536,"height":1152,"mime-type":"image\/jpeg","url":"https:\/\/agencelusofrancaiseimmobilier.com\/wp-content\/uploads\/2021\/10\/valenca3-1536x1152.jpeg"},"2048x2048":{"file":"valenca3-2048x1536.jpeg","width":2048,"height":1536,"mime-type":"image\/jpeg","url":"https:\/\/agencelusofrancaiseimmobilier.com\/wp-content\/uploads\/2021\/10\/valenca3-2048x1536.jpeg"},"layers-square-large":{"file":"valenca3-1000x1000.jpeg","width":1000,"height":1000,"mime-type":"image\/jpeg","url":"https:\/\/agencelusofrancaiseimmobilier.com\/wp-content\/uploads\/2021\/10\/valenca3-1000x1000.jpeg"},"layers-portrait-large":{"file":"valenca3-720x1000.jpeg","width":720,"height":1000,"mime-type":"image\/jpeg","url":"https:\/\/agencelusofrancaiseimmobilier.com\/wp-content\/uploads\/2021\/10\/valenca3-720x1000.jpeg"},"layers-landscape-large":{"file":"valenca3-1000x720.jpeg","width":1000,"height":720,"mime-type":"image\/jpeg","url":"https:\/\/agencelusofrancaiseimmobilier.com\/wp-content\/uploads\/2021\/10\/valenca3-1000x720.jpeg"},"layers-square-medium":{"file":"valenca3-480x480.jpeg","width":480,"height":480,"mime-type":"image\/jpeg","url":"https:\/\/agencelusofrancaiseimmobilier.com\/wp-content\/uploads\/2021\/10\/valenca3-480x480.jpeg"},"layers-portrait-medium":{"file":"valenca3-340x480.jpeg","width":340,"height":480,"mime-type":"image\/jpeg","url":"https:\/\/agencelusofrancaiseimmobilier.com\/wp-content\/uploads\/2021\/10\/valenca3-340x480.jpeg"},"layers-landscape-medium":{"file":"valenca3-480x340.jpeg","width":480,"height":340,"mime-type":"image\/jpeg","url":"https:\/\/agencelusofrancaiseimmobilier.com\/wp-content\/uploads\/2021\/10\/valenca3-480x340.jpeg"}},"image_meta":{"aperture":"1.8","credit":"","camera":"iPhone SE (2nd generation)","caption":"","created_timestamp":"1627319483","copyright":"","focal_length":"3.99","iso":"200","shutter_speed":"0.016666666666667","title":"","orientation":"1","keywords":[]},"original_image":"valenca3.jpeg","ID":"4967","name":"valenca3-scaled.jpeg","path":"\/home\/agenceluhr\/www\/wp-content\/uploads\/2021\/10\/valenca3-scaled.jpeg","url":"https:\/\/agencelusofrancaiseimmobilier.com\/wp-content\/uploads\/2021\/10\/valenca3-150x150.jpeg","full_url":"https:\/\/agencelusofrancaiseimmobilier.com\/wp-content\/uploads\/2021\/10\/valenca3-scaled.jpeg","title":"ficar","caption":"","description":"","alt":"Maison T3 Valen\u00e7a","srcset":"https:\/\/agencelusofrancaiseimmobilier.com\/wp-content\/uploads\/2021\/10\/valenca3-150x150.jpeg 150w, https:\/\/agencelusofrancaiseimmobilier.com\/wp-content\/uploads\/2021\/10\/valenca3-1000x1000.jpeg 1000w, https:\/\/agencelusofrancaiseimmobilier.com\/wp-content\/uploads\/2021\/10\/valenca3-480x480.jpeg 480w"},{"width":150,"height":150,"file":"2021\/10\/valenca2-scaled.jpeg","sizes":{"medium":{"file":"valenca2-300x225.jpeg","width":300,"height":225,"mime-type":"image\/jpeg","url":"https:\/\/agencelusofrancaiseimmobilier.com\/wp-content\/uploads\/2021\/10\/valenca2-300x225.jpeg"},"large":{"file":"valenca2-1024x768.jpeg","width":1024,"height":768,"mime-type":"image\/jpeg","url":"https:\/\/agencelusofrancaiseimmobilier.com\/wp-content\/uploads\/2021\/10\/valenca2-1024x768.jpeg"},"thumbnail":{"file":"valenca2-150x150.jpeg","width":150,"height":150,"mime-type":"image\/jpeg","url":"https:\/\/agencelusofrancaiseimmobilier.com\/wp-content\/uploads\/2021\/10\/valenca2-150x150.jpeg"},"medium_large":{"file":"valenca2-768x576.jpeg","width":768,"height":576,"mime-type":"image\/jpeg","url":"https:\/\/agencelusofrancaiseimmobilier.com\/wp-content\/uploads\/2021\/10\/valenca2-768x576.jpeg"},"1536x1536":{"file":"valenca2-1536x1152.jpeg","width":1536,"height":1152,"mime-type":"image\/jpeg","url":"https:\/\/agencelusofrancaiseimmobilier.com\/wp-content\/uploads\/2021\/10\/valenca2-1536x1152.jpeg"},"2048x2048":{"file":"valenca2-2048x1536.jpeg","width":2048,"height":1536,"mime-type":"image\/jpeg","url":"https:\/\/agencelusofrancaiseimmobilier.com\/wp-content\/uploads\/2021\/10\/valenca2-2048x1536.jpeg"},"layers-square-large":{"file":"valenca2-1000x1000.jpeg","width":1000,"height":1000,"mime-type":"image\/jpeg","url":"https:\/\/agencelusofrancaiseimmobilier.com\/wp-content\/uploads\/2021\/10\/valenca2-1000x1000.jpeg"},"layers-portrait-large":{"file":"valenca2-720x1000.jpeg","width":720,"height":1000,"mime-type":"image\/jpeg","url":"https:\/\/agencelusofrancaiseimmobilier.com\/wp-content\/uploads\/2021\/10\/valenca2-720x1000.jpeg"},"layers-landscape-large":{"file":"valenca2-1000x720.jpeg","width":1000,"height":720,"mime-type":"image\/jpeg","url":"https:\/\/agencelusofrancaiseimmobilier.com\/wp-content\/uploads\/2021\/10\/valenca2-1000x720.jpeg"},"layers-square-medium":{"file":"valenca2-480x480.jpeg","width":480,"height":480,"mime-type":"image\/jpeg","url":"https:\/\/agencelusofrancaiseimmobilier.com\/wp-content\/uploads\/2021\/10\/valenca2-480x480.jpeg"},"layers-portrait-medium":{"file":"valenca2-340x480.jpeg","width":340,"height":480,"mime-type":"image\/jpeg","url":"https:\/\/agencelusofrancaiseimmobilier.com\/wp-content\/uploads\/2021\/10\/valenca2-340x480.jpeg"},"layers-landscape-medium":{"file":"valenca2-480x340.jpeg","width":480,"height":340,"mime-type":"image\/jpeg","url":"https:\/\/agencelusofrancaiseimmobilier.com\/wp-content\/uploads\/2021\/10\/valenca2-480x340.jpeg"}},"image_meta":{"aperture":"1.8","credit":"","camera":"iPhone SE (2nd generation)","caption":"","created_timestamp":"1627319488","copyright":"","focal_length":"3.99","iso":"200","shutter_speed":"0.016666666666667","title":"","orientation":"1","keywords":[]},"original_image":"valenca2.jpeg","ID":"4966","name":"valenca2-scaled.jpeg","path":"\/home\/agenceluhr\/www\/wp-content\/uploads\/2021\/10\/valenca2-scaled.jpeg","url":"https:\/\/agencelusofrancaiseimmobilier.com\/wp-content\/uploads\/2021\/10\/valenca2-150x150.jpeg","full_url":"https:\/\/agencelusofrancaiseimmobilier.com\/wp-content\/uploads\/2021\/10\/valenca2-scaled.jpeg","title":"espa\u00e7o de vida","caption":"","description":"","alt":"Maison T3 Valen\u00e7a","srcset":"https:\/\/agencelusofrancaiseimmobilier.com\/wp-content\/uploads\/2021\/10\/valenca2-150x150.jpeg 150w, https:\/\/agencelusofrancaiseimmobilier.com\/wp-content\/uploads\/2021\/10\/valenca2-1000x1000.jpeg 1000w, https:\/\/agencelusofrancaiseimmobilier.com\/wp-content\/uploads\/2021\/10\/valenca2-480x480.jpeg 480w"},{"width":150,"height":150,"file":"2021\/10\/Valenca1-scaled.jpeg","sizes":{"medium":{"file":"Valenca1-300x225.jpeg","width":300,"height":225,"mime-type":"image\/jpeg","url":"https:\/\/agencelusofrancaiseimmobilier.com\/wp-content\/uploads\/2021\/10\/Valenca1-300x225.jpeg"},"large":{"file":"Valenca1-1024x768.jpeg","width":1024,"height":768,"mime-type":"image\/jpeg","url":"https:\/\/agencelusofrancaiseimmobilier.com\/wp-content\/uploads\/2021\/10\/Valenca1-1024x768.jpeg"},"thumbnail":{"file":"Valenca1-150x150.jpeg","width":150,"height":150,"mime-type":"image\/jpeg","url":"https:\/\/agencelusofrancaiseimmobilier.com\/wp-content\/uploads\/2021\/10\/Valenca1-150x150.jpeg"},"medium_large":{"file":"Valenca1-768x576.jpeg","width":768,"height":576,"mime-type":"image\/jpeg","url":"https:\/\/agencelusofrancaiseimmobilier.com\/wp-content\/uploads\/2021\/10\/Valenca1-768x576.jpeg"},"1536x1536":{"file":"Valenca1-1536x1152.jpeg","width":1536,"height":1152,"mime-type":"image\/jpeg","url":"https:\/\/agencelusofrancaiseimmobilier.com\/wp-content\/uploads\/2021\/10\/Valenca1-1536x1152.jpeg"},"2048x2048":{"file":"Valenca1-2048x1536.jpeg","width":2048,"height":1536,"mime-type":"image\/jpeg","url":"https:\/\/agencelusofrancaiseimmobilier.com\/wp-content\/uploads\/2021\/10\/Valenca1-2048x1536.jpeg"},"layers-square-large":{"file":"Valenca1-1000x1000.jpeg","width":1000,"height":1000,"mime-type":"image\/jpeg","url":"https:\/\/agencelusofrancaiseimmobilier.com\/wp-content\/uploads\/2021\/10\/Valenca1-1000x1000.jpeg"},"layers-portrait-large":{"file":"Valenca1-720x1000.jpeg","width":720,"height":1000,"mime-type":"image\/jpeg","url":"https:\/\/agencelusofrancaiseimmobilier.com\/wp-content\/uploads\/2021\/10\/Valenca1-720x1000.jpeg"},"layers-landscape-large":{"file":"Valenca1-1000x720.jpeg","width":1000,"height":720,"mime-type":"image\/jpeg","url":"https:\/\/agencelusofrancaiseimmobilier.com\/wp-content\/uploads\/2021\/10\/Valenca1-1000x720.jpeg"},"layers-square-medium":{"file":"Valenca1-480x480.jpeg","width":480,"height":480,"mime-type":"image\/jpeg","url":"https:\/\/agencelusofrancaiseimmobilier.com\/wp-content\/uploads\/2021\/10\/Valenca1-480x480.jpeg"},"layers-portrait-medium":{"file":"Valenca1-340x480.jpeg","width":340,"height":480,"mime-type":"image\/jpeg","url":"https:\/\/agencelusofrancaiseimmobilier.com\/wp-content\/uploads\/2021\/10\/Valenca1-340x480.jpeg"},"layers-landscape-medium":{"file":"Valenca1-480x340.jpeg","width":480,"height":340,"mime-type":"image\/jpeg","url":"https:\/\/agencelusofrancaiseimmobilier.com\/wp-content\/uploads\/2021\/10\/Valenca1-480x340.jpeg"}},"image_meta":{"aperture":"1.8","credit":"","camera":"iPhone SE (2nd generation)","caption":"","created_timestamp":"1627319508","copyright":"","focal_length":"3.99","iso":"200","shutter_speed":"0.016666666666667","title":"","orientation":"1","keywords":[]},"original_image":"Valenca1.jpeg","ID":"4965","name":"Valenca1-scaled.jpeg","path":"\/home\/agenceluhr\/www\/wp-content\/uploads\/2021\/10\/Valenca1-scaled.jpeg","url":"https:\/\/agencelusofrancaiseimmobilier.com\/wp-content\/uploads\/2021\/10\/Valenca1-150x150.jpeg","full_url":"https:\/\/agencelusofrancaiseimmobilier.com\/wp-content\/uploads\/2021\/10\/Valenca1-scaled.jpeg","title":"espa\u00e7o de vida","caption":"","description":"","alt":"Maison T3 Valen\u00e7a","srcset":"https:\/\/agencelusofrancaiseimmobilier.com\/wp-content\/uploads\/2021\/10\/Valenca1-150x150.jpeg 150w, https:\/\/agencelusofrancaiseimmobilier.com\/wp-content\/uploads\/2021\/10\/Valenca1-1000x1000.jpeg 1000w, https:\/\/agencelusofrancaiseimmobilier.com\/wp-content\/uploads\/2021\/10\/Valenca1-480x480.jpeg 480w"},{"width":150,"height":150,"file":"2021\/10\/Valanca6-scaled.jpeg","sizes":{"medium":{"file":"Valanca6-300x225.jpeg","width":300,"height":225,"mime-type":"image\/jpeg","url":"https:\/\/agencelusofrancaiseimmobilier.com\/wp-content\/uploads\/2021\/10\/Valanca6-300x225.jpeg"},"large":{"file":"Valanca6-1024x768.jpeg","width":1024,"height":768,"mime-type":"image\/jpeg","url":"https:\/\/agencelusofrancaiseimmobilier.com\/wp-content\/uploads\/2021\/10\/Valanca6-1024x768.jpeg"},"thumbnail":{"file":"Valanca6-150x150.jpeg","width":150,"height":150,"mime-type":"image\/jpeg","url":"https:\/\/agencelusofrancaiseimmobilier.com\/wp-content\/uploads\/2021\/10\/Valanca6-150x150.jpeg"},"medium_large":{"file":"Valanca6-768x576.jpeg","width":768,"height":576,"mime-type":"image\/jpeg","url":"https:\/\/agencelusofrancaiseimmobilier.com\/wp-content\/uploads\/2021\/10\/Valanca6-768x576.jpeg"},"1536x1536":{"file":"Valanca6-1536x1152.jpeg","width":1536,"height":1152,"mime-type":"image\/jpeg","url":"https:\/\/agencelusofrancaiseimmobilier.com\/wp-content\/uploads\/2021\/10\/Valanca6-1536x1152.jpeg"},"2048x2048":{"file":"Valanca6-2048x1536.jpeg","width":2048,"height":1536,"mime-type":"image\/jpeg","url":"https:\/\/agencelusofrancaiseimmobilier.com\/wp-content\/uploads\/2021\/10\/Valanca6-2048x1536.jpeg"},"layers-square-large":{"file":"Valanca6-1000x1000.jpeg","width":1000,"height":1000,"mime-type":"image\/jpeg","url":"https:\/\/agencelusofrancaiseimmobilier.com\/wp-content\/uploads\/2021\/10\/Valanca6-1000x1000.jpeg"},"layers-portrait-large":{"file":"Valanca6-720x1000.jpeg","width":720,"height":1000,"mime-type":"image\/jpeg","url":"https:\/\/agencelusofrancaiseimmobilier.com\/wp-content\/uploads\/2021\/10\/Valanca6-720x1000.jpeg"},"layers-landscape-large":{"file":"Valanca6-1000x720.jpeg","width":1000,"height":720,"mime-type":"image\/jpeg","url":"https:\/\/agencelusofrancaiseimmobilier.com\/wp-content\/uploads\/2021\/10\/Valanca6-1000x720.jpeg"},"layers-square-medium":{"file":"Valanca6-480x480.jpeg","width":480,"height":480,"mime-type":"image\/jpeg","url":"https:\/\/agencelusofrancaiseimmobilier.com\/wp-content\/uploads\/2021\/10\/Valanca6-480x480.jpeg"},"layers-portrait-medium":{"file":"Valanca6-340x480.jpeg","width":340,"height":480,"mime-type":"image\/jpeg","url":"https:\/\/agencelusofrancaiseimmobilier.com\/wp-content\/uploads\/2021\/10\/Valanca6-340x480.jpeg"},"layers-landscape-medium":{"file":"Valanca6-480x340.jpeg","width":480,"height":340,"mime-type":"image\/jpeg","url":"https:\/\/agencelusofrancaiseimmobilier.com\/wp-content\/uploads\/2021\/10\/Valanca6-480x340.jpeg"}},"image_meta":{"aperture":"1.8","credit":"","camera":"iPhone SE (2nd generation)","caption":"","created_timestamp":"1627319809","copyright":"","focal_length":"3.99","iso":"50","shutter_speed":"0.0082644628099174","title":"","orientation":"1","keywords":[]},"original_image":"Valanca6.jpeg","ID":"4964","name":"Valanca6-scaled.jpeg","path":"\/home\/agenceluhr\/www\/wp-content\/uploads\/2021\/10\/Valanca6-scaled.jpeg","url":"https:\/\/agencelusofrancaiseimmobilier.com\/wp-content\/uploads\/2021\/10\/Valanca6-150x150.jpeg","full_url":"https:\/\/agencelusofrancaiseimmobilier.com\/wp-content\/uploads\/2021\/10\/Valanca6-scaled.jpeg","title":"Sala 1","caption":"","description":"","alt":"Maison T3 Valen\u00e7a","srcset":"https:\/\/agencelusofrancaiseimmobilier.com\/wp-content\/uploads\/2021\/10\/Valanca6-150x150.jpeg 150w, https:\/\/agencelusofrancaiseimmobilier.com\/wp-content\/uploads\/2021\/10\/Valanca6-1000x1000.jpeg 1000w, https:\/\/agencelusofrancaiseimmobilier.com\/wp-content\/uploads\/2021\/10\/Valanca6-480x480.jpeg 480w"}],"REAL_HOMES_change_gallery_slider_type":"1","REAL_HOMES_gallery_slider_type":"masonry-style","inspiry_floor_plans":[],"inspiry_video_group":[],"REAL_HOMES_360_virtual_tour":"","REAL_HOMES_agent_display_option":"agent_info","REAL_HOMES_agents":["13000"],"REAL_HOMES_energy_class":"C","REAL_HOMES_energy_performance":"","REAL_HOMES_epc_current_rating":"","REAL_HOMES_epc_potential_rating":"","ere_property_schedule_tour":"","ere_property_schedule_time_slots":"","ere_property_schedule_description":"","REAL_HOMES_sticky":"0","inspiry_property_label":"","inspiry_property_label_color":"","inspiry_property_tax":"0","inspiry_additional_fee":"0","REAL_HOMES_attachments":[],"inspiry_property_owner_name":"","inspiry_property_owner_contact":"","inspiry_property_owner_address":"","REAL_HOMES_property_private_note":"","inspiry_message_to_reviewer":"","REAL_HOMES_add_in_slider":"no","REAL_HOMES_slider_image":[{"width":150,"height":150,"file":"2021\/11\/IMG_4653-scaled.jpg","sizes":{"medium":{"file":"IMG_4653-300x225.jpg","width":300,"height":225,"mime-type":"image\/jpeg","url":"https:\/\/agencelusofrancaiseimmobilier.com\/wp-content\/uploads\/2021\/11\/IMG_4653-300x225.jpg"},"large":{"file":"IMG_4653-1024x768.jpg","width":1024,"height":768,"mime-type":"image\/jpeg","url":"https:\/\/agencelusofrancaiseimmobilier.com\/wp-content\/uploads\/2021\/11\/IMG_4653-1024x768.jpg"},"thumbnail":{"file":"IMG_4653-150x150.jpg","width":150,"height":150,"mime-type":"image\/jpeg","url":"https:\/\/agencelusofrancaiseimmobilier.com\/wp-content\/uploads\/2021\/11\/IMG_4653-150x150.jpg"},"medium_large":{"file":"IMG_4653-768x576.jpg","width":768,"height":576,"mime-type":"image\/jpeg","url":"https:\/\/agencelusofrancaiseimmobilier.com\/wp-content\/uploads\/2021\/11\/IMG_4653-768x576.jpg"},"1536x1536":{"file":"IMG_4653-1536x1152.jpg","width":1536,"height":1152,"mime-type":"image\/jpeg","url":"https:\/\/agencelusofrancaiseimmobilier.com\/wp-content\/uploads\/2021\/11\/IMG_4653-1536x1152.jpg"},"2048x2048":{"file":"IMG_4653-2048x1536.jpg","width":2048,"height":1536,"mime-type":"image\/jpeg","url":"https:\/\/agencelusofrancaiseimmobilier.com\/wp-content\/uploads\/2021\/11\/IMG_4653-2048x1536.jpg"},"layers-square-large":{"file":"IMG_4653-1000x1000.jpg","width":1000,"height":1000,"mime-type":"image\/jpeg","url":"https:\/\/agencelusofrancaiseimmobilier.com\/wp-content\/uploads\/2021\/11\/IMG_4653-1000x1000.jpg"},"layers-portrait-large":{"file":"IMG_4653-720x1000.jpg","width":720,"height":1000,"mime-type":"image\/jpeg","url":"https:\/\/agencelusofrancaiseimmobilier.com\/wp-content\/uploads\/2021\/11\/IMG_4653-720x1000.jpg"},"layers-landscape-large":{"file":"IMG_4653-1000x720.jpg","width":1000,"height":720,"mime-type":"image\/jpeg","url":"https:\/\/agencelusofrancaiseimmobilier.com\/wp-content\/uploads\/2021\/11\/IMG_4653-1000x720.jpg"},"layers-square-medium":{"file":"IMG_4653-480x480.jpg","width":480,"height":480,"mime-type":"image\/jpeg","url":"https:\/\/agencelusofrancaiseimmobilier.com\/wp-content\/uploads\/2021\/11\/IMG_4653-480x480.jpg"},"layers-portrait-medium":{"file":"IMG_4653-340x480.jpg","width":340,"height":480,"mime-type":"image\/jpeg","url":"https:\/\/agencelusofrancaiseimmobilier.com\/wp-content\/uploads\/2021\/11\/IMG_4653-340x480.jpg"},"layers-landscape-medium":{"file":"IMG_4653-480x340.jpg","width":480,"height":340,"mime-type":"image\/jpeg","url":"https:\/\/agencelusofrancaiseimmobilier.com\/wp-content\/uploads\/2021\/11\/IMG_4653-480x340.jpg"},"elementor_custom_350x266":{"file":"elementor\/thumbs\/IMG_4653-scaled-pgjodr5sceiiolvt1k7yvsfoo733671el6kuc2ks84.jpg","width":350,"height":266,"mime-type":"image\/jpeg","url":"https:\/\/agencelusofrancaiseimmobilier.com\/wp-content\/uploads\/2021\/11\/elementor\/thumbs\/IMG_4653-scaled-pgjodr5sceiiolvt1k7yvsfoo733671el6kuc2ks84.jpg"}},"image_meta":{"aperture":"1.8","credit":"","camera":"iPhone X","caption":"","created_timestamp":"1637752235","copyright":"","focal_length":"4","iso":"20","shutter_speed":"0.0007710100231303","title":"","orientation":"1","keywords":[]},"original_image":"IMG_4653.jpg","ID":"5062","name":"IMG_4653-scaled.jpg","path":"\/home\/agenceluhr\/www\/wp-content\/uploads\/2021\/11\/IMG_4653-scaled.jpg","url":"https:\/\/agencelusofrancaiseimmobilier.com\/wp-content\/uploads\/2021\/11\/IMG_4653-150x150.jpg","full_url":"https:\/\/agencelusofrancaiseimmobilier.com\/wp-content\/uploads\/2021\/11\/IMG_4653-scaled.jpg","title":"maison T3 a Valen\u00e7a","caption":"","description":"","alt":"Maison T3 Valen\u00e7a","srcset":"https:\/\/agencelusofrancaiseimmobilier.com\/wp-content\/uploads\/2021\/11\/IMG_4653-150x150.jpg 150w, https:\/\/agencelusofrancaiseimmobilier.com\/wp-content\/uploads\/2021\/11\/IMG_4653-1000x1000.jpg 1000w, https:\/\/agencelusofrancaiseimmobilier.com\/wp-content\/uploads\/2021\/11\/IMG_4653-480x480.jpg 480w"}],"REAL_HOMES_page_banner_image":[{"width":150,"height":150,"file":"2021\/10\/valenca13-scaled.jpeg","sizes":{"medium":{"file":"valenca13-300x225.jpeg","width":300,"height":225,"mime-type":"image\/jpeg","url":"https:\/\/agencelusofrancaiseimmobilier.com\/wp-content\/uploads\/2021\/10\/valenca13-300x225.jpeg"},"large":{"file":"valenca13-1024x768.jpeg","width":1024,"height":768,"mime-type":"image\/jpeg","url":"https:\/\/agencelusofrancaiseimmobilier.com\/wp-content\/uploads\/2021\/10\/valenca13-1024x768.jpeg"},"thumbnail":{"file":"valenca13-150x150.jpeg","width":150,"height":150,"mime-type":"image\/jpeg","url":"https:\/\/agencelusofrancaiseimmobilier.com\/wp-content\/uploads\/2021\/10\/valenca13-150x150.jpeg"},"medium_large":{"file":"valenca13-768x576.jpeg","width":768,"height":576,"mime-type":"image\/jpeg","url":"https:\/\/agencelusofrancaiseimmobilier.com\/wp-content\/uploads\/2021\/10\/valenca13-768x576.jpeg"},"1536x1536":{"file":"valenca13-1536x1152.jpeg","width":1536,"height":1152,"mime-type":"image\/jpeg","url":"https:\/\/agencelusofrancaiseimmobilier.com\/wp-content\/uploads\/2021\/10\/valenca13-1536x1152.jpeg"},"2048x2048":{"file":"valenca13-2048x1536.jpeg","width":2048,"height":1536,"mime-type":"image\/jpeg","url":"https:\/\/agencelusofrancaiseimmobilier.com\/wp-content\/uploads\/2021\/10\/valenca13-2048x1536.jpeg"},"layers-square-large":{"file":"valenca13-1000x1000.jpeg","width":1000,"height":1000,"mime-type":"image\/jpeg","url":"https:\/\/agencelusofrancaiseimmobilier.com\/wp-content\/uploads\/2021\/10\/valenca13-1000x1000.jpeg"},"layers-portrait-large":{"file":"valenca13-720x1000.jpeg","width":720,"height":1000,"mime-type":"image\/jpeg","url":"https:\/\/agencelusofrancaiseimmobilier.com\/wp-content\/uploads\/2021\/10\/valenca13-720x1000.jpeg"},"layers-landscape-large":{"file":"valenca13-1000x720.jpeg","width":1000,"height":720,"mime-type":"image\/jpeg","url":"https:\/\/agencelusofrancaiseimmobilier.com\/wp-content\/uploads\/2021\/10\/valenca13-1000x720.jpeg"},"layers-square-medium":{"file":"valenca13-480x480.jpeg","width":480,"height":480,"mime-type":"image\/jpeg","url":"https:\/\/agencelusofrancaiseimmobilier.com\/wp-content\/uploads\/2021\/10\/valenca13-480x480.jpeg"},"layers-portrait-medium":{"file":"valenca13-340x480.jpeg","width":340,"height":480,"mime-type":"image\/jpeg","url":"https:\/\/agencelusofrancaiseimmobilier.com\/wp-content\/uploads\/2021\/10\/valenca13-340x480.jpeg"},"layers-landscape-medium":{"file":"valenca13-480x340.jpeg","width":480,"height":340,"mime-type":"image\/jpeg","url":"https:\/\/agencelusofrancaiseimmobilier.com\/wp-content\/uploads\/2021\/10\/valenca13-480x340.jpeg"}},"image_meta":{"aperture":"1.8","credit":"","camera":"iPhone SE (2nd generation)","caption":"","created_timestamp":"1627320101","copyright":"","focal_length":"3.99","iso":"20","shutter_speed":"0.000625","title":"","orientation":"1","keywords":[]},"original_image":"valenca13.jpeg","ID":"4974","name":"valenca13-scaled.jpeg","path":"\/home\/agenceluhr\/www\/wp-content\/uploads\/2021\/10\/valenca13-scaled.jpeg","url":"https:\/\/agencelusofrancaiseimmobilier.com\/wp-content\/uploads\/2021\/10\/valenca13-150x150.jpeg","full_url":"https:\/\/agencelusofrancaiseimmobilier.com\/wp-content\/uploads\/2021\/10\/valenca13-scaled.jpeg","title":"terra\u00e7o","caption":"","description":"","alt":"maison T3 a Valen\u00e7a","srcset":"https:\/\/agencelusofrancaiseimmobilier.com\/wp-content\/uploads\/2021\/10\/valenca13-150x150.jpeg 150w, https:\/\/agencelusofrancaiseimmobilier.com\/wp-content\/uploads\/2021\/10\/valenca13-1000x1000.jpeg 1000w, https:\/\/agencelusofrancaiseimmobilier.com\/wp-content\/uploads\/2021\/10\/valenca13-480x480.jpeg 480w"}],"inspiry_chauffage_":"Electrique","inspiry_cuisine_\u00e9quip\u00e9":"Oui","inspiry_climatisation":"","inspiry_domotique":"","REAL_HOMES_custom_header_display":"default","REAL_HOMES_custom_header_position":"relative","REAL_HOMES_custom_footer_display":"default","REAL_HOMES_hide_advance_search":"0","REAL_HOMES_custom_search_form":"default","REAL_HOMES_search_form_margin_top":"","REAL_HOMES_search_form_margin_bottom":""},"_links":{"self":[{"href":"https:\/\/agencelusofrancaiseimmobilier.com\/pt\/wp-json\/wp\/v2\/properties\/5200","targetHints":{"allow":["GET"]}}],"collection":[{"href":"https:\/\/agencelusofrancaiseimmobilier.com\/pt\/wp-json\/wp\/v2\/properties"}],"about":[{"href":"https:\/\/agencelusofrancaiseimmobilier.com\/pt\/wp-json\/wp\/v2\/types\/property"}],"author":[{"embeddable":true,"href":"https:\/\/agencelusofrancaiseimmobilier.com\/pt\/wp-json\/wp\/v2\/users\/1"}],"replies":[{"embeddable":true,"href":"https:\/\/agencelusofrancaiseimmobilier.com\/pt\/wp-json\/wp\/v2\/comments?post=5200"}],"version-history":[{"count":0,"href":"https:\/\/agencelusofrancaiseimmobilier.com\/pt\/wp-json\/wp\/v2\/properties\/5200\/revisions"}],"wp:featuredmedia":[{"embeddable":true,"href":"https:\/\/agencelusofrancaiseimmobilier.com\/pt\/wp-json\/wp\/v2\/media\/5062"}],"wp:attachment":[{"href":"https:\/\/agencelusofrancaiseimmobilier.com\/pt\/wp-json\/wp\/v2\/media?parent=5200"}],"wp:term":[{"taxonomy":"property-feature","embeddable":true,"href":"https:\/\/agencelusofrancaiseimmobilier.com\/pt\/wp-json\/wp\/v2\/property-features?post=5200"},{"taxonomy":"property-type","embeddable":true,"href":"https:\/\/agencelusofrancaiseimmobilier.com\/pt\/wp-json\/wp\/v2\/property-types?post=5200"},{"taxonomy":"property-city","embeddable":true,"href":"https:\/\/agencelusofrancaiseimmobilier.com\/pt\/wp-json\/wp\/v2\/property-cities?post=5200"},{"taxonomy":"property-status","embeddable":true,"href":"https:\/\/agencelusofrancaiseimmobilier.com\/pt\/wp-json\/wp\/v2\/property-statuses?post=5200"}],"curies":[{"name":"wp","href":"https:\/\/api.w.org\/{rel}","templated":true}]}}